{"id":3382,"date":"2017-09-03T18:12:30","date_gmt":"2017-09-03T18:12:30","guid":{"rendered":"https:\/\/www.lopezgil.com\/therapie-au-laser-barcelona\/spider-veins\/"},"modified":"2019-12-08T20:21:42","modified_gmt":"2019-12-08T20:21:42","slug":"varicosites","status":"publish","type":"page","link":"https:\/\/www.lopezgil.com\/fr\/therapie-au-laser-barcelona\/varicosites\/","title":{"rendered":"Varicosit\u00e9s"},"content":{"rendered":"<div id=\"fb-root\"><\/div>\n<p style=\"text-align: justify;\">[vc_row][vc_column][vc_row_inner][vc_column_inner]<script type=\"text\/javascript\">jQuery(function() { _initLayerSlider( '#layerslider_76_p72tmqe5op3z', {sliderVersion: '', responsiveUnder: 0, layersContainer: 0, hideUnder: 0, hideOver: 100000, pauseOnHover: 1, skin: 'v5', sliderFadeInDuration: 350, useSrcset: true, skinsPath: 'https:\/\/www.lopezgil.com\/wp-content\/plugins\/LayerSlider\/assets\/static\/layerslider\/skins\/', type: 'responsive', showCircleTimer: false, performanceMode: true}); });<\/script><div id=\"layerslider_76_p72tmqe5op3z\" class=\"ls-wp-container fitvidsignore\" style=\"width:600px;height:200px;margin:0 auto;margin-bottom: 0px;\"><div class=\"ls-slide\" data-ls=\"duration:4000;\"><img loading=\"lazy\" decoding=\"async\" width=\"600\" height=\"200\" src=\"https:\/\/www.lopezgil.com\/wp-content\/uploads\/drlopezgil-dermatologia-barcelona-600x200-aran\u0303as-vasculares-laserterapia.jpg\" class=\"ls-bg\" alt=\"dermatologia-barcelona-600x200-aran\u0303as-vasculares-laserterapia-laser\" srcset=\"https:\/\/www.lopezgil.com\/wp-content\/uploads\/drlopezgil-dermatologia-barcelona-600x200-aran\u0303as-vasculares-laserterapia.jpg 600w, https:\/\/www.lopezgil.com\/wp-content\/uploads\/drlopezgil-dermatologia-barcelona-600x200-aran\u0303as-vasculares-laserterapia-300x100.jpg 300w\" sizes=\"auto, (max-width: 600px) 100vw, 600px\" \/><\/div><\/div>[\/vc_column_inner][\/vc_row_inner][\/vc_column][\/vc_row][vc_row][vc_column width=&#8221;3\/4&#8243; css=&#8221;.vc_custom_1473066092346{margin-top: 0px !important;}&#8221;][vc_column_text css=&#8221;.vc_custom_1473066053815{margin-top: 0px !important;}&#8221;]\n<h2 style=\"text-align: justify;\"><span style=\"color: #75c9d3;\"><strong><strong><strong>Qu&#8217;est que c&#8217;est?<\/strong><\/strong><\/strong><\/span><\/h2>\n<p style=\"text-align: justify;\">Les varicosit\u00e9s ou t\u00e9langiectasies ne sont pas un probl\u00e8me de sant\u00e9, mais peuvent causer des sensations d\u00e9sagr\u00e9ables et des probl\u00e8mes esth\u00e9tiques. Ils sont caract\u00e9ris\u00e9s par la dilatation des vaisseaux sanguins de surface que sont situ\u00e9s imm\u00e9diatement sous la peau. Habituellement, ils se produisent dans les jambes en raison de la pression du poids corporel, mais peuvent \u00e9galement se produire sur le visage et le cou et d&#8217;autres parties du corps.<\/p>\n<h2 style=\"text-align: justify;\"><span style=\"color: #75c9d3;\"><strong>Qui est concern\u00e9?<\/strong><\/span><\/h2>\n<p style=\"text-align: justify;\">Principalement des femmes (30-40%) sont plus susceptibles de souffrir de probl\u00e8mes vasculaires que les hommes (5-15%).<\/p>\n<h2 style=\"text-align: justify;\"><span style=\"color: #75c9d3;\"><strong>Causes<\/strong><\/span><\/h2>\n<p style=\"text-align: justify;\"><u>membres inf\u00e9rieurs:<\/u><\/p>\n<p style=\"text-align: justify;\">Lorsqu\u2019il y a une insuffisance valvulaire \u00e0 niveau des membres inf\u00e9rieurs, il y a une augmentation de la pression locale, provoquant la dilatation des capillaires, qui soient charg\u00e9s avec plus de sang et qu&#8217;ils peuvent \u00eatre vus \u00e0 travers la peau.<\/p>\n<p style=\"text-align: justify;\">Les causes principales sont les suivantes:<\/p>\n<ul style=\"text-align: justify;\">\n<li>H\u00e9r\u00e9dit\u00e9<\/li>\n<li>Embonpoint<\/li>\n<li>Le pas du temps<\/li>\n<li>Mode de vie s\u00e9dentaire<\/li>\n<li>L&#8217;exposition au soleil<\/li>\n<li>Les changements hormonaux (grossesse, m\u00e9nopause, pubert\u00e9)<\/li>\n<li>Contraceptifs oraux<\/li>\n<\/ul>\n<p style=\"text-align: justify;\"><u>VISAGE<\/u><\/p>\n<p style=\"text-align: justify;\">Les causes principales sont les suivantes:<\/p>\n<ul style=\"text-align: justify;\">\n<li>Les types de peau (blanches)<\/li>\n<li>Grossesse<\/li>\n<li>L&#8217;exposition au soleil<\/li>\n<\/ul>\n<h2 style=\"text-align: justify;\"><span style=\"color: #75c9d3;\"><strong>Traitement<\/strong><\/span><\/h2>\n<p style=\"text-align: justify;\"><u>En quoi consiste?<\/u><\/p>\n<p style=\"text-align: justify;\">Pour traiter des varicosit\u00e9s il y a deux principaux types de traitements: la scl\u00e9roth\u00e9rapie et la th\u00e9rapie au laser.<\/p>\n<p style=\"text-align: justify;\">En fonction du diam\u00e8tre on utilisera un des traitements ou l&#8217;autre.<\/p>\n<ul style=\"text-align: justify;\">\n<li><em> Diam\u00e8tre &lt;5 mm:<\/em><\/li>\n<\/ul>\n<p style=\"text-align: justify;\">Pour son efficacit\u00e9 et de s\u00e9curit\u00e9, nous vous recommandons d\u2019utiliser des lasers vasculaires. Ceux-ci \u00e9mettent une \u00e9nergie lumineuse qui est absorb\u00e9e par l&#8217;h\u00e9moglobine et une fois absorb\u00e9e, la paroi du capillaire est ferm\u00e9e par effet thermique.<\/p>\n<p style=\"text-align: justify;\">Selon le diam\u00e8tre et la profondeur des vaisseaux, nous utilisons diff\u00e9rents types de lasers:<\/p>\n<ul style=\"text-align: justify;\">\n<li><em>Laser KTP<\/em>: les varicosit\u00e9s de surface de moins de 1 millim\u00e8tre de diam\u00e8tre.<\/li>\n<li><em>Laser Nd<\/em>: YAG: tr\u00e8s utile pour le traitement des varices jusqu&#8217;\u00e0 4mm de diam\u00e8tre et plus profondes.<\/li>\n<li><em> Diam\u00e8tre &lt;5 mm:<\/em><\/li>\n<\/ul>\n<p style=\"text-align: justify;\">Dans ces cas, nous vous recommandons d&#8217;utiliser scl\u00e9roth\u00e9rapie ou des lasers intravasculaires ou la chirurgie.<\/p>\n<p style=\"text-align: justify;\"><u>C&#8217;est douloureux?<\/u><\/p>\n<p style=\"text-align: justify;\">Les lasers ayant une t\u00eate refroidie minimisent l&#8217;inconfort au minimum possible.<\/p>\n<p style=\"text-align: justify;\"><u>Combien de s\u00e9ances sont n\u00e9cessaires?<\/u><\/p>\n<p style=\"text-align: justify;\">Dans le cas des varicosit\u00e9s des membres inf\u00e9rieurs ils sont n\u00e9cessaires au minimum trois s\u00e9ances espac\u00e9es toutes les 4-6 semaines et pour le visage il faut une s\u00e9ance, deux au maximum.<\/p>\n<p style=\"text-align: justify;\"><u>Depuis combien de temps est le traitement?<\/u><\/p>\n<p style=\"text-align: justify;\">Les traitements actuels ont un taux tr\u00e8s \u00e9lev\u00e9 de succ\u00e8s, bien que d&#8217;autres peuvent survenir. Pour \u00e9viter son apparition nous recommandons de prendre une vie saine ainsi que l&#8217;utilisation de bas de compression chez les personnes sujettes \u00e0 les avoir.<\/p>\n<h2 style=\"text-align: justify;\"><span style=\"color: #75c9d3;\"><strong>Conseils avant le traitement<\/strong><\/span><\/h2>\n<ul style=\"text-align: justify;\">\n<li>Doit effectuer une analyse Eco \u2013 Doppler pour d\u00e9terminer l&#8217;\u00e9tat de l&#8217;arbre vasculaire des membres inf\u00e9rieurs.<\/li>\n<li>S&#8217;il y a une insuffisance l\u00e9g\u00e8re \u00e0 mod\u00e9r\u00e9e dans les extr\u00e9mit\u00e9s faire deux s\u00e9ances d&#8217;acupression avant d&#8217;effectuer la premi\u00e8re session laser.<\/li>\n<\/ul>\n<h2 style=\"text-align: justify;\"><span style=\"color: #75c9d3;\"><strong>Conseils post-traitement<\/strong><\/span><\/h2>\n<ul>\n<li style=\"text-align: justify;\">Utiliser des bas de compression mod\u00e9r\u00e9e.<\/li>\n<li style=\"text-align: justify;\">Maintenir un mode de vie sain.<\/li>\n<li style=\"text-align: justify;\">Effectuer de l&#8217;activit\u00e9 physique.<\/li>\n<li style=\"text-align: justify;\">Ne vous exposez pas au soleil.<\/li>\n<li style=\"text-align: justify;\">S&#8217;il n&#8217;y a pas de probl\u00e8mes majeurs de la veine, on recommande deux sessions de l&#8217;acupressure.<\/li>\n<\/ul>\n","protected":false},"excerpt":{"rendered":"<p>[vc_row][vc_column][vc_row_inner][vc_column_inner][\/vc_column_inner][\/vc_row_inner][\/vc_column][\/vc_row][vc_row][vc_column width=&#8221;3\/4&#8243; css=&#8221;.vc_custom_1473066092346{margin-top: 0px !important;}&#8221;][vc_column_text css=&#8221;.vc_custom_1473066053815{margin-top: 0px !important;}&#8221;] Qu&#8217;est que c&#8217;est? Les varicosit\u00e9s ou t\u00e9langiectasies ne sont pas un probl\u00e8me de sant\u00e9, mais peuvent causer des sensations d\u00e9sagr\u00e9ables et des probl\u00e8mes esth\u00e9tiques. Ils sont caract\u00e9ris\u00e9s par la dilatation des vaisseaux sanguins de surface que sont situ\u00e9s imm\u00e9diatement sous la peau. Habituellement, ils se produisent dans [&hellip;]<\/p>\n","protected":false},"author":5,"featured_media":0,"parent":3368,"menu_order":0,"comment_status":"closed","ping_status":"closed","template":"soulmedic\/tpl-feature.php","meta":{"footnotes":""},"class_list":["post-3382","page","type-page","status-publish","hentry"],"yoast_head":"<!-- This site is optimized with the Yoast SEO plugin v19.12 - https:\/\/yoast.com\/wordpress\/plugins\/seo\/ -->\n<title>Varicosit\u00e9s | Dr. Lopez Gil | Cl\u00ednica Teknon Barcelona<\/title>\n<meta name=\"description\" content=\"Sp\u00e9cialiste clinique dans le traitement pour \u00e9liminer les varices et les varicosit\u00e9s sans chirurgie avec la technologie laser la plus avanc\u00e9e.\" \/>\n<meta name=\"robots\" content=\"index, follow, max-snippet:-1, max-image-preview:large, max-video-preview:-1\" \/>\n<link rel=\"canonical\" href=\"https:\/\/www.lopezgil.com\/fr\/therapie-au-laser-barcelona\/varicosites\/\" \/>\n<meta property=\"og:locale\" content=\"fr_FR\" \/>\n<meta property=\"og:type\" content=\"article\" \/>\n<meta property=\"og:title\" content=\"Varicosit\u00e9s | Dr. Lopez Gil | Cl\u00ednica Teknon Barcelona\" \/>\n<meta property=\"og:description\" content=\"Sp\u00e9cialiste clinique dans le traitement pour \u00e9liminer les varices et les varicosit\u00e9s sans chirurgie avec la technologie laser la plus avanc\u00e9e.\" \/>\n<meta property=\"og:url\" content=\"https:\/\/www.lopezgil.com\/fr\/therapie-au-laser-barcelona\/varicosites\/\" \/>\n<meta property=\"og:site_name\" content=\"Dr. Lopez Gil\" \/>\n<meta property=\"article:modified_time\" content=\"2019-12-08T20:21:42+00:00\" \/>\n<meta name=\"twitter:card\" content=\"summary_large_image\" \/>\n<meta name=\"twitter:label1\" content=\"Est. reading time\" \/>\n\t<meta name=\"twitter:data1\" content=\"3 minutes\" \/>\n<script type=\"application\/ld+json\" class=\"yoast-schema-graph\">{\"@context\":\"https:\/\/schema.org\",\"@graph\":[{\"@type\":\"WebPage\",\"@id\":\"https:\/\/www.lopezgil.com\/fr\/therapie-au-laser-barcelona\/varicosites\/\",\"url\":\"https:\/\/www.lopezgil.com\/fr\/therapie-au-laser-barcelona\/varicosites\/\",\"name\":\"Varicosit\u00e9s | Dr. Lopez Gil | Cl\u00ednica Teknon Barcelona\",\"isPartOf\":{\"@id\":\"https:\/\/www.lopezgil.com\/ca\/#website\"},\"datePublished\":\"2017-09-03T18:12:30+00:00\",\"dateModified\":\"2019-12-08T20:21:42+00:00\",\"description\":\"Sp\u00e9cialiste clinique dans le traitement pour \u00e9liminer les varices et les varicosit\u00e9s sans chirurgie avec la technologie laser la plus avanc\u00e9e.\",\"breadcrumb\":{\"@id\":\"https:\/\/www.lopezgil.com\/fr\/therapie-au-laser-barcelona\/varicosites\/#breadcrumb\"},\"inLanguage\":\"fr-FR\",\"potentialAction\":[{\"@type\":\"ReadAction\",\"target\":[\"https:\/\/www.lopezgil.com\/fr\/therapie-au-laser-barcelona\/varicosites\/\"]}]},{\"@type\":\"BreadcrumbList\",\"@id\":\"https:\/\/www.lopezgil.com\/fr\/therapie-au-laser-barcelona\/varicosites\/#breadcrumb\",\"itemListElement\":[{\"@type\":\"ListItem\",\"position\":1,\"name\":\"Portada\",\"item\":\"https:\/\/www.lopezgil.com\/fr\/\"},{\"@type\":\"ListItem\",\"position\":2,\"name\":\"Th\u00e9rapie au laser\",\"item\":\"https:\/\/www.lopezgil.com\/fr\/therapie-au-laser-barcelona\/\"},{\"@type\":\"ListItem\",\"position\":3,\"name\":\"Varicosit\u00e9s\"}]},{\"@type\":\"WebSite\",\"@id\":\"https:\/\/www.lopezgil.com\/ca\/#website\",\"url\":\"https:\/\/www.lopezgil.com\/ca\/\",\"name\":\"Dr. Lopez Gil\",\"description\":\"Dermat\u00f3logo Barcelona\",\"potentialAction\":[{\"@type\":\"SearchAction\",\"target\":{\"@type\":\"EntryPoint\",\"urlTemplate\":\"https:\/\/www.lopezgil.com\/ca\/?s={search_term_string}\"},\"query-input\":\"required name=search_term_string\"}],\"inLanguage\":\"fr-FR\"}]}<\/script>\n<!-- \/ Yoast SEO plugin. -->","yoast_head_json":{"title":"Varicosit\u00e9s | Dr. Lopez Gil | Cl\u00ednica Teknon Barcelona","description":"Sp\u00e9cialiste clinique dans le traitement pour \u00e9liminer les varices et les varicosit\u00e9s sans chirurgie avec la technologie laser la plus avanc\u00e9e.","robots":{"index":"index","follow":"follow","max-snippet":"max-snippet:-1","max-image-preview":"max-image-preview:large","max-video-preview":"max-video-preview:-1"},"canonical":"https:\/\/www.lopezgil.com\/fr\/therapie-au-laser-barcelona\/varicosites\/","og_locale":"fr_FR","og_type":"article","og_title":"Varicosit\u00e9s | Dr. Lopez Gil | Cl\u00ednica Teknon Barcelona","og_description":"Sp\u00e9cialiste clinique dans le traitement pour \u00e9liminer les varices et les varicosit\u00e9s sans chirurgie avec la technologie laser la plus avanc\u00e9e.","og_url":"https:\/\/www.lopezgil.com\/fr\/therapie-au-laser-barcelona\/varicosites\/","og_site_name":"Dr. Lopez Gil","article_modified_time":"2019-12-08T20:21:42+00:00","twitter_card":"summary_large_image","twitter_misc":{"Est. reading time":"3 minutes"},"schema":{"@context":"https:\/\/schema.org","@graph":[{"@type":"WebPage","@id":"https:\/\/www.lopezgil.com\/fr\/therapie-au-laser-barcelona\/varicosites\/","url":"https:\/\/www.lopezgil.com\/fr\/therapie-au-laser-barcelona\/varicosites\/","name":"Varicosit\u00e9s | Dr. Lopez Gil | Cl\u00ednica Teknon Barcelona","isPartOf":{"@id":"https:\/\/www.lopezgil.com\/ca\/#website"},"datePublished":"2017-09-03T18:12:30+00:00","dateModified":"2019-12-08T20:21:42+00:00","description":"Sp\u00e9cialiste clinique dans le traitement pour \u00e9liminer les varices et les varicosit\u00e9s sans chirurgie avec la technologie laser la plus avanc\u00e9e.","breadcrumb":{"@id":"https:\/\/www.lopezgil.com\/fr\/therapie-au-laser-barcelona\/varicosites\/#breadcrumb"},"inLanguage":"fr-FR","potentialAction":[{"@type":"ReadAction","target":["https:\/\/www.lopezgil.com\/fr\/therapie-au-laser-barcelona\/varicosites\/"]}]},{"@type":"BreadcrumbList","@id":"https:\/\/www.lopezgil.com\/fr\/therapie-au-laser-barcelona\/varicosites\/#breadcrumb","itemListElement":[{"@type":"ListItem","position":1,"name":"Portada","item":"https:\/\/www.lopezgil.com\/fr\/"},{"@type":"ListItem","position":2,"name":"Th\u00e9rapie au laser","item":"https:\/\/www.lopezgil.com\/fr\/therapie-au-laser-barcelona\/"},{"@type":"ListItem","position":3,"name":"Varicosit\u00e9s"}]},{"@type":"WebSite","@id":"https:\/\/www.lopezgil.com\/ca\/#website","url":"https:\/\/www.lopezgil.com\/ca\/","name":"Dr. Lopez Gil","description":"Dermat\u00f3logo Barcelona","potentialAction":[{"@type":"SearchAction","target":{"@type":"EntryPoint","urlTemplate":"https:\/\/www.lopezgil.com\/ca\/?s={search_term_string}"},"query-input":"required name=search_term_string"}],"inLanguage":"fr-FR"}]}},"_links":{"self":[{"href":"https:\/\/www.lopezgil.com\/fr\/wp-json\/wp\/v2\/pages\/3382","targetHints":{"allow":["GET"]}}],"collection":[{"href":"https:\/\/www.lopezgil.com\/fr\/wp-json\/wp\/v2\/pages"}],"about":[{"href":"https:\/\/www.lopezgil.com\/fr\/wp-json\/wp\/v2\/types\/page"}],"author":[{"embeddable":true,"href":"https:\/\/www.lopezgil.com\/fr\/wp-json\/wp\/v2\/users\/5"}],"replies":[{"embeddable":true,"href":"https:\/\/www.lopezgil.com\/fr\/wp-json\/wp\/v2\/comments?post=3382"}],"version-history":[{"count":2,"href":"https:\/\/www.lopezgil.com\/fr\/wp-json\/wp\/v2\/pages\/3382\/revisions"}],"predecessor-version":[{"id":3385,"href":"https:\/\/www.lopezgil.com\/fr\/wp-json\/wp\/v2\/pages\/3382\/revisions\/3385"}],"up":[{"embeddable":true,"href":"https:\/\/www.lopezgil.com\/fr\/wp-json\/wp\/v2\/pages\/3368"}],"wp:attachment":[{"href":"https:\/\/www.lopezgil.com\/fr\/wp-json\/wp\/v2\/media?parent=3382"}],"curies":[{"name":"wp","href":"https:\/\/api.w.org\/{rel}","templated":true}]}}