{"id":3356,"date":"2016-06-16T09:57:14","date_gmt":"2016-06-16T09:57:14","guid":{"rendered":"https:\/\/www.lopezgil.com\/scars-and-keloids\/"},"modified":"2019-12-09T13:32:09","modified_gmt":"2019-12-09T13:32:09","slug":"cicatrices-et-cheloides","status":"publish","type":"page","link":"https:\/\/www.lopezgil.com\/fr\/therapie-au-laser-barcelona\/cicatrices-et-cheloides\/","title":{"rendered":"Cicatrices et chelo\u00efdes"},"content":{"rendered":"<div id=\"fb-root\"><\/div>\n<p style=\"text-align: justify;\">[vc_row][vc_column][vc_row_inner][vc_column_inner]<script type=\"text\/javascript\">jQuery(function() { _initLayerSlider( '#layerslider_74_4afx7ry9fgm9', {sliderVersion: '', responsiveUnder: 0, layersContainer: 0, hideUnder: 0, hideOver: 100000, pauseOnHover: 1, skin: 'v5', sliderFadeInDuration: 350, useSrcset: true, skinsPath: 'https:\/\/www.lopezgil.com\/wp-content\/plugins\/LayerSlider\/assets\/static\/layerslider\/skins\/', type: 'responsive', showCircleTimer: false, performanceMode: true}); });<\/script><div id=\"layerslider_74_4afx7ry9fgm9\" class=\"ls-wp-container fitvidsignore\" style=\"width:600px;height:200px;margin:0 auto;margin-bottom: 0px;\"><div class=\"ls-slide\" data-ls=\"duration:4000;\"><img loading=\"lazy\" decoding=\"async\" width=\"600\" height=\"200\" src=\"https:\/\/www.lopezgil.com\/wp-content\/uploads\/drlopezgil-dermatologia-barcelona-600x200-cicatrices-queloides-laserterapia.jpg\" class=\"ls-bg\" alt=\"dr-lopez-gil-dermatologia-barcelona-600x200-cicatrices-queloides-laserterapia-laser\" srcset=\"https:\/\/www.lopezgil.com\/wp-content\/uploads\/drlopezgil-dermatologia-barcelona-600x200-cicatrices-queloides-laserterapia.jpg 600w, https:\/\/www.lopezgil.com\/wp-content\/uploads\/drlopezgil-dermatologia-barcelona-600x200-cicatrices-queloides-laserterapia-300x100.jpg 300w\" sizes=\"auto, (max-width: 600px) 100vw, 600px\" \/><\/div><\/div>[\/vc_column_inner][\/vc_row_inner][\/vc_column][\/vc_row][vc_row][vc_column width=&#8221;3\/4&#8243; css=&#8221;.vc_custom_1473066092346{margin-top: 0px !important;}&#8221;][vc_column_text css=&#8221;.vc_custom_1473066053815{margin-top: 0px !important;}&#8221;]\n<h2 style=\"text-align: justify;\"><span style=\"color: #75c9d3;\"><strong>Qu&#8217;est que c&#8217;est?<\/strong><\/span><\/h2>\n<p style=\"text-align: justify;\">Les cicatrices sont le r\u00e9sultat d&#8217;une blessure au derme par la chirurgie, un traumatisme ou d&#8217;un accident et sa r\u00e9paration ult\u00e9rieure. Elles sont form\u00e9es par un exc\u00e8s ou un d\u00e9ficit de collag\u00e8ne dans la zone traumatis\u00e9e.<\/p>\n<h2 style=\"text-align: justify;\"><span style=\"color: #75c9d3;\"><strong>Qui est concern\u00e9?<\/strong><\/span><\/h2>\n<p style=\"text-align: justify;\">Entre le 5% et le 16% de la population pr\u00e9sente dans son corps une sorte de cicatrice.<\/p>\n<h2 style=\"text-align: justify;\"><span style=\"color: #75c9d3;\"><strong>Types<\/strong><\/span><\/h2>\n<ol style=\"text-align: justify;\">\n<li><em><u>Cicatrice hyperpigment\u00e9e<\/u><\/em>: elle se caract\u00e9rise par une couleur fonc\u00e9e en raison d&#8217;un degr\u00e9 de m\u00e9lanog\u00e9n\u00e8se sup\u00e9rieur. Elle se produit g\u00e9n\u00e9ralement lorsque la cicatrice est superficielle et dans les types de peau sombres.<\/li>\n<li><em><u>Cicatrice hypopigment\u00e9e:<\/u><\/em> dans ce cas, la peau ne peut pas produire de la m\u00e9lanine et elle a une couleur plus claire que le reste.<\/li>\n<li><em><u>Cicatrice atrophique:<\/u><\/em> elle se caract\u00e9rise par \u00eatre un peu d\u00e9prim\u00e9 en raison du manque de collag\u00e8ne. Elle est particuli\u00e8rement fr\u00e9quente apr\u00e8s l&#8217;acn\u00e9 ou la varicelle.<\/li>\n<li><em><u>Cicatrice hypertrophique et ch\u00e9lo\u00efdes:<\/u><\/em> elles se produisent \u00e0 la suite d&#8217;une surproduction de fibres de tissu conjonctif. La cicatrice hypertrophique, \u00e0 diff\u00e9rence des ch\u00e9lo\u00efdes, reste dans les limites de la plaie alors que les ch\u00e9lo\u00efdes les d\u00e9passent.<\/li>\n<\/ol>\n<h2 style=\"text-align: justify;\"><span style=\"color: #75c9d3;\"><strong>Traitement<\/strong><\/span><\/h2>\n<p style=\"text-align: justify;\">En fonction du type de cicatrice, nous allons utiliser un laser ou l&#8217;autre.<\/p>\n<ul style=\"text-align: justify;\">\n<li><em><u>Cicatrice hyperpigment\u00e9e<\/u><\/em>: dans ce cas on utilise le laser Alexandrite Q-switched ou de Lumi\u00e8re Puls\u00e9e de usage m\u00e9dical pour clarifier rapidement et efficacement l&#8217;hyperpigmentation.<\/li>\n<li><em><u>Cicatrice hypopigment\u00e9e:<\/u><\/em> il est recommand\u00e9 l&#8217;utilisation du laser avec lumi\u00e8re ultra-violet de bande \u00e9troite pour activer la couleur de la cicatrice.<\/li>\n<li><em><u>Cicatrice atrophique:<\/u><\/em> nous combinons le laser CO2 Fractionnaire Ablatif avec le laser CO2 fractionnel non ablatif.<\/li>\n<li><em><u>Cicatrice hypertrophique et ch\u00e9lo\u00efdes:<\/u><\/em> lorsque la r\u00e9ponse \u00e0 les pansements occlusives et \u00e0 les infiltrations ne suffit pas, est recommand\u00e9 d\u2019utiliser le laser fractionnel non-ablatif qui agisse sur le collag\u00e8ne et laser KTP et le Nd:YAG qui agissent sur les vaisseaux sanguins qui nourrissent les cicatrices, en r\u00e9duisant son m\u00e9tabolisme et sa coloration.<\/li>\n<\/ul>\n<p style=\"text-align: justify;\">Pour plus d\u2019informations: cliquez\u00a0<a href=\"https:\/\/www.lopezgil.com\/fr\/dermatologie-esthetique-barcelona\/cicatrices-et-cheloides\/\">ici<\/a><\/p>\n<h2 style=\"text-align: justify;\"><\/h2>\n","protected":false},"excerpt":{"rendered":"<p>[vc_row][vc_column][vc_row_inner][vc_column_inner][\/vc_column_inner][\/vc_row_inner][\/vc_column][\/vc_row][vc_row][vc_column width=&#8221;3\/4&#8243; css=&#8221;.vc_custom_1473066092346{margin-top: 0px !important;}&#8221;][vc_column_text css=&#8221;.vc_custom_1473066053815{margin-top: 0px !important;}&#8221;] Qu&#8217;est que c&#8217;est? Les cicatrices sont le r\u00e9sultat d&#8217;une blessure au derme par la chirurgie, un traumatisme ou d&#8217;un accident et sa r\u00e9paration ult\u00e9rieure. Elles sont form\u00e9es par un exc\u00e8s ou un d\u00e9ficit de collag\u00e8ne dans la zone traumatis\u00e9e. Qui est concern\u00e9? Entre le 5% et le [&hellip;]<\/p>\n","protected":false},"author":5,"featured_media":0,"parent":3368,"menu_order":0,"comment_status":"closed","ping_status":"closed","template":"soulmedic\/tpl-feature.php","meta":{"footnotes":""},"class_list":["post-3356","page","type-page","status-publish","hentry"],"yoast_head":"<!-- This site is optimized with the Yoast SEO plugin v19.12 - https:\/\/yoast.com\/wordpress\/plugins\/seo\/ -->\n<title>Cicatrices et chelo\u00efdes | Dr. Lopez Gil | Clinique Teknon, Barcelone<\/title>\n<meta name=\"description\" content=\"Clinique dermatologique sp\u00e9cialis\u00e9e dans le traitement des cicatrices et des ch\u00e9lo\u00efdes, avec la technologie la plus avanc\u00e9e. Clinique Teknon, Barcelone.\" \/>\n<meta name=\"robots\" content=\"index, follow, max-snippet:-1, max-image-preview:large, max-video-preview:-1\" \/>\n<link rel=\"canonical\" href=\"https:\/\/www.lopezgil.com\/fr\/therapie-au-laser-barcelona\/cicatrices-et-cheloides\/\" \/>\n<meta property=\"og:locale\" content=\"fr_FR\" \/>\n<meta property=\"og:type\" content=\"article\" \/>\n<meta property=\"og:title\" content=\"Cicatrices et chelo\u00efdes | Dr. Lopez Gil | Clinique Teknon, Barcelone\" \/>\n<meta property=\"og:description\" content=\"Clinique dermatologique sp\u00e9cialis\u00e9e dans le traitement des cicatrices et des ch\u00e9lo\u00efdes, avec la technologie la plus avanc\u00e9e. Clinique Teknon, Barcelone.\" \/>\n<meta property=\"og:url\" content=\"https:\/\/www.lopezgil.com\/fr\/therapie-au-laser-barcelona\/cicatrices-et-cheloides\/\" \/>\n<meta property=\"og:site_name\" content=\"Dr. Lopez Gil\" \/>\n<meta property=\"article:modified_time\" content=\"2019-12-09T13:32:09+00:00\" \/>\n<meta name=\"twitter:card\" content=\"summary_large_image\" \/>\n<meta name=\"twitter:label1\" content=\"Est. reading time\" \/>\n\t<meta name=\"twitter:data1\" content=\"2 minutes\" \/>\n<script type=\"application\/ld+json\" class=\"yoast-schema-graph\">{\"@context\":\"https:\/\/schema.org\",\"@graph\":[{\"@type\":\"WebPage\",\"@id\":\"https:\/\/www.lopezgil.com\/fr\/therapie-au-laser-barcelona\/cicatrices-et-cheloides\/\",\"url\":\"https:\/\/www.lopezgil.com\/fr\/therapie-au-laser-barcelona\/cicatrices-et-cheloides\/\",\"name\":\"Cicatrices et chelo\u00efdes | Dr. Lopez Gil | Clinique Teknon, Barcelone\",\"isPartOf\":{\"@id\":\"https:\/\/www.lopezgil.com\/ca\/#website\"},\"datePublished\":\"2016-06-16T09:57:14+00:00\",\"dateModified\":\"2019-12-09T13:32:09+00:00\",\"description\":\"Clinique dermatologique sp\u00e9cialis\u00e9e dans le traitement des cicatrices et des ch\u00e9lo\u00efdes, avec la technologie la plus avanc\u00e9e. Clinique Teknon, Barcelone.\",\"breadcrumb\":{\"@id\":\"https:\/\/www.lopezgil.com\/fr\/therapie-au-laser-barcelona\/cicatrices-et-cheloides\/#breadcrumb\"},\"inLanguage\":\"fr-FR\",\"potentialAction\":[{\"@type\":\"ReadAction\",\"target\":[\"https:\/\/www.lopezgil.com\/fr\/therapie-au-laser-barcelona\/cicatrices-et-cheloides\/\"]}]},{\"@type\":\"BreadcrumbList\",\"@id\":\"https:\/\/www.lopezgil.com\/fr\/therapie-au-laser-barcelona\/cicatrices-et-cheloides\/#breadcrumb\",\"itemListElement\":[{\"@type\":\"ListItem\",\"position\":1,\"name\":\"Portada\",\"item\":\"https:\/\/www.lopezgil.com\/fr\/\"},{\"@type\":\"ListItem\",\"position\":2,\"name\":\"Th\u00e9rapie au laser\",\"item\":\"https:\/\/www.lopezgil.com\/fr\/therapie-au-laser-barcelona\/\"},{\"@type\":\"ListItem\",\"position\":3,\"name\":\"Cicatrices et chelo\u00efdes\"}]},{\"@type\":\"WebSite\",\"@id\":\"https:\/\/www.lopezgil.com\/ca\/#website\",\"url\":\"https:\/\/www.lopezgil.com\/ca\/\",\"name\":\"Dr. Lopez Gil\",\"description\":\"Dermat\u00f3logo Barcelona\",\"potentialAction\":[{\"@type\":\"SearchAction\",\"target\":{\"@type\":\"EntryPoint\",\"urlTemplate\":\"https:\/\/www.lopezgil.com\/ca\/?s={search_term_string}\"},\"query-input\":\"required name=search_term_string\"}],\"inLanguage\":\"fr-FR\"}]}<\/script>\n<!-- \/ Yoast SEO plugin. -->","yoast_head_json":{"title":"Cicatrices et chelo\u00efdes | Dr. Lopez Gil | Clinique Teknon, Barcelone","description":"Clinique dermatologique sp\u00e9cialis\u00e9e dans le traitement des cicatrices et des ch\u00e9lo\u00efdes, avec la technologie la plus avanc\u00e9e. Clinique Teknon, Barcelone.","robots":{"index":"index","follow":"follow","max-snippet":"max-snippet:-1","max-image-preview":"max-image-preview:large","max-video-preview":"max-video-preview:-1"},"canonical":"https:\/\/www.lopezgil.com\/fr\/therapie-au-laser-barcelona\/cicatrices-et-cheloides\/","og_locale":"fr_FR","og_type":"article","og_title":"Cicatrices et chelo\u00efdes | Dr. Lopez Gil | Clinique Teknon, Barcelone","og_description":"Clinique dermatologique sp\u00e9cialis\u00e9e dans le traitement des cicatrices et des ch\u00e9lo\u00efdes, avec la technologie la plus avanc\u00e9e. Clinique Teknon, Barcelone.","og_url":"https:\/\/www.lopezgil.com\/fr\/therapie-au-laser-barcelona\/cicatrices-et-cheloides\/","og_site_name":"Dr. Lopez Gil","article_modified_time":"2019-12-09T13:32:09+00:00","twitter_card":"summary_large_image","twitter_misc":{"Est. reading time":"2 minutes"},"schema":{"@context":"https:\/\/schema.org","@graph":[{"@type":"WebPage","@id":"https:\/\/www.lopezgil.com\/fr\/therapie-au-laser-barcelona\/cicatrices-et-cheloides\/","url":"https:\/\/www.lopezgil.com\/fr\/therapie-au-laser-barcelona\/cicatrices-et-cheloides\/","name":"Cicatrices et chelo\u00efdes | Dr. Lopez Gil | Clinique Teknon, Barcelone","isPartOf":{"@id":"https:\/\/www.lopezgil.com\/ca\/#website"},"datePublished":"2016-06-16T09:57:14+00:00","dateModified":"2019-12-09T13:32:09+00:00","description":"Clinique dermatologique sp\u00e9cialis\u00e9e dans le traitement des cicatrices et des ch\u00e9lo\u00efdes, avec la technologie la plus avanc\u00e9e. Clinique Teknon, Barcelone.","breadcrumb":{"@id":"https:\/\/www.lopezgil.com\/fr\/therapie-au-laser-barcelona\/cicatrices-et-cheloides\/#breadcrumb"},"inLanguage":"fr-FR","potentialAction":[{"@type":"ReadAction","target":["https:\/\/www.lopezgil.com\/fr\/therapie-au-laser-barcelona\/cicatrices-et-cheloides\/"]}]},{"@type":"BreadcrumbList","@id":"https:\/\/www.lopezgil.com\/fr\/therapie-au-laser-barcelona\/cicatrices-et-cheloides\/#breadcrumb","itemListElement":[{"@type":"ListItem","position":1,"name":"Portada","item":"https:\/\/www.lopezgil.com\/fr\/"},{"@type":"ListItem","position":2,"name":"Th\u00e9rapie au laser","item":"https:\/\/www.lopezgil.com\/fr\/therapie-au-laser-barcelona\/"},{"@type":"ListItem","position":3,"name":"Cicatrices et chelo\u00efdes"}]},{"@type":"WebSite","@id":"https:\/\/www.lopezgil.com\/ca\/#website","url":"https:\/\/www.lopezgil.com\/ca\/","name":"Dr. Lopez Gil","description":"Dermat\u00f3logo Barcelona","potentialAction":[{"@type":"SearchAction","target":{"@type":"EntryPoint","urlTemplate":"https:\/\/www.lopezgil.com\/ca\/?s={search_term_string}"},"query-input":"required name=search_term_string"}],"inLanguage":"fr-FR"}]}},"_links":{"self":[{"href":"https:\/\/www.lopezgil.com\/fr\/wp-json\/wp\/v2\/pages\/3356","targetHints":{"allow":["GET"]}}],"collection":[{"href":"https:\/\/www.lopezgil.com\/fr\/wp-json\/wp\/v2\/pages"}],"about":[{"href":"https:\/\/www.lopezgil.com\/fr\/wp-json\/wp\/v2\/types\/page"}],"author":[{"embeddable":true,"href":"https:\/\/www.lopezgil.com\/fr\/wp-json\/wp\/v2\/users\/5"}],"replies":[{"embeddable":true,"href":"https:\/\/www.lopezgil.com\/fr\/wp-json\/wp\/v2\/comments?post=3356"}],"version-history":[{"count":2,"href":"https:\/\/www.lopezgil.com\/fr\/wp-json\/wp\/v2\/pages\/3356\/revisions"}],"predecessor-version":[{"id":3358,"href":"https:\/\/www.lopezgil.com\/fr\/wp-json\/wp\/v2\/pages\/3356\/revisions\/3358"}],"up":[{"embeddable":true,"href":"https:\/\/www.lopezgil.com\/fr\/wp-json\/wp\/v2\/pages\/3368"}],"wp:attachment":[{"href":"https:\/\/www.lopezgil.com\/fr\/wp-json\/wp\/v2\/media?parent=3356"}],"curies":[{"name":"wp","href":"https:\/\/api.w.org\/{rel}","templated":true}]}}