{"id":3292,"date":"2016-06-16T10:19:50","date_gmt":"2016-06-16T10:19:50","guid":{"rendered":"https:\/\/www.lopezgil.com\/chute-de-cheveux\/seborrheic-eczema-dandruff\/"},"modified":"2019-12-05T22:43:25","modified_gmt":"2019-12-05T22:43:25","slug":"eczema-seborrheique-pellicules-barcelona","status":"publish","type":"page","link":"https:\/\/www.lopezgil.com\/fr\/chute-de-cheveux\/eczema-seborrheique-pellicules-barcelona\/","title":{"rendered":"Ecz\u00e9ma s\u00e9borrh\u00e9ique &#8211; pellicules"},"content":{"rendered":"<div id=\"fb-root\"><\/div>\n<p style=\"text-align: justify;\">[vc_row][vc_column][vc_row_inner][vc_column_inner]<script type=\"text\/javascript\">jQuery(function() { _initLayerSlider( '#layerslider_15_sx1p53a0p35g', {sliderVersion: '', responsiveUnder: 0, layersContainer: 0, hideUnder: 0, hideOver: 100000, pauseOnHover: 1, skin: 'v5', sliderFadeInDuration: 350, useSrcset: true, skinsPath: 'https:\/\/www.lopezgil.com\/wp-content\/plugins\/LayerSlider\/assets\/static\/layerslider\/skins\/', type: 'responsive', showCircleTimer: false, performanceMode: true}); });<\/script><div id=\"layerslider_15_sx1p53a0p35g\" class=\"ls-wp-container fitvidsignore\" style=\"width:600px;height:200px;margin:0 auto;margin-bottom: 0px;\"><div class=\"ls-slide\" data-ls=\"duration:4000;\"><img loading=\"lazy\" decoding=\"async\" width=\"600\" height=\"200\" src=\"https:\/\/www.lopezgil.com\/wp-content\/uploads\/drlopezgil_dermatologia_barcelona_600x200_eccemas_erupciones.jpg\" class=\"ls-bg\" alt=\"drlopezgil_dermatologia_barcelona_600x200_eccemas_erupciones\" srcset=\"https:\/\/www.lopezgil.com\/wp-content\/uploads\/drlopezgil_dermatologia_barcelona_600x200_eccemas_erupciones.jpg 600w, https:\/\/www.lopezgil.com\/wp-content\/uploads\/drlopezgil_dermatologia_barcelona_600x200_eccemas_erupciones-300x100.jpg 300w\" sizes=\"auto, (max-width: 600px) 100vw, 600px\" \/><\/div><\/div>[\/vc_column_inner][\/vc_row_inner][\/vc_column][\/vc_row][vc_row][vc_column width=&#8221;3\/4&#8243; css=&#8221;.vc_custom_1473066092346{margin-top: 0px !important;}&#8221;][vc_column_text css=&#8221;.vc_custom_1473066053815{margin-top: 0px !important;}&#8221;]\n<h2 style=\"text-align: justify;\"><span style=\"color: #75c9d3;\"><strong>Qu&#8217;est que c&#8217;est ecz\u00e9ma s\u00e9borrh\u00e9ique?<\/strong><\/span><\/h2>\n<p style=\"text-align: justify;\">Une forme particuli\u00e8re de l&#8217;ecz\u00e9ma s\u00e9borrh\u00e9ique, particuli\u00e8rement fr\u00e9quente, est la desquamation ne pas toujours excessive du derme du cuir chevelu, populairement connue comme les pellicules. Elle produit des situations g\u00eanantes du point de vue esth\u00e9tique.<\/p>\n<p style=\"text-align: justify;\">Pour plus d\u2019informations: cliquez\u00a0<a href=\"https:\/\/www.lopezgil.com\/fr\/dermatologie-clinique\/dermatite-seborrheique\/\">ici.<\/a><\/p>\n<h2 style=\"text-align: justify;\"><span style=\"color: #75c9d3;\"><strong>Qui est concern\u00e9?<\/strong><\/span><\/h2>\n<p style=\"text-align: justify;\">La dermatite s\u00e9borrh\u00e9ique est une affection fr\u00e9quente qui touche principalement les hommes et commence apr\u00e8s la pubert\u00e9, notamment \u00e0 partir des vingt ans d&#8217;\u00e2ge.<\/p>\n<h2 style=\"text-align: justify;\"><span style=\"color: #75c9d3;\"><strong>Causes<\/strong><\/span><\/h2>\n<p style=\"text-align: justify;\">Les cellules du cuir chevelu et d&#8217;autres cellules dermiques meurent et sont remplac\u00e9es. Certaines conditions peuvent provoquer que le rythme du changement des cellules soit acc\u00e9l\u00e9r\u00e9e et, plut\u00f4t d&#8217;\u00eatre tous les mois, soit tous les 15 jours, ce qui provoque que la perte des cellules mortes soit vue.<\/p>\n<p style=\"text-align: justify;\">La cause la plus fr\u00e9quente est quand le champignon <em>Malassezia furfur,<\/em> responsable de la m\u00e9tabolisation de la graisse humaine, il joue trop vite, ce qui affecte le renouvellement cellulaire.<\/p>\n<p style=\"text-align: justify;\">D&#8217;autres facteurs \u00e0 consid\u00e9rer sont les suivants:<\/p>\n<ul style=\"text-align: justify;\">\n<li>Ant\u00e9c\u00e9dents familiaux<\/li>\n<li>Allergies alimentaires<\/li>\n<li>La transpiration excessive<\/li>\n<li>D\u00e9s\u00e9quilibre Hormonal<\/li>\n<li>Utilisation des savons alcalins<\/li>\n<li>Mycose<\/li>\n<li>Le stress<\/li>\n<li>Teintes et\/ou permanent<\/li>\n<li>Climatologie<\/li>\n<\/ul>\n<h2 style=\"text-align: justify;\"><span style=\"color: #75c9d3;\"><strong>Symptomatologie<\/strong><\/span><\/h2>\n<p style=\"text-align: justify;\">Les sympt\u00f4mes les plus caract\u00e9ristiques de la dermatite s\u00e9borrh\u00e9ique sont:<\/p>\n<ul style=\"text-align: justify;\">\n<li>D\u00e9mangeaisons<\/li>\n<li>Rougeur<\/li>\n<li>Irritation<\/li>\n<\/ul>\n<h2 style=\"text-align: justify;\"><span style=\"color: #75c9d3;\"><strong>Traitement du ecz\u00e9ma s\u00e9borrh\u00e9ique Barcelona<\/strong><\/span><\/h2>\n<p style=\"text-align: justify;\">Le traitement habituel est simple, bien que le plus important pour pr\u00e9server la peau sans blessures c\u2019est d&#8217;effectuer un bilan au moins une fois par semaine.<\/p>\n<p style=\"text-align: justify;\">Le k\u00e9toconazole est particuli\u00e8rement utile pour le traitement de l&#8217;ecz\u00e9ma s\u00e9borrh\u00e9ique du cuir chevelu et appliqu\u00e9 deux ou trois fois par semaine, \u00e9limine les pellicules dans la plupart des cas.<\/p>\n<p style=\"text-align: justify;\">\n","protected":false},"excerpt":{"rendered":"<p>[vc_row][vc_column][vc_row_inner][vc_column_inner][\/vc_column_inner][\/vc_row_inner][\/vc_column][\/vc_row][vc_row][vc_column width=&#8221;3\/4&#8243; css=&#8221;.vc_custom_1473066092346{margin-top: 0px !important;}&#8221;][vc_column_text css=&#8221;.vc_custom_1473066053815{margin-top: 0px !important;}&#8221;] Qu&#8217;est que c&#8217;est ecz\u00e9ma s\u00e9borrh\u00e9ique? Une forme particuli\u00e8re de l&#8217;ecz\u00e9ma s\u00e9borrh\u00e9ique, particuli\u00e8rement fr\u00e9quente, est la desquamation ne pas toujours excessive du derme du cuir chevelu, populairement connue comme les pellicules. Elle produit des situations g\u00eanantes du point de vue esth\u00e9tique. Pour plus d\u2019informations: cliquez\u00a0ici. Qui est concern\u00e9? [&hellip;]<\/p>\n","protected":false},"author":5,"featured_media":0,"parent":1696,"menu_order":0,"comment_status":"closed","ping_status":"closed","template":"soulmedic\/tpl-feature.php","meta":{"footnotes":""},"class_list":["post-3292","page","type-page","status-publish","hentry"],"yoast_head":"<!-- This site is optimized with the Yoast SEO plugin v19.12 - https:\/\/yoast.com\/wordpress\/plugins\/seo\/ -->\n<title>Ecz\u00e9ma s\u00e9borrh\u00e9ique - pellicules | Dr. Lopez Gil<\/title>\n<meta name=\"description\" content=\"L&#039;ecz\u00e9ma s\u00e9borrh\u00e9ique ou pelliculaire, conna\u00eet ses causes et ses traitements personnalis\u00e9s dans la clinique du Dr L\u00f3pez Gil, Teknon, Barcelone. Contactez-nous!\" \/>\n<meta name=\"robots\" content=\"index, follow, max-snippet:-1, max-image-preview:large, max-video-preview:-1\" \/>\n<link rel=\"canonical\" href=\"https:\/\/www.lopezgil.com\/fr\/chute-de-cheveux\/eczema-seborrheique-pellicules-barcelona\/\" \/>\n<meta property=\"og:locale\" content=\"fr_FR\" \/>\n<meta property=\"og:type\" content=\"article\" \/>\n<meta property=\"og:title\" content=\"Ecz\u00e9ma s\u00e9borrh\u00e9ique - pellicules | Dr. Lopez Gil\" \/>\n<meta property=\"og:description\" content=\"L&#039;ecz\u00e9ma s\u00e9borrh\u00e9ique ou pelliculaire, conna\u00eet ses causes et ses traitements personnalis\u00e9s dans la clinique du Dr L\u00f3pez Gil, Teknon, Barcelone. Contactez-nous!\" \/>\n<meta property=\"og:url\" content=\"https:\/\/www.lopezgil.com\/fr\/chute-de-cheveux\/eczema-seborrheique-pellicules-barcelona\/\" \/>\n<meta property=\"og:site_name\" content=\"Dr. Lopez Gil\" \/>\n<meta property=\"article:modified_time\" content=\"2019-12-05T22:43:25+00:00\" \/>\n<meta name=\"twitter:card\" content=\"summary_large_image\" \/>\n<meta name=\"twitter:label1\" content=\"Est. reading time\" \/>\n\t<meta name=\"twitter:data1\" content=\"2 minutes\" \/>\n<script type=\"application\/ld+json\" class=\"yoast-schema-graph\">{\"@context\":\"https:\/\/schema.org\",\"@graph\":[{\"@type\":\"WebPage\",\"@id\":\"https:\/\/www.lopezgil.com\/fr\/chute-de-cheveux\/eczema-seborrheique-pellicules-barcelona\/\",\"url\":\"https:\/\/www.lopezgil.com\/fr\/chute-de-cheveux\/eczema-seborrheique-pellicules-barcelona\/\",\"name\":\"Ecz\u00e9ma s\u00e9borrh\u00e9ique - pellicules | Dr. Lopez Gil\",\"isPartOf\":{\"@id\":\"https:\/\/www.lopezgil.com\/ca\/#website\"},\"datePublished\":\"2016-06-16T10:19:50+00:00\",\"dateModified\":\"2019-12-05T22:43:25+00:00\",\"description\":\"L'ecz\u00e9ma s\u00e9borrh\u00e9ique ou pelliculaire, conna\u00eet ses causes et ses traitements personnalis\u00e9s dans la clinique du Dr L\u00f3pez Gil, Teknon, Barcelone. Contactez-nous!\",\"breadcrumb\":{\"@id\":\"https:\/\/www.lopezgil.com\/fr\/chute-de-cheveux\/eczema-seborrheique-pellicules-barcelona\/#breadcrumb\"},\"inLanguage\":\"fr-FR\",\"potentialAction\":[{\"@type\":\"ReadAction\",\"target\":[\"https:\/\/www.lopezgil.com\/fr\/chute-de-cheveux\/eczema-seborrheique-pellicules-barcelona\/\"]}]},{\"@type\":\"BreadcrumbList\",\"@id\":\"https:\/\/www.lopezgil.com\/fr\/chute-de-cheveux\/eczema-seborrheique-pellicules-barcelona\/#breadcrumb\",\"itemListElement\":[{\"@type\":\"ListItem\",\"position\":1,\"name\":\"Portada\",\"item\":\"https:\/\/www.lopezgil.com\/fr\/\"},{\"@type\":\"ListItem\",\"position\":2,\"name\":\"Chute de cheveux\",\"item\":\"https:\/\/www.lopezgil.com\/fr\/chute-de-cheveux\/\"},{\"@type\":\"ListItem\",\"position\":3,\"name\":\"Ecz\u00e9ma s\u00e9borrh\u00e9ique &#8211; pellicules\"}]},{\"@type\":\"WebSite\",\"@id\":\"https:\/\/www.lopezgil.com\/ca\/#website\",\"url\":\"https:\/\/www.lopezgil.com\/ca\/\",\"name\":\"Dr. Lopez Gil\",\"description\":\"Dermat\u00f3logo Barcelona\",\"potentialAction\":[{\"@type\":\"SearchAction\",\"target\":{\"@type\":\"EntryPoint\",\"urlTemplate\":\"https:\/\/www.lopezgil.com\/ca\/?s={search_term_string}\"},\"query-input\":\"required name=search_term_string\"}],\"inLanguage\":\"fr-FR\"}]}<\/script>\n<!-- \/ Yoast SEO plugin. -->","yoast_head_json":{"title":"Ecz\u00e9ma s\u00e9borrh\u00e9ique - pellicules | Dr. Lopez Gil","description":"L'ecz\u00e9ma s\u00e9borrh\u00e9ique ou pelliculaire, conna\u00eet ses causes et ses traitements personnalis\u00e9s dans la clinique du Dr L\u00f3pez Gil, Teknon, Barcelone. Contactez-nous!","robots":{"index":"index","follow":"follow","max-snippet":"max-snippet:-1","max-image-preview":"max-image-preview:large","max-video-preview":"max-video-preview:-1"},"canonical":"https:\/\/www.lopezgil.com\/fr\/chute-de-cheveux\/eczema-seborrheique-pellicules-barcelona\/","og_locale":"fr_FR","og_type":"article","og_title":"Ecz\u00e9ma s\u00e9borrh\u00e9ique - pellicules | Dr. Lopez Gil","og_description":"L'ecz\u00e9ma s\u00e9borrh\u00e9ique ou pelliculaire, conna\u00eet ses causes et ses traitements personnalis\u00e9s dans la clinique du Dr L\u00f3pez Gil, Teknon, Barcelone. Contactez-nous!","og_url":"https:\/\/www.lopezgil.com\/fr\/chute-de-cheveux\/eczema-seborrheique-pellicules-barcelona\/","og_site_name":"Dr. Lopez Gil","article_modified_time":"2019-12-05T22:43:25+00:00","twitter_card":"summary_large_image","twitter_misc":{"Est. reading time":"2 minutes"},"schema":{"@context":"https:\/\/schema.org","@graph":[{"@type":"WebPage","@id":"https:\/\/www.lopezgil.com\/fr\/chute-de-cheveux\/eczema-seborrheique-pellicules-barcelona\/","url":"https:\/\/www.lopezgil.com\/fr\/chute-de-cheveux\/eczema-seborrheique-pellicules-barcelona\/","name":"Ecz\u00e9ma s\u00e9borrh\u00e9ique - pellicules | Dr. Lopez Gil","isPartOf":{"@id":"https:\/\/www.lopezgil.com\/ca\/#website"},"datePublished":"2016-06-16T10:19:50+00:00","dateModified":"2019-12-05T22:43:25+00:00","description":"L'ecz\u00e9ma s\u00e9borrh\u00e9ique ou pelliculaire, conna\u00eet ses causes et ses traitements personnalis\u00e9s dans la clinique du Dr L\u00f3pez Gil, Teknon, Barcelone. Contactez-nous!","breadcrumb":{"@id":"https:\/\/www.lopezgil.com\/fr\/chute-de-cheveux\/eczema-seborrheique-pellicules-barcelona\/#breadcrumb"},"inLanguage":"fr-FR","potentialAction":[{"@type":"ReadAction","target":["https:\/\/www.lopezgil.com\/fr\/chute-de-cheveux\/eczema-seborrheique-pellicules-barcelona\/"]}]},{"@type":"BreadcrumbList","@id":"https:\/\/www.lopezgil.com\/fr\/chute-de-cheveux\/eczema-seborrheique-pellicules-barcelona\/#breadcrumb","itemListElement":[{"@type":"ListItem","position":1,"name":"Portada","item":"https:\/\/www.lopezgil.com\/fr\/"},{"@type":"ListItem","position":2,"name":"Chute de cheveux","item":"https:\/\/www.lopezgil.com\/fr\/chute-de-cheveux\/"},{"@type":"ListItem","position":3,"name":"Ecz\u00e9ma s\u00e9borrh\u00e9ique &#8211; pellicules"}]},{"@type":"WebSite","@id":"https:\/\/www.lopezgil.com\/ca\/#website","url":"https:\/\/www.lopezgil.com\/ca\/","name":"Dr. Lopez Gil","description":"Dermat\u00f3logo Barcelona","potentialAction":[{"@type":"SearchAction","target":{"@type":"EntryPoint","urlTemplate":"https:\/\/www.lopezgil.com\/ca\/?s={search_term_string}"},"query-input":"required name=search_term_string"}],"inLanguage":"fr-FR"}]}},"_links":{"self":[{"href":"https:\/\/www.lopezgil.com\/fr\/wp-json\/wp\/v2\/pages\/3292","targetHints":{"allow":["GET"]}}],"collection":[{"href":"https:\/\/www.lopezgil.com\/fr\/wp-json\/wp\/v2\/pages"}],"about":[{"href":"https:\/\/www.lopezgil.com\/fr\/wp-json\/wp\/v2\/types\/page"}],"author":[{"embeddable":true,"href":"https:\/\/www.lopezgil.com\/fr\/wp-json\/wp\/v2\/users\/5"}],"replies":[{"embeddable":true,"href":"https:\/\/www.lopezgil.com\/fr\/wp-json\/wp\/v2\/comments?post=3292"}],"version-history":[{"count":4,"href":"https:\/\/www.lopezgil.com\/fr\/wp-json\/wp\/v2\/pages\/3292\/revisions"}],"predecessor-version":[{"id":4798,"href":"https:\/\/www.lopezgil.com\/fr\/wp-json\/wp\/v2\/pages\/3292\/revisions\/4798"}],"up":[{"embeddable":true,"href":"https:\/\/www.lopezgil.com\/fr\/wp-json\/wp\/v2\/pages\/1696"}],"wp:attachment":[{"href":"https:\/\/www.lopezgil.com\/fr\/wp-json\/wp\/v2\/media?parent=3292"}],"curies":[{"name":"wp","href":"https:\/\/api.w.org\/{rel}","templated":true}]}}