{"id":1788,"date":"2017-05-05T08:07:32","date_gmt":"2017-05-05T08:07:32","guid":{"rendered":"http:\/\/lopezgil.com\/enconstruccion\/?page_id=1788"},"modified":"2019-12-10T16:31:05","modified_gmt":"2019-12-10T16:31:05","slug":"alopecie-post-partumphysiologique","status":"publish","type":"page","link":"https:\/\/www.lopezgil.com\/fr\/chute-de-cheveux\/alopecie-post-partumphysiologique\/","title":{"rendered":"Alopecie post-partum\/physiologique"},"content":{"rendered":"<div id=\"fb-root\"><\/div>\n<p style=\"text-align: justify;\">[vc_row][vc_column][vc_row_inner][vc_column_inner]<script type=\"text\/javascript\">jQuery(function() { _initLayerSlider( '#layerslider_47_t7bfjiqdnn10', {sliderVersion: '', responsiveUnder: 0, layersContainer: 0, hideUnder: 0, hideOver: 100000, pauseOnHover: 1, skin: 'v5', sliderFadeInDuration: 350, useSrcset: true, skinsPath: 'https:\/\/www.lopezgil.com\/wp-content\/plugins\/LayerSlider\/assets\/static\/layerslider\/skins\/', type: 'responsive', showCircleTimer: false, performanceMode: true}); });<\/script><div id=\"layerslider_47_t7bfjiqdnn10\" class=\"ls-wp-container fitvidsignore\" style=\"width:600px;height:200px;margin:0 auto;margin-bottom: 0px;\"><div class=\"ls-slide\" data-ls=\"duration:4000;\"><img loading=\"lazy\" decoding=\"async\" width=\"600\" height=\"200\" src=\"https:\/\/www.lopezgil.com\/wp-content\/uploads\/drlopezgil_dermatologia_barcelona_600x200_alopecia_post_part.jpg\" class=\"ls-bg\" alt=\"drlopezgil_dermatologia_barcelona_600x200_alopecia_post_part\" srcset=\"https:\/\/www.lopezgil.com\/wp-content\/uploads\/drlopezgil_dermatologia_barcelona_600x200_alopecia_post_part.jpg 600w, https:\/\/www.lopezgil.com\/wp-content\/uploads\/drlopezgil_dermatologia_barcelona_600x200_alopecia_post_part-300x100.jpg 300w\" sizes=\"auto, (max-width: 600px) 100vw, 600px\" \/><\/div><\/div>[\/vc_column_inner][\/vc_row_inner][\/vc_column][\/vc_row][vc_row][vc_column width=&#8221;3\/4&#8243; css=&#8221;.vc_custom_1473066092346{margin-top: 0px !important;}&#8221;][vc_column_text css=&#8221;.vc_custom_1473066053815{margin-top: 0px !important;}&#8221;]\n<h2 style=\"text-align: justify;\"><span style=\"color: #75c9d3;\">Qu&#8217;est que c&#8217;est?<\/span><\/h2>\n<p style=\"text-align: justify;\">Pendant la grossesse, les cheveux sont forts et denses comme cons\u00e9quence des taux \u00e9lev\u00e9s de progest\u00e9rone dans le sang. Apr\u00e8s avoir donn\u00e9 naissance, parfois, les cheveux commencent \u00e0 tomber exag\u00e9r\u00e9 et largement sur toute la surface du cuir chevelu.<\/p>\n<h2 style=\"text-align: justify;\"><span style=\"color: #75c9d3;\">Qui est concern\u00e9?<\/span><\/h2>\n<p style=\"text-align: justify;\">Il est un trouble tr\u00e8s fr\u00e9quent apr\u00e8s l&#8217;accouchement et surtout lorsque l&#8217;allaitement est interrompu. Il affecte un pourcentage tr\u00e8s \u00e9lev\u00e9, pr\u00e8s de 75% des femmes qui ont \u00e9t\u00e9 m\u00e8res et peut varier consid\u00e9rablement entre elles.<\/p>\n<h2 style=\"text-align: justify;\"><span style=\"color: #75c9d3;\">Symptomatologie<\/span><\/h2>\n<p style=\"text-align: justify;\">Beaucoup de femmes, \u00e0 partir du deuxi\u00e8me et troisi\u00e8me mois apr\u00e8s avoir le b\u00e9b\u00e9, constatent une perte de cheveux acc\u00e9l\u00e9r\u00e9e et une diminution de la croissance de celui-ci. Habituellement, il dure entre 6 et 9 mois.<\/p>\n<h2 style=\"text-align: justify;\"><span style=\"color: #75c9d3;\">Causes<\/span><\/h2>\n<p style=\"text-align: justify;\">Pendant la grossesse, les femmes jouissent g\u00e9n\u00e9ralement d&#8217;un moment magnifique pour ses cheveux \u00e0 la suite d&#8217;une forte concentration de la progest\u00e9rone dans le sang. Ces niveaux \u00e9lev\u00e9s d&#8217;hormones gardent les cheveux en phase anag\u00e8ne (phase de croissance) et ils font qu&#8217;ils cro\u00eetraient plus que ce qui est normal. Aux deux, trois mois apr\u00e8s l&#8217;accouchement, les cheveux passent \u00e0 la phase t\u00e9log\u00e8ne (phase de chute). Ceci est d\u00fb \u00e0 que le niveau d&#8217;hormones revient \u00e0 la normale, ce qui provoque l&#8217;alop\u00e9cie. Il est comme si les cheveux qui n&#8217;ont pas tomb\u00e9 pendant la grossesse, tombe brusquement.<\/p>\n<p style=\"text-align: justify;\">Le stress de l&#8217;accouchement, une diminution de fer, une mauvaise alimentation et le mode de vie ont \u00e9galement une influence dans la perte des cheveux.<\/p>\n<h2 style=\"text-align: justify;\"><span style=\"color: #75c9d3;\">Traitement<\/span><\/h2>\n<p style=\"text-align: justify;\">L&#8217;alop\u00e9cie postpartum est in\u00e9vitable, car l&#8217;origine de celui-ci est hormonale. L&#8217;avantage de ce type de perte de cheveux est que si la personne suit les conseils d&#8217;un sp\u00e9cialiste en quelques mois aura un cheveu \u00e9gale ou sup\u00e9rieure \u00e0 celle qu&#8217;il avait avant la grossesse. Si on ne suivi pas aucun traitement, les cheveux se r\u00e9cup\u00e8rent mais en laissant toujours une masse capillaire beaucoup plus faible \u00e0 laquelle il avait avant de devenir enceinte.<\/p>\n<p style=\"text-align: justify;\">Il est conseill\u00e9 de suivre les conseils suivants pour r\u00e9duire les sympt\u00f4mes:<\/p>\n<ul>\n<li style=\"text-align: justify;\">Proc\u00e9der \u00e0 une alimentation \u00e9quilibr\u00e9e, en particulier avec un haute teneur en prot\u00e9ines.<\/li>\n<li style=\"text-align: justify;\">Limiter l&#8217;utilisation de s\u00e8che-cheveux, lisseurs de cheveux et les teintures capillaires.<\/li>\n<li style=\"text-align: justify;\">La prise de suppl\u00e9ments de vitamines, en particulier pour corriger les niveaux de fer corrects dans le cas qu&#8217;ils soient faibles.<\/li>\n<\/ul>\n<p>&nbsp;<\/p>\n","protected":false},"excerpt":{"rendered":"<p>[vc_row][vc_column][vc_row_inner][vc_column_inner][\/vc_column_inner][\/vc_row_inner][\/vc_column][\/vc_row][vc_row][vc_column width=&#8221;3\/4&#8243; css=&#8221;.vc_custom_1473066092346{margin-top: 0px !important;}&#8221;][vc_column_text css=&#8221;.vc_custom_1473066053815{margin-top: 0px !important;}&#8221;] Qu&#8217;est que c&#8217;est? Pendant la grossesse, les cheveux sont forts et denses comme cons\u00e9quence des taux \u00e9lev\u00e9s de progest\u00e9rone dans le sang. Apr\u00e8s avoir donn\u00e9 naissance, parfois, les cheveux commencent \u00e0 tomber exag\u00e9r\u00e9 et largement sur toute la surface du cuir chevelu. Qui est concern\u00e9? Il est [&hellip;]<\/p>\n","protected":false},"author":5,"featured_media":0,"parent":1696,"menu_order":0,"comment_status":"closed","ping_status":"closed","template":"soulmedic\/tpl-feature.php","meta":{"footnotes":""},"class_list":["post-1788","page","type-page","status-publish","hentry"],"yoast_head":"<!-- This site is optimized with the Yoast SEO plugin v19.12 - https:\/\/yoast.com\/wordpress\/plugins\/seo\/ -->\n<title>Alopecie post-partum\/physiologique|Dr. Lopez Gil|Clinique Alop\u00e9cie Teknon<\/title>\n<meta name=\"description\" content=\"Traitements pour arr\u00eater l&#039;alop\u00e9cie post-partum ou physiologique \u00e0 Barcelone. La technologie la plus avanc\u00e9e dans le traitement de la calvitie et l&#039;alop\u00e9cie\" \/>\n<meta name=\"robots\" content=\"index, follow, max-snippet:-1, max-image-preview:large, max-video-preview:-1\" \/>\n<link rel=\"canonical\" href=\"https:\/\/www.lopezgil.com\/fr\/chute-de-cheveux\/alopecie-post-partumphysiologique\/\" \/>\n<meta property=\"og:locale\" content=\"fr_FR\" \/>\n<meta property=\"og:type\" content=\"article\" \/>\n<meta property=\"og:title\" content=\"Alopecie post-partum\/physiologique|Dr. Lopez Gil|Clinique Alop\u00e9cie Teknon\" \/>\n<meta property=\"og:description\" content=\"Traitements pour arr\u00eater l&#039;alop\u00e9cie post-partum ou physiologique \u00e0 Barcelone. La technologie la plus avanc\u00e9e dans le traitement de la calvitie et l&#039;alop\u00e9cie\" \/>\n<meta property=\"og:url\" content=\"https:\/\/www.lopezgil.com\/fr\/chute-de-cheveux\/alopecie-post-partumphysiologique\/\" \/>\n<meta property=\"og:site_name\" content=\"Dr. Lopez Gil\" \/>\n<meta property=\"article:modified_time\" content=\"2019-12-10T16:31:05+00:00\" \/>\n<meta name=\"twitter:card\" content=\"summary_large_image\" \/>\n<meta name=\"twitter:label1\" content=\"Est. reading time\" \/>\n\t<meta name=\"twitter:data1\" content=\"2 minutes\" \/>\n<script type=\"application\/ld+json\" class=\"yoast-schema-graph\">{\"@context\":\"https:\/\/schema.org\",\"@graph\":[{\"@type\":\"WebPage\",\"@id\":\"https:\/\/www.lopezgil.com\/fr\/chute-de-cheveux\/alopecie-post-partumphysiologique\/\",\"url\":\"https:\/\/www.lopezgil.com\/fr\/chute-de-cheveux\/alopecie-post-partumphysiologique\/\",\"name\":\"Alopecie post-partum\/physiologique|Dr. Lopez Gil|Clinique Alop\u00e9cie Teknon\",\"isPartOf\":{\"@id\":\"https:\/\/www.lopezgil.com\/ca\/#website\"},\"datePublished\":\"2017-05-05T08:07:32+00:00\",\"dateModified\":\"2019-12-10T16:31:05+00:00\",\"description\":\"Traitements pour arr\u00eater l'alop\u00e9cie post-partum ou physiologique \u00e0 Barcelone. La technologie la plus avanc\u00e9e dans le traitement de la calvitie et l'alop\u00e9cie\",\"breadcrumb\":{\"@id\":\"https:\/\/www.lopezgil.com\/fr\/chute-de-cheveux\/alopecie-post-partumphysiologique\/#breadcrumb\"},\"inLanguage\":\"fr-FR\",\"potentialAction\":[{\"@type\":\"ReadAction\",\"target\":[\"https:\/\/www.lopezgil.com\/fr\/chute-de-cheveux\/alopecie-post-partumphysiologique\/\"]}]},{\"@type\":\"BreadcrumbList\",\"@id\":\"https:\/\/www.lopezgil.com\/fr\/chute-de-cheveux\/alopecie-post-partumphysiologique\/#breadcrumb\",\"itemListElement\":[{\"@type\":\"ListItem\",\"position\":1,\"name\":\"Portada\",\"item\":\"https:\/\/www.lopezgil.com\/fr\/\"},{\"@type\":\"ListItem\",\"position\":2,\"name\":\"Chute de cheveux\",\"item\":\"https:\/\/www.lopezgil.com\/fr\/chute-de-cheveux\/\"},{\"@type\":\"ListItem\",\"position\":3,\"name\":\"Alopecie post-partum\/physiologique\"}]},{\"@type\":\"WebSite\",\"@id\":\"https:\/\/www.lopezgil.com\/ca\/#website\",\"url\":\"https:\/\/www.lopezgil.com\/ca\/\",\"name\":\"Dr. Lopez Gil\",\"description\":\"Dermat\u00f3logo Barcelona\",\"potentialAction\":[{\"@type\":\"SearchAction\",\"target\":{\"@type\":\"EntryPoint\",\"urlTemplate\":\"https:\/\/www.lopezgil.com\/ca\/?s={search_term_string}\"},\"query-input\":\"required name=search_term_string\"}],\"inLanguage\":\"fr-FR\"}]}<\/script>\n<!-- \/ Yoast SEO plugin. -->","yoast_head_json":{"title":"Alopecie post-partum\/physiologique|Dr. Lopez Gil|Clinique Alop\u00e9cie Teknon","description":"Traitements pour arr\u00eater l'alop\u00e9cie post-partum ou physiologique \u00e0 Barcelone. La technologie la plus avanc\u00e9e dans le traitement de la calvitie et l'alop\u00e9cie","robots":{"index":"index","follow":"follow","max-snippet":"max-snippet:-1","max-image-preview":"max-image-preview:large","max-video-preview":"max-video-preview:-1"},"canonical":"https:\/\/www.lopezgil.com\/fr\/chute-de-cheveux\/alopecie-post-partumphysiologique\/","og_locale":"fr_FR","og_type":"article","og_title":"Alopecie post-partum\/physiologique|Dr. Lopez Gil|Clinique Alop\u00e9cie Teknon","og_description":"Traitements pour arr\u00eater l'alop\u00e9cie post-partum ou physiologique \u00e0 Barcelone. La technologie la plus avanc\u00e9e dans le traitement de la calvitie et l'alop\u00e9cie","og_url":"https:\/\/www.lopezgil.com\/fr\/chute-de-cheveux\/alopecie-post-partumphysiologique\/","og_site_name":"Dr. Lopez Gil","article_modified_time":"2019-12-10T16:31:05+00:00","twitter_card":"summary_large_image","twitter_misc":{"Est. reading time":"2 minutes"},"schema":{"@context":"https:\/\/schema.org","@graph":[{"@type":"WebPage","@id":"https:\/\/www.lopezgil.com\/fr\/chute-de-cheveux\/alopecie-post-partumphysiologique\/","url":"https:\/\/www.lopezgil.com\/fr\/chute-de-cheveux\/alopecie-post-partumphysiologique\/","name":"Alopecie post-partum\/physiologique|Dr. Lopez Gil|Clinique Alop\u00e9cie Teknon","isPartOf":{"@id":"https:\/\/www.lopezgil.com\/ca\/#website"},"datePublished":"2017-05-05T08:07:32+00:00","dateModified":"2019-12-10T16:31:05+00:00","description":"Traitements pour arr\u00eater l'alop\u00e9cie post-partum ou physiologique \u00e0 Barcelone. La technologie la plus avanc\u00e9e dans le traitement de la calvitie et l'alop\u00e9cie","breadcrumb":{"@id":"https:\/\/www.lopezgil.com\/fr\/chute-de-cheveux\/alopecie-post-partumphysiologique\/#breadcrumb"},"inLanguage":"fr-FR","potentialAction":[{"@type":"ReadAction","target":["https:\/\/www.lopezgil.com\/fr\/chute-de-cheveux\/alopecie-post-partumphysiologique\/"]}]},{"@type":"BreadcrumbList","@id":"https:\/\/www.lopezgil.com\/fr\/chute-de-cheveux\/alopecie-post-partumphysiologique\/#breadcrumb","itemListElement":[{"@type":"ListItem","position":1,"name":"Portada","item":"https:\/\/www.lopezgil.com\/fr\/"},{"@type":"ListItem","position":2,"name":"Chute de cheveux","item":"https:\/\/www.lopezgil.com\/fr\/chute-de-cheveux\/"},{"@type":"ListItem","position":3,"name":"Alopecie post-partum\/physiologique"}]},{"@type":"WebSite","@id":"https:\/\/www.lopezgil.com\/ca\/#website","url":"https:\/\/www.lopezgil.com\/ca\/","name":"Dr. Lopez Gil","description":"Dermat\u00f3logo Barcelona","potentialAction":[{"@type":"SearchAction","target":{"@type":"EntryPoint","urlTemplate":"https:\/\/www.lopezgil.com\/ca\/?s={search_term_string}"},"query-input":"required name=search_term_string"}],"inLanguage":"fr-FR"}]}},"_links":{"self":[{"href":"https:\/\/www.lopezgil.com\/fr\/wp-json\/wp\/v2\/pages\/1788","targetHints":{"allow":["GET"]}}],"collection":[{"href":"https:\/\/www.lopezgil.com\/fr\/wp-json\/wp\/v2\/pages"}],"about":[{"href":"https:\/\/www.lopezgil.com\/fr\/wp-json\/wp\/v2\/types\/page"}],"author":[{"embeddable":true,"href":"https:\/\/www.lopezgil.com\/fr\/wp-json\/wp\/v2\/users\/5"}],"replies":[{"embeddable":true,"href":"https:\/\/www.lopezgil.com\/fr\/wp-json\/wp\/v2\/comments?post=1788"}],"version-history":[{"count":1,"href":"https:\/\/www.lopezgil.com\/fr\/wp-json\/wp\/v2\/pages\/1788\/revisions"}],"predecessor-version":[{"id":1789,"href":"https:\/\/www.lopezgil.com\/fr\/wp-json\/wp\/v2\/pages\/1788\/revisions\/1789"}],"up":[{"embeddable":true,"href":"https:\/\/www.lopezgil.com\/fr\/wp-json\/wp\/v2\/pages\/1696"}],"wp:attachment":[{"href":"https:\/\/www.lopezgil.com\/fr\/wp-json\/wp\/v2\/media?parent=1788"}],"curies":[{"name":"wp","href":"https:\/\/api.w.org\/{rel}","templated":true}]}}