{"id":2691,"date":"2017-09-03T18:12:30","date_gmt":"2017-09-03T18:12:30","guid":{"rendered":"http:\/\/lopezgil.com\/enconstruccion\/tractaments-laser-barcelona\/varices\/"},"modified":"2019-12-08T20:23:27","modified_gmt":"2019-12-08T20:23:27","slug":"varius","status":"publish","type":"page","link":"https:\/\/www.lopezgil.com\/ca\/tractaments-laser-barcelona\/varius\/","title":{"rendered":"Varius"},"content":{"rendered":"<div id=\"fb-root\"><\/div>\n<p style=\"text-align: justify;\">[vc_row][vc_column][vc_row_inner][vc_column_inner]<script type=\"text\/javascript\">jQuery(function() { _initLayerSlider( '#layerslider_70_1p6x3kl6g8ujq', {sliderVersion: '', responsiveUnder: 0, layersContainer: 0, hideUnder: 0, hideOver: 100000, pauseOnHover: 1, skin: 'v5', sliderFadeInDuration: 350, useSrcset: true, skinsPath: 'https:\/\/www.lopezgil.com\/wp-content\/plugins\/LayerSlider\/assets\/static\/layerslider\/skins\/', type: 'responsive', showCircleTimer: false, performanceMode: true}); });<\/script><div id=\"layerslider_70_1p6x3kl6g8ujq\" class=\"ls-wp-container fitvidsignore\" style=\"width:600px;height:200px;margin:0 auto;margin-bottom: 0px;\"><div class=\"ls-slide\" data-ls=\"duration:4000;\"><img loading=\"lazy\" decoding=\"async\" width=\"600\" height=\"200\" src=\"https:\/\/www.lopezgil.com\/wp-content\/uploads\/drlopezgil-dermatologia-barcelona-600x200-varices-laserterapia.jpg\" class=\"ls-bg\" alt=\"dr-lopez-gil-dermatologia-dermatologo-barcelona-600x200-varices-laserterapia-laser\" srcset=\"https:\/\/www.lopezgil.com\/wp-content\/uploads\/drlopezgil-dermatologia-barcelona-600x200-varices-laserterapia.jpg 600w, https:\/\/www.lopezgil.com\/wp-content\/uploads\/drlopezgil-dermatologia-barcelona-600x200-varices-laserterapia-300x100.jpg 300w\" sizes=\"auto, (max-width: 600px) 100vw, 600px\" \/><\/div><\/div>[\/vc_column_inner][\/vc_row_inner][\/vc_column][\/vc_row][vc_row][vc_column width=&#8221;3\/4&#8243; css=&#8221;.vc_custom_1473066092346{margin-top: 0px !important;}&#8221;][vc_column_text css=&#8221;.vc_custom_1473066053815{margin-top: 0px !important;}&#8221;]\n<h2 style=\"text-align: justify;\"><span style=\"color: #75c9d3;\"><strong>Qu\u00e8 s\u00f3n?<\/strong><\/span><\/h2>\n<p style=\"text-align: justify;\">Les varius son una de les consultes m\u00e9s freq\u00fcents que tenim els dermat\u00f2legs. Son venen inflamades que apareixen generalment a les extremitats inferiors a causa d\u2019una acumulaci\u00f3 anormal de sang, fet que faci que les venes s\u2019eixamplin i es dilatin.<\/p>\n<p style=\"text-align: justify;\">Aquesta acumulaci\u00f3 \u00e9s deguda a un mal funcionament de les v\u00e0lvules que hi ha a les venes que impedeixen el retorn del flux sanguini cap al peu i afavoreix que arribi la sang al cor. Si la vena est\u00e0 dilatada, aquestes v\u00e0lvules no poden realitzar b\u00e9 la seva funci\u00f3.<\/p>\n<p style=\"text-align: justify;\">No representen cap problema de salut, tot i que moltes vegades s\u2019eliminen perqu\u00e8 suposen una incomoditat est\u00e8tica.<\/p>\n<h2 style=\"text-align: justify;\"><span style=\"color: #75c9d3;\"><strong>A qui afecta?<\/strong><\/span><\/h2>\n<p style=\"text-align: justify;\">Afecten a un 25% aproximat de la poblaci\u00f3 adulta i la seva prevalen\u00e7a augmenta amb l\u2019edat, sobretot a les dones.<\/p>\n<h2 style=\"text-align: justify;\"><span style=\"color: #75c9d3;\"><strong>Causes<\/strong><\/span><\/h2>\n<p style=\"text-align: justify;\">Els factors que afavoreixen el risc de desenvolupar les varius son:<\/p>\n<ul style=\"text-align: justify;\">\n<li>Factor gen\u00e8tic<\/li>\n<li>Embar\u00e0s<\/li>\n<li>Obesitat o sobrep\u00e8s<\/li>\n<li>Vida sedent\u00e0ria<\/li>\n<\/ul>\n<h2 style=\"text-align: justify;\"><span style=\"color: #75c9d3;\"><strong>Tipus<\/strong><\/span><\/h2>\n<p style=\"text-align: justify;\">Ens podem trobar amb:<\/p>\n<ul style=\"text-align: justify;\">\n<li><u>Varius superficials<\/u>: son les conegudes com a telangiectasies o aranyes vascular. \u00c9s el tipus m\u00e9s freq\u00fcent.<\/li>\n<li><u>Varius tronculars:<\/u> son les varius pr\u00f2piament dites. Presenten diferents graus de dilataci\u00f3 i son m\u00e9s o menys visibles.<\/li>\n<\/ul>\n<h2 style=\"text-align: justify;\"><span style=\"color: #75c9d3;\"><strong>Tractament<\/strong><\/span><\/h2>\n<p style=\"text-align: justify;\">\u00c9s molt important realitzar un diagn\u00f2stic per un especialista per a determinar l\u2019origen d\u2019aquestes dilatacions venoses. A continuaci\u00f3 d\u2019un eco-Doppler ven\u00f3s ens dona la informaci\u00f3 de l\u2019anatomia de la variu, aix\u00ed com les opcions m\u00e8diques que es poden realitzar per a la seva eliminaci\u00f3.<\/p>\n<p style=\"text-align: justify;\">Si hi ha una comunicaci\u00f3 entre el sistema ven\u00f3s profund i el sistema ven\u00f3s superficial, llavors la soluci\u00f3 habitual \u00e9s la cirurgia o b\u00e9 el l\u00e0ser intraluminal. Quan hi ha comunicaci\u00f3 es pot diferenciar entre:<\/p>\n<ul style=\"text-align: justify;\">\n<li>Di\u00e0metre de les venes inferior a 0,5 cm: l\u00e0ser vascular.<\/li>\n<li>Di\u00e0metre de les venes superior a 0,5 cm: injeccions d\u2019escleroter\u00e0pia.<\/li>\n<\/ul>\n<p style=\"text-align: justify;\"><u>\u00c9s dolor\u00f3s?<\/u><\/p>\n<p style=\"text-align: justify;\">A la cl\u00ednica realitzem el tractament amb l\u00e0ser vascular. Es pot aplicar crema anest\u00e8sica a la zona per tal de minimitzar al m\u00e0xim qualsevol mol\u00e8stia per al pacient.<\/p>\n<p style=\"text-align: justify;\"><u>Quantes sessions son necess\u00e0ries?<\/u><\/p>\n<p style=\"text-align: justify;\">A la majoria dels casos, son necess\u00e0ries entre 3 i 4 sessions.<\/p>\n<p style=\"text-align: justify;\"><u>Quina durada t\u00e9 el tractament? <\/u><\/p>\n<p style=\"text-align: justify;\">\u00c9s un tractament molt efectiu ja que una vegada eliminat no torna a sortir a apar\u00e8ixer sempre i quan es realitza activitat f\u00edsica i es porti una vida saludable.<\/p>\n<h2 style=\"text-align: justify;\"><span style=\"color: #75c9d3;\"><strong>Consells previs al tractament<\/strong><\/span><\/h2>\n<ul style=\"text-align: justify;\">\n<li>Imprescindible realitzar una exploraci\u00f3 Eco \u2013 Doppler per a determinar com est\u00e0 l\u2019arbre vascular de les extremitats inferiors.<\/li>\n<li>Si hi ha una insufici\u00e8ncia lleu o moderada en les extremitats, s\u2019hauria de realitzar dues sessions de pressoter\u00e0pia abans de realitzar la primera sessi\u00f3 de l\u00e0ser.<\/li>\n<\/ul>\n<h2 style=\"text-align: justify;\"><span style=\"color: #75c9d3;\"><strong>Consells post tractament<\/strong><\/span><\/h2>\n<ul>\n<li style=\"text-align: justify;\">Utilitzar mitges de compressi\u00f3 moderada.<\/li>\n<li style=\"text-align: justify;\">Portar una vida saludable.<\/li>\n<li style=\"text-align: justify;\">Realitzar activitat f\u00edsica<\/li>\n<li style=\"text-align: justify;\">No exposar-se al sol<\/li>\n<li style=\"text-align: justify;\">Si no hi ha contraindicaci\u00f3 m\u00e8dica, realitzar dues sessions de pressoter\u00e0pia.<\/li>\n<\/ul>\n","protected":false},"excerpt":{"rendered":"<p>[vc_row][vc_column][vc_row_inner][vc_column_inner][\/vc_column_inner][\/vc_row_inner][\/vc_column][\/vc_row][vc_row][vc_column width=&#8221;3\/4&#8243; css=&#8221;.vc_custom_1473066092346{margin-top: 0px !important;}&#8221;][vc_column_text css=&#8221;.vc_custom_1473066053815{margin-top: 0px !important;}&#8221;] Qu\u00e8 s\u00f3n? Les varius son una de les consultes m\u00e9s freq\u00fcents que tenim els dermat\u00f2legs. Son venen inflamades que apareixen generalment a les extremitats inferiors a causa d\u2019una acumulaci\u00f3 anormal de sang, fet que faci que les venes s\u2019eixamplin i es dilatin. Aquesta acumulaci\u00f3 \u00e9s deguda a [&hellip;]<\/p>\n","protected":false},"author":5,"featured_media":0,"parent":2644,"menu_order":0,"comment_status":"closed","ping_status":"closed","template":"soulmedic\/tpl-feature.php","meta":{"footnotes":""},"class_list":["post-2691","page","type-page","status-publish","hentry"],"yoast_head":"<!-- This site is optimized with the Yoast SEO plugin v19.12 - https:\/\/yoast.com\/wordpress\/plugins\/seo\/ -->\n<title>Varius | Dr. Lopez Gil | Clinica est\u00e8tica Teknon Barcelona<\/title>\n<meta name=\"description\" content=\"Cl\u00ednica especialista en el tractament per eliminar varius i aranyes vasculars sense cirurgia amb la tecnologia l\u00e0ser m\u00e9s avan\u00e7ada. Cl\u00ednica Teknon, Barcelona\" \/>\n<meta name=\"robots\" content=\"index, follow, max-snippet:-1, max-image-preview:large, max-video-preview:-1\" \/>\n<link rel=\"canonical\" href=\"https:\/\/www.lopezgil.com\/ca\/tractaments-laser-barcelona\/varius\/\" \/>\n<meta property=\"og:locale\" content=\"ca_ES\" \/>\n<meta property=\"og:type\" content=\"article\" \/>\n<meta property=\"og:title\" content=\"Varius | Dr. Lopez Gil | Clinica est\u00e8tica Teknon Barcelona\" \/>\n<meta property=\"og:description\" content=\"Cl\u00ednica especialista en el tractament per eliminar varius i aranyes vasculars sense cirurgia amb la tecnologia l\u00e0ser m\u00e9s avan\u00e7ada. Cl\u00ednica Teknon, Barcelona\" \/>\n<meta property=\"og:url\" content=\"https:\/\/www.lopezgil.com\/ca\/tractaments-laser-barcelona\/varius\/\" \/>\n<meta property=\"og:site_name\" content=\"Dr. Lopez Gil\" \/>\n<meta property=\"article:modified_time\" content=\"2019-12-08T20:23:27+00:00\" \/>\n<meta name=\"twitter:card\" content=\"summary_large_image\" \/>\n<meta name=\"twitter:label1\" content=\"Est. reading time\" \/>\n\t<meta name=\"twitter:data1\" content=\"3 minutes\" \/>\n<script type=\"application\/ld+json\" class=\"yoast-schema-graph\">{\"@context\":\"https:\/\/schema.org\",\"@graph\":[{\"@type\":\"WebPage\",\"@id\":\"https:\/\/www.lopezgil.com\/ca\/tractaments-laser-barcelona\/varius\/\",\"url\":\"https:\/\/www.lopezgil.com\/ca\/tractaments-laser-barcelona\/varius\/\",\"name\":\"Varius | Dr. Lopez Gil | Clinica est\u00e8tica Teknon Barcelona\",\"isPartOf\":{\"@id\":\"https:\/\/www.lopezgil.com\/ca\/#website\"},\"datePublished\":\"2017-09-03T18:12:30+00:00\",\"dateModified\":\"2019-12-08T20:23:27+00:00\",\"description\":\"Cl\u00ednica especialista en el tractament per eliminar varius i aranyes vasculars sense cirurgia amb la tecnologia l\u00e0ser m\u00e9s avan\u00e7ada. Cl\u00ednica Teknon, Barcelona\",\"breadcrumb\":{\"@id\":\"https:\/\/www.lopezgil.com\/ca\/tractaments-laser-barcelona\/varius\/#breadcrumb\"},\"inLanguage\":\"ca\",\"potentialAction\":[{\"@type\":\"ReadAction\",\"target\":[\"https:\/\/www.lopezgil.com\/ca\/tractaments-laser-barcelona\/varius\/\"]}]},{\"@type\":\"BreadcrumbList\",\"@id\":\"https:\/\/www.lopezgil.com\/ca\/tractaments-laser-barcelona\/varius\/#breadcrumb\",\"itemListElement\":[{\"@type\":\"ListItem\",\"position\":1,\"name\":\"Portada\",\"item\":\"https:\/\/www.lopezgil.com\/ca\/\"},{\"@type\":\"ListItem\",\"position\":2,\"name\":\"Laserter\u00e0pia\",\"item\":\"https:\/\/www.lopezgil.com\/ca\/tractaments-laser-barcelona\/\"},{\"@type\":\"ListItem\",\"position\":3,\"name\":\"Varius\"}]},{\"@type\":\"WebSite\",\"@id\":\"https:\/\/www.lopezgil.com\/ca\/#website\",\"url\":\"https:\/\/www.lopezgil.com\/ca\/\",\"name\":\"Dr. Lopez Gil\",\"description\":\"Dermat\u00f3logo Barcelona\",\"potentialAction\":[{\"@type\":\"SearchAction\",\"target\":{\"@type\":\"EntryPoint\",\"urlTemplate\":\"https:\/\/www.lopezgil.com\/ca\/?s={search_term_string}\"},\"query-input\":\"required name=search_term_string\"}],\"inLanguage\":\"ca\"}]}<\/script>\n<!-- \/ Yoast SEO plugin. -->","yoast_head_json":{"title":"Varius | Dr. Lopez Gil | Clinica est\u00e8tica Teknon Barcelona","description":"Cl\u00ednica especialista en el tractament per eliminar varius i aranyes vasculars sense cirurgia amb la tecnologia l\u00e0ser m\u00e9s avan\u00e7ada. Cl\u00ednica Teknon, Barcelona","robots":{"index":"index","follow":"follow","max-snippet":"max-snippet:-1","max-image-preview":"max-image-preview:large","max-video-preview":"max-video-preview:-1"},"canonical":"https:\/\/www.lopezgil.com\/ca\/tractaments-laser-barcelona\/varius\/","og_locale":"ca_ES","og_type":"article","og_title":"Varius | Dr. Lopez Gil | Clinica est\u00e8tica Teknon Barcelona","og_description":"Cl\u00ednica especialista en el tractament per eliminar varius i aranyes vasculars sense cirurgia amb la tecnologia l\u00e0ser m\u00e9s avan\u00e7ada. Cl\u00ednica Teknon, Barcelona","og_url":"https:\/\/www.lopezgil.com\/ca\/tractaments-laser-barcelona\/varius\/","og_site_name":"Dr. Lopez Gil","article_modified_time":"2019-12-08T20:23:27+00:00","twitter_card":"summary_large_image","twitter_misc":{"Est. reading time":"3 minutes"},"schema":{"@context":"https:\/\/schema.org","@graph":[{"@type":"WebPage","@id":"https:\/\/www.lopezgil.com\/ca\/tractaments-laser-barcelona\/varius\/","url":"https:\/\/www.lopezgil.com\/ca\/tractaments-laser-barcelona\/varius\/","name":"Varius | Dr. Lopez Gil | Clinica est\u00e8tica Teknon Barcelona","isPartOf":{"@id":"https:\/\/www.lopezgil.com\/ca\/#website"},"datePublished":"2017-09-03T18:12:30+00:00","dateModified":"2019-12-08T20:23:27+00:00","description":"Cl\u00ednica especialista en el tractament per eliminar varius i aranyes vasculars sense cirurgia amb la tecnologia l\u00e0ser m\u00e9s avan\u00e7ada. Cl\u00ednica Teknon, Barcelona","breadcrumb":{"@id":"https:\/\/www.lopezgil.com\/ca\/tractaments-laser-barcelona\/varius\/#breadcrumb"},"inLanguage":"ca","potentialAction":[{"@type":"ReadAction","target":["https:\/\/www.lopezgil.com\/ca\/tractaments-laser-barcelona\/varius\/"]}]},{"@type":"BreadcrumbList","@id":"https:\/\/www.lopezgil.com\/ca\/tractaments-laser-barcelona\/varius\/#breadcrumb","itemListElement":[{"@type":"ListItem","position":1,"name":"Portada","item":"https:\/\/www.lopezgil.com\/ca\/"},{"@type":"ListItem","position":2,"name":"Laserter\u00e0pia","item":"https:\/\/www.lopezgil.com\/ca\/tractaments-laser-barcelona\/"},{"@type":"ListItem","position":3,"name":"Varius"}]},{"@type":"WebSite","@id":"https:\/\/www.lopezgil.com\/ca\/#website","url":"https:\/\/www.lopezgil.com\/ca\/","name":"Dr. Lopez Gil","description":"Dermat\u00f3logo Barcelona","potentialAction":[{"@type":"SearchAction","target":{"@type":"EntryPoint","urlTemplate":"https:\/\/www.lopezgil.com\/ca\/?s={search_term_string}"},"query-input":"required name=search_term_string"}],"inLanguage":"ca"}]}},"_links":{"self":[{"href":"https:\/\/www.lopezgil.com\/ca\/wp-json\/wp\/v2\/pages\/2691","targetHints":{"allow":["GET"]}}],"collection":[{"href":"https:\/\/www.lopezgil.com\/ca\/wp-json\/wp\/v2\/pages"}],"about":[{"href":"https:\/\/www.lopezgil.com\/ca\/wp-json\/wp\/v2\/types\/page"}],"author":[{"embeddable":true,"href":"https:\/\/www.lopezgil.com\/ca\/wp-json\/wp\/v2\/users\/5"}],"replies":[{"embeddable":true,"href":"https:\/\/www.lopezgil.com\/ca\/wp-json\/wp\/v2\/comments?post=2691"}],"version-history":[{"count":2,"href":"https:\/\/www.lopezgil.com\/ca\/wp-json\/wp\/v2\/pages\/2691\/revisions"}],"predecessor-version":[{"id":2693,"href":"https:\/\/www.lopezgil.com\/ca\/wp-json\/wp\/v2\/pages\/2691\/revisions\/2693"}],"up":[{"embeddable":true,"href":"https:\/\/www.lopezgil.com\/ca\/wp-json\/wp\/v2\/pages\/2644"}],"wp:attachment":[{"href":"https:\/\/www.lopezgil.com\/ca\/wp-json\/wp\/v2\/media?parent=2691"}],"curies":[{"name":"wp","href":"https:\/\/api.w.org\/{rel}","templated":true}]}}