{"id":2664,"date":"2016-06-16T10:00:49","date_gmt":"2016-06-16T10:00:49","guid":{"rendered":"http:\/\/lopezgil.com\/enconstruccion\/tractaments-laser-barcelona\/aranas-vasculares\/"},"modified":"2019-12-08T20:37:04","modified_gmt":"2019-12-08T20:37:04","slug":"aranyes-vasculars","status":"publish","type":"page","link":"https:\/\/www.lopezgil.com\/ca\/tractaments-laser-barcelona\/aranyes-vasculars\/","title":{"rendered":"Aranyes vasculars"},"content":{"rendered":"<div id=\"fb-root\"><\/div>\n<p style=\"text-align: justify;\">[vc_row][vc_column][vc_row_inner][vc_column_inner]<script type=\"text\/javascript\">jQuery(function() { _initLayerSlider( '#layerslider_76_1sbbdj77c2b7o', {sliderVersion: '', responsiveUnder: 0, layersContainer: 0, hideUnder: 0, hideOver: 100000, pauseOnHover: 1, skin: 'v5', sliderFadeInDuration: 350, useSrcset: true, skinsPath: 'https:\/\/www.lopezgil.com\/wp-content\/plugins\/LayerSlider\/assets\/static\/layerslider\/skins\/', type: 'responsive', showCircleTimer: false, performanceMode: true}); });<\/script><div id=\"layerslider_76_1sbbdj77c2b7o\" class=\"ls-wp-container fitvidsignore\" style=\"width:600px;height:200px;margin:0 auto;margin-bottom: 0px;\"><div class=\"ls-slide\" data-ls=\"duration:4000;\"><img loading=\"lazy\" decoding=\"async\" width=\"600\" height=\"200\" src=\"https:\/\/www.lopezgil.com\/wp-content\/uploads\/drlopezgil-dermatologia-barcelona-600x200-aran\u0303as-vasculares-laserterapia.jpg\" class=\"ls-bg\" alt=\"dermatologia-barcelona-600x200-aran\u0303as-vasculares-laserterapia-laser\" srcset=\"https:\/\/www.lopezgil.com\/wp-content\/uploads\/drlopezgil-dermatologia-barcelona-600x200-aran\u0303as-vasculares-laserterapia.jpg 600w, https:\/\/www.lopezgil.com\/wp-content\/uploads\/drlopezgil-dermatologia-barcelona-600x200-aran\u0303as-vasculares-laserterapia-300x100.jpg 300w\" sizes=\"auto, (max-width: 600px) 100vw, 600px\" \/><\/div><\/div>[\/vc_column_inner][\/vc_row_inner][\/vc_column][\/vc_row][vc_row][vc_column width=&#8221;3\/4&#8243; css=&#8221;.vc_custom_1473066092346{margin-top: 0px !important;}&#8221;][vc_column_text css=&#8221;.vc_custom_1473066053815{margin-top: 0px !important;}&#8221;]\n<h2 style=\"text-align: justify;\"><span style=\"color: #75c9d3;\"><strong>Qu\u00e8 s\u00f3n?<\/strong><\/span><\/h2>\n<p style=\"text-align: justify;\">Les aranyes vasculars o telangi\u00e8ctasis no s\u00f3n un problema de salut, per\u00f2 poden causar sensacions desagradables i problemes est\u00e8tics. Es caracteritzen per ser dilatacions dels vasos sanguinis m\u00e9s superficials i que es localitzen immediatament a sota de la pell. Acostumen a apar\u00e8ixer en les cames degut a la pressi\u00f3 del pes corporal, per\u00f2 tamb\u00e9 poden sorgir en la cara i escot, aix\u00ed com en d\u2019altres parts del cos.<\/p>\n<h2 style=\"text-align: justify;\"><span style=\"color: #75c9d3;\"><strong>A qui afecta?<\/strong><\/span><\/h2>\n<p style=\"text-align: justify;\">Principalment, les dones (30-40%) tenen m\u00e9s tend\u00e8ncia a patir problemes vasculars que els homes (5-15%).<\/p>\n<h2 style=\"text-align: justify;\"><span style=\"color: #75c9d3;\"><strong>Causes<\/strong><\/span><\/h2>\n<p style=\"text-align: justify;\"><u>EXTREMITATS INFERIORS:<\/u><\/p>\n<p style=\"text-align: justify;\">Quan hi ha una insufici\u00e8ncia valvular a nivell de les extremitats inferiors, hi ha un augment de la pressi\u00f3 local, provocant que els capil\u00b7lars es dilatin, es carreguin m\u00e9s de sang i es vegin a trav\u00e9s de la pell.<\/p>\n<p style=\"text-align: justify;\">Les causes principals s\u00f3n:<\/p>\n<ul style=\"text-align: justify;\">\n<li>Her\u00e8ncia gen\u00e8tica<\/li>\n<li>Sobrep\u00e8s<\/li>\n<li>Pas del temps<\/li>\n<li>Sedentarisme<\/li>\n<li>Exposici\u00f3 al sol<\/li>\n<li>Alteracions hormonals (embar\u00e0s, menopausa, pubertat)<\/li>\n<li>Anticonceptius orals<\/li>\n<\/ul>\n<p style=\"text-align: justify;\"><u>FACIALS<\/u><\/p>\n<p style=\"text-align: justify;\">Les causes principals s\u00f3n:<\/p>\n<ul style=\"text-align: justify;\">\n<li>Tipus de pell (blanques)<\/li>\n<li>Embar\u00e0s<\/li>\n<li>Exposici\u00f3 al sol<\/li>\n<\/ul>\n<h2 style=\"text-align: justify;\"><span style=\"color: #75c9d3;\"><strong>Tractament<\/strong><\/span><\/h2>\n<p style=\"text-align: justify;\"><u>En qu\u00e8 consisteix?<\/u><\/p>\n<p style=\"text-align: justify;\">Per tractar les aranyes vasculars existeixen dos tipus de tractaments principals: l\u2019escleroter\u00e0pia i la laserter\u00e0pia.<\/p>\n<p style=\"text-align: justify;\">Depenent del di\u00e0metre s\u2019utilitzar\u00e0 un tractament o un altre.<\/p>\n<ul style=\"text-align: justify;\">\n<li>Di\u00e0metre &lt;5mm:<\/li>\n<\/ul>\n<p style=\"text-align: justify;\">Per la seva efic\u00e0cia i seguretat, recomanem emprar els l\u00e0sers vasculars. Aquest emeten una energia lum\u00ednica que \u00e9s reabsorbida per l\u2019hemoglobina i una vegada absorbida, la paret del vas es tanca per efecte t\u00e8rmic.<\/p>\n<p style=\"text-align: justify;\">Segons el di\u00e0metre i profunditat dels vasos, utilitzem diferents tipus de l\u00e0ser:<\/p>\n<ul style=\"text-align: justify;\">\n<li>L\u00e0ser de KTP: aranyes vasculars superficials de menys d\u20191 mil\u00b7l\u00edmetre de di\u00e0metre.<\/li>\n<li>L\u00e0ser Nd: YAG: molt \u00fatil per tractar var\u00edcules de fins a 4mm de di\u00e0metre i m\u00e9s profundes.<\/li>\n<\/ul>\n<ul style=\"text-align: justify;\">\n<li>Di\u00e0metre &gt;5mm:<\/li>\n<\/ul>\n<p style=\"text-align: justify;\">En aquests casos, es recomana utilitzar l\u2019escleroter\u00e0pia o els l\u00e0sers intravasculars o la cirurgia.<\/p>\n<p style=\"text-align: justify;\"><u>\u00c9s dolor\u00f3s?<\/u><\/p>\n<p style=\"text-align: justify;\">Els l\u00e0sers al tenir un cap\u00e7al refrigerat minimitzen al m\u00e0xim qualsevol possible mol\u00e8stia.<\/p>\n<p style=\"text-align: justify;\"><u>Quantes sessions s\u00f3n necess\u00e0ries?<\/u><\/p>\n<p style=\"text-align: justify;\">En el cas de les aranyes vasculars en les extremitats inferiors es requereix un m\u00ednim de tres sessions espaiades cada 4-6 setmanes i en les facials amb una, m\u00e0xim dos.<\/p>\n<p style=\"text-align: justify;\"><u>Quina duraci\u00f3 te el tractament?<\/u><\/p>\n<p style=\"text-align: justify;\">Els tractaments actuals tenen una taxa d\u2019\u00e8xit molt elevada, encara que poden sorgir d\u2019altres. Per evitar la seva aparici\u00f3 recomanem portar un estil de vida saludable, aix\u00ed com l\u2019\u00fas de mitges de compressi\u00f3 en les persones m\u00e9s propenses a patir-les.<\/p>\n<h2 style=\"text-align: justify;\"><span style=\"color: #75c9d3;\"><strong>Consells previs al tractament<\/strong><\/span><\/h2>\n<ul style=\"text-align: justify;\">\n<li>Imprescindible realitzar una exploraci\u00f3 Eco-Doppler per determinar com est\u00e0 l\u2019arbre vascular de les extremitats inferiors.<\/li>\n<li>Si hi ha una insufici\u00e8ncia lleu o moderada en les extremitats fer dues sessions de pressoter\u00e0pia abans de realitzar la primera sessi\u00f3 de l\u00e0ser.<\/li>\n<\/ul>\n<h2 style=\"text-align: justify;\"><span style=\"color: #75c9d3;\"><strong>Consells post tractament<\/strong><\/span><\/h2>\n<ul>\n<li style=\"text-align: justify;\">Utilitzar mitges de compressi\u00f3 moderada.<\/li>\n<li style=\"text-align: justify;\">Portar un estil de vida saludable<\/li>\n<li style=\"text-align: justify;\">Realitzar activitat f\u00edsica<\/li>\n<li style=\"text-align: justify;\">No exposar-se al sol<\/li>\n<li style=\"text-align: justify;\">Si no hi ha problemes venosos importants es recomana dues sessions de pressoter\u00e0pia.<\/li>\n<\/ul>\n","protected":false},"excerpt":{"rendered":"<p>[vc_row][vc_column][vc_row_inner][vc_column_inner][\/vc_column_inner][\/vc_row_inner][\/vc_column][\/vc_row][vc_row][vc_column width=&#8221;3\/4&#8243; css=&#8221;.vc_custom_1473066092346{margin-top: 0px !important;}&#8221;][vc_column_text css=&#8221;.vc_custom_1473066053815{margin-top: 0px !important;}&#8221;] Qu\u00e8 s\u00f3n? Les aranyes vasculars o telangi\u00e8ctasis no s\u00f3n un problema de salut, per\u00f2 poden causar sensacions desagradables i problemes est\u00e8tics. Es caracteritzen per ser dilatacions dels vasos sanguinis m\u00e9s superficials i que es localitzen immediatament a sota de la pell. Acostumen a apar\u00e8ixer en les cames [&hellip;]<\/p>\n","protected":false},"author":5,"featured_media":0,"parent":2644,"menu_order":0,"comment_status":"closed","ping_status":"closed","template":"soulmedic\/tpl-feature.php","meta":{"footnotes":""},"class_list":["post-2664","page","type-page","status-publish","hentry"],"yoast_head":"<!-- This site is optimized with the Yoast SEO plugin v19.12 - https:\/\/yoast.com\/wordpress\/plugins\/seo\/ -->\n<title>Aranyes vasculars | Dr. Lopez Gil | Cl\u00ednica Est\u00e8tica Teknon Barcelona<\/title>\n<meta name=\"description\" content=\"Cl\u00ednica especialista en el tractament per eliminar aranyes vasculars sense cirurgia, amb la tecnologia l\u00e0ser m\u00e9s avan\u00e7ada. Cl\u00ednica Teknon, Barcelona.\" \/>\n<meta name=\"robots\" content=\"index, follow, max-snippet:-1, max-image-preview:large, max-video-preview:-1\" \/>\n<link rel=\"canonical\" href=\"https:\/\/www.lopezgil.com\/ca\/tractaments-laser-barcelona\/aranyes-vasculars\/\" \/>\n<meta property=\"og:locale\" content=\"ca_ES\" \/>\n<meta property=\"og:type\" content=\"article\" \/>\n<meta property=\"og:title\" content=\"Aranyes vasculars | Dr. Lopez Gil | Cl\u00ednica Est\u00e8tica Teknon Barcelona\" \/>\n<meta property=\"og:description\" content=\"Cl\u00ednica especialista en el tractament per eliminar aranyes vasculars sense cirurgia, amb la tecnologia l\u00e0ser m\u00e9s avan\u00e7ada. Cl\u00ednica Teknon, Barcelona.\" \/>\n<meta property=\"og:url\" content=\"https:\/\/www.lopezgil.com\/ca\/tractaments-laser-barcelona\/aranyes-vasculars\/\" \/>\n<meta property=\"og:site_name\" content=\"Dr. Lopez Gil\" \/>\n<meta property=\"article:modified_time\" content=\"2019-12-08T20:37:04+00:00\" \/>\n<meta name=\"twitter:card\" content=\"summary_large_image\" \/>\n<meta name=\"twitter:label1\" content=\"Est. reading time\" \/>\n\t<meta name=\"twitter:data1\" content=\"3 minutes\" \/>\n<script type=\"application\/ld+json\" class=\"yoast-schema-graph\">{\"@context\":\"https:\/\/schema.org\",\"@graph\":[{\"@type\":\"WebPage\",\"@id\":\"https:\/\/www.lopezgil.com\/ca\/tractaments-laser-barcelona\/aranyes-vasculars\/\",\"url\":\"https:\/\/www.lopezgil.com\/ca\/tractaments-laser-barcelona\/aranyes-vasculars\/\",\"name\":\"Aranyes vasculars | Dr. Lopez Gil | Cl\u00ednica Est\u00e8tica Teknon Barcelona\",\"isPartOf\":{\"@id\":\"https:\/\/www.lopezgil.com\/ca\/#website\"},\"datePublished\":\"2016-06-16T10:00:49+00:00\",\"dateModified\":\"2019-12-08T20:37:04+00:00\",\"description\":\"Cl\u00ednica especialista en el tractament per eliminar aranyes vasculars sense cirurgia, amb la tecnologia l\u00e0ser m\u00e9s avan\u00e7ada. Cl\u00ednica Teknon, Barcelona.\",\"breadcrumb\":{\"@id\":\"https:\/\/www.lopezgil.com\/ca\/tractaments-laser-barcelona\/aranyes-vasculars\/#breadcrumb\"},\"inLanguage\":\"ca\",\"potentialAction\":[{\"@type\":\"ReadAction\",\"target\":[\"https:\/\/www.lopezgil.com\/ca\/tractaments-laser-barcelona\/aranyes-vasculars\/\"]}]},{\"@type\":\"BreadcrumbList\",\"@id\":\"https:\/\/www.lopezgil.com\/ca\/tractaments-laser-barcelona\/aranyes-vasculars\/#breadcrumb\",\"itemListElement\":[{\"@type\":\"ListItem\",\"position\":1,\"name\":\"Portada\",\"item\":\"https:\/\/www.lopezgil.com\/ca\/\"},{\"@type\":\"ListItem\",\"position\":2,\"name\":\"Laserter\u00e0pia\",\"item\":\"https:\/\/www.lopezgil.com\/ca\/tractaments-laser-barcelona\/\"},{\"@type\":\"ListItem\",\"position\":3,\"name\":\"Aranyes vasculars\"}]},{\"@type\":\"WebSite\",\"@id\":\"https:\/\/www.lopezgil.com\/ca\/#website\",\"url\":\"https:\/\/www.lopezgil.com\/ca\/\",\"name\":\"Dr. Lopez Gil\",\"description\":\"Dermat\u00f3logo Barcelona\",\"potentialAction\":[{\"@type\":\"SearchAction\",\"target\":{\"@type\":\"EntryPoint\",\"urlTemplate\":\"https:\/\/www.lopezgil.com\/ca\/?s={search_term_string}\"},\"query-input\":\"required name=search_term_string\"}],\"inLanguage\":\"ca\"}]}<\/script>\n<!-- \/ Yoast SEO plugin. -->","yoast_head_json":{"title":"Aranyes vasculars | Dr. Lopez Gil | Cl\u00ednica Est\u00e8tica Teknon Barcelona","description":"Cl\u00ednica especialista en el tractament per eliminar aranyes vasculars sense cirurgia, amb la tecnologia l\u00e0ser m\u00e9s avan\u00e7ada. Cl\u00ednica Teknon, Barcelona.","robots":{"index":"index","follow":"follow","max-snippet":"max-snippet:-1","max-image-preview":"max-image-preview:large","max-video-preview":"max-video-preview:-1"},"canonical":"https:\/\/www.lopezgil.com\/ca\/tractaments-laser-barcelona\/aranyes-vasculars\/","og_locale":"ca_ES","og_type":"article","og_title":"Aranyes vasculars | Dr. Lopez Gil | Cl\u00ednica Est\u00e8tica Teknon Barcelona","og_description":"Cl\u00ednica especialista en el tractament per eliminar aranyes vasculars sense cirurgia, amb la tecnologia l\u00e0ser m\u00e9s avan\u00e7ada. Cl\u00ednica Teknon, Barcelona.","og_url":"https:\/\/www.lopezgil.com\/ca\/tractaments-laser-barcelona\/aranyes-vasculars\/","og_site_name":"Dr. Lopez Gil","article_modified_time":"2019-12-08T20:37:04+00:00","twitter_card":"summary_large_image","twitter_misc":{"Est. reading time":"3 minutes"},"schema":{"@context":"https:\/\/schema.org","@graph":[{"@type":"WebPage","@id":"https:\/\/www.lopezgil.com\/ca\/tractaments-laser-barcelona\/aranyes-vasculars\/","url":"https:\/\/www.lopezgil.com\/ca\/tractaments-laser-barcelona\/aranyes-vasculars\/","name":"Aranyes vasculars | Dr. Lopez Gil | Cl\u00ednica Est\u00e8tica Teknon Barcelona","isPartOf":{"@id":"https:\/\/www.lopezgil.com\/ca\/#website"},"datePublished":"2016-06-16T10:00:49+00:00","dateModified":"2019-12-08T20:37:04+00:00","description":"Cl\u00ednica especialista en el tractament per eliminar aranyes vasculars sense cirurgia, amb la tecnologia l\u00e0ser m\u00e9s avan\u00e7ada. Cl\u00ednica Teknon, Barcelona.","breadcrumb":{"@id":"https:\/\/www.lopezgil.com\/ca\/tractaments-laser-barcelona\/aranyes-vasculars\/#breadcrumb"},"inLanguage":"ca","potentialAction":[{"@type":"ReadAction","target":["https:\/\/www.lopezgil.com\/ca\/tractaments-laser-barcelona\/aranyes-vasculars\/"]}]},{"@type":"BreadcrumbList","@id":"https:\/\/www.lopezgil.com\/ca\/tractaments-laser-barcelona\/aranyes-vasculars\/#breadcrumb","itemListElement":[{"@type":"ListItem","position":1,"name":"Portada","item":"https:\/\/www.lopezgil.com\/ca\/"},{"@type":"ListItem","position":2,"name":"Laserter\u00e0pia","item":"https:\/\/www.lopezgil.com\/ca\/tractaments-laser-barcelona\/"},{"@type":"ListItem","position":3,"name":"Aranyes vasculars"}]},{"@type":"WebSite","@id":"https:\/\/www.lopezgil.com\/ca\/#website","url":"https:\/\/www.lopezgil.com\/ca\/","name":"Dr. Lopez Gil","description":"Dermat\u00f3logo Barcelona","potentialAction":[{"@type":"SearchAction","target":{"@type":"EntryPoint","urlTemplate":"https:\/\/www.lopezgil.com\/ca\/?s={search_term_string}"},"query-input":"required name=search_term_string"}],"inLanguage":"ca"}]}},"_links":{"self":[{"href":"https:\/\/www.lopezgil.com\/ca\/wp-json\/wp\/v2\/pages\/2664","targetHints":{"allow":["GET"]}}],"collection":[{"href":"https:\/\/www.lopezgil.com\/ca\/wp-json\/wp\/v2\/pages"}],"about":[{"href":"https:\/\/www.lopezgil.com\/ca\/wp-json\/wp\/v2\/types\/page"}],"author":[{"embeddable":true,"href":"https:\/\/www.lopezgil.com\/ca\/wp-json\/wp\/v2\/users\/5"}],"replies":[{"embeddable":true,"href":"https:\/\/www.lopezgil.com\/ca\/wp-json\/wp\/v2\/comments?post=2664"}],"version-history":[{"count":5,"href":"https:\/\/www.lopezgil.com\/ca\/wp-json\/wp\/v2\/pages\/2664\/revisions"}],"predecessor-version":[{"id":2669,"href":"https:\/\/www.lopezgil.com\/ca\/wp-json\/wp\/v2\/pages\/2664\/revisions\/2669"}],"up":[{"embeddable":true,"href":"https:\/\/www.lopezgil.com\/ca\/wp-json\/wp\/v2\/pages\/2644"}],"wp:attachment":[{"href":"https:\/\/www.lopezgil.com\/ca\/wp-json\/wp\/v2\/media?parent=2664"}],"curies":[{"name":"wp","href":"https:\/\/api.w.org\/{rel}","templated":true}]}}