{"id":2622,"date":"2016-06-16T10:19:50","date_gmt":"2016-06-16T10:19:50","guid":{"rendered":"http:\/\/lopezgil.com\/enconstruccion\/caiguda-del-cabell\/eccema-seborreica-caspa\/"},"modified":"2019-12-05T22:46:07","modified_gmt":"2019-12-05T22:46:07","slug":"eczema-seborreic-caspa","status":"publish","type":"page","link":"https:\/\/www.lopezgil.com\/ca\/caiguda-del-cabell\/eczema-seborreic-caspa\/","title":{"rendered":"Eczema seborreic &#8211; caspa"},"content":{"rendered":"<div id=\"fb-root\"><\/div>\n<p style=\"text-align: justify;\">[vc_row][vc_column][vc_row_inner][vc_column_inner]<script type=\"text\/javascript\">jQuery(function() { _initLayerSlider( '#layerslider_15_yh0jtk2r7r77', {sliderVersion: '', responsiveUnder: 0, layersContainer: 0, hideUnder: 0, hideOver: 100000, pauseOnHover: 1, skin: 'v5', sliderFadeInDuration: 350, useSrcset: true, skinsPath: 'https:\/\/www.lopezgil.com\/wp-content\/plugins\/LayerSlider\/assets\/static\/layerslider\/skins\/', type: 'responsive', showCircleTimer: false, performanceMode: true}); });<\/script><div id=\"layerslider_15_yh0jtk2r7r77\" class=\"ls-wp-container fitvidsignore\" style=\"width:600px;height:200px;margin:0 auto;margin-bottom: 0px;\"><div class=\"ls-slide\" data-ls=\"duration:4000;\"><img loading=\"lazy\" decoding=\"async\" width=\"600\" height=\"200\" src=\"https:\/\/www.lopezgil.com\/wp-content\/uploads\/drlopezgil_dermatologia_barcelona_600x200_eccemas_erupciones.jpg\" class=\"ls-bg\" alt=\"drlopezgil_dermatologia_barcelona_600x200_eccemas_erupciones\" srcset=\"https:\/\/www.lopezgil.com\/wp-content\/uploads\/drlopezgil_dermatologia_barcelona_600x200_eccemas_erupciones.jpg 600w, https:\/\/www.lopezgil.com\/wp-content\/uploads\/drlopezgil_dermatologia_barcelona_600x200_eccemas_erupciones-300x100.jpg 300w\" sizes=\"auto, (max-width: 600px) 100vw, 600px\" \/><\/div><\/div>[\/vc_column_inner][\/vc_row_inner][\/vc_column][\/vc_row][vc_row][vc_column width=&#8221;3\/4&#8243; css=&#8221;.vc_custom_1473066092346{margin-top: 0px !important;}&#8221;][vc_column_text css=&#8221;.vc_custom_1473066053815{margin-top: 0px !important;}&#8221;]\n<h2 style=\"text-align: justify;\"><span style=\"color: #75c9d3;\"><strong>Qu\u00e8 \u00e9s \u00e8czema seborreica o caspa?<\/strong><\/span><\/h2>\n<p style=\"text-align: justify;\">Una forma especial de l\u2019\u00e8czema seborreic, particularment freq\u00fcent, \u00e9s la descamaci\u00f3 no sempre excessiva de la dermis del cuir pil\u00f3s, popularment coneguda com caspa. Produeix una situaci\u00f3 molesta des del punt de vista est\u00e8tica.<\/p>\n<p>M\u00e9s informaci\u00f3 <a href=\"https:\/\/www.lopezgil.com\/ca\/dermatologia-clinica\/dermatitis-seborreica\/\">aqu\u00ed<\/a><\/p>\n<h2 style=\"text-align: justify;\"><span style=\"color: #75c9d3;\"><strong>A qui afecta?<\/strong><\/span><\/h2>\n<p style=\"text-align: justify;\">La dermatitis seborreica \u00e9s una afecci\u00f3 molt com\u00fa que afecta sobretot al sexe mascul\u00ed i comen\u00e7a despr\u00e8s de la pubertat, sobretot a partir dels 20 anys.<\/p>\n<h2 style=\"text-align: justify;\"><span style=\"color: #75c9d3;\"><strong>Causes<\/strong><\/span><\/h2>\n<p style=\"text-align: justify;\">Les c\u00e8l\u00b7lules del cuir pil\u00f3s, aix\u00ed com la resta de c\u00e8l\u00b7lules de la dermis es moren i s\u00f3n reempla\u00e7ades. Certes condicions poden provocar que el ritme de canvi de les c\u00e8l\u00b7lules s\u2019acceleri i en lloc de ser mensualment, sigui cada 15 dies, provocant que la caiguda de les c\u00e8l\u00b7lules mortes es vegi.<\/p>\n<p style=\"text-align: justify;\">La causa m\u00e9s freq\u00fcent \u00e9s quan el fong <em>Malassezia furfur<\/em>, responsable de metabolitzar la grassa humana, es produeix massa r\u00e0pid, afectant la renovaci\u00f3 cel\u00b7lular.<\/p>\n<p style=\"text-align: justify;\">Altres factors a tenir en comte s\u00f3n:<\/p>\n<ul style=\"text-align: justify;\">\n<li>Hist\u00f2ria familiar<\/li>\n<li>Al\u00b7l\u00e8rgies a aliments<\/li>\n<li>Transpiraci\u00f3 excessiva<\/li>\n<li>Desequilibri hormonal<\/li>\n<li>Us de sabons alcalins<\/li>\n<li>Micosis<\/li>\n<li>Estr\u00e8s<\/li>\n<li>Tintes i\/o permanents<\/li>\n<li>Climatologia<\/li>\n<\/ul>\n<h2 style=\"text-align: justify;\"><span style=\"color: #75c9d3;\"><strong>Simptomatologia<\/strong><\/span><\/h2>\n<p style=\"text-align: justify;\">Els s\u00edmptomes m\u00e9s caracter\u00edstics de la dermatitis seborreica s\u00f3n:<\/p>\n<ul style=\"text-align: justify;\">\n<li>Prurit<\/li>\n<li>Envermelliment<\/li>\n<li>Irritaci\u00f3<\/li>\n<\/ul>\n<h2 style=\"text-align: justify;\"><span style=\"color: #75c9d3;\"><strong>Tractament de l&#8217;\u00e8czema seborreica o caspa a Barcelona<\/strong><\/span><\/h2>\n<p style=\"text-align: justify;\">El tractament habitual \u00e9s senzill, encara que el m\u00e9s important per conservar la pell sense lesions \u00e9s dur a terme un manteniment, com a m\u00ednims, un cop per setmana.<\/p>\n<p style=\"text-align: justify;\">El Ketoconazol \u00e9s especialment \u00fatil per tractar l\u2019\u00e8czema seborreic del cuir pil\u00f3s i aplicat dues o tres vegades a la setmana, permet eliminar la caspa en la majoria de casos.<\/p>\n<p style=\"text-align: justify;\">\n","protected":false},"excerpt":{"rendered":"<p>[vc_row][vc_column][vc_row_inner][vc_column_inner][\/vc_column_inner][\/vc_row_inner][\/vc_column][\/vc_row][vc_row][vc_column width=&#8221;3\/4&#8243; css=&#8221;.vc_custom_1473066092346{margin-top: 0px !important;}&#8221;][vc_column_text css=&#8221;.vc_custom_1473066053815{margin-top: 0px !important;}&#8221;] Qu\u00e8 \u00e9s \u00e8czema seborreica o caspa? Una forma especial de l\u2019\u00e8czema seborreic, particularment freq\u00fcent, \u00e9s la descamaci\u00f3 no sempre excessiva de la dermis del cuir pil\u00f3s, popularment coneguda com caspa. Produeix una situaci\u00f3 molesta des del punt de vista est\u00e8tica. M\u00e9s informaci\u00f3 aqu\u00ed A qui afecta? La [&hellip;]<\/p>\n","protected":false},"author":5,"featured_media":0,"parent":1524,"menu_order":0,"comment_status":"closed","ping_status":"closed","template":"soulmedic\/tpl-feature.php","meta":{"footnotes":""},"class_list":["post-2622","page","type-page","status-publish","hentry"],"yoast_head":"<!-- This site is optimized with the Yoast SEO plugin v19.12 - https:\/\/yoast.com\/wordpress\/plugins\/seo\/ -->\n<title>Eczema seborreic - caspa | Dr. Lopez Gil | Barcelona<\/title>\n<meta name=\"description\" content=\"\u00c8czema seborreica o caspa, coneix les seves causes i els tractaments personalitzats a la cl\u00ednica del Dr. L\u00f3pez Gil, Teknon, Barcelona. Contacta&#039;ns!\" \/>\n<meta name=\"robots\" content=\"index, follow, max-snippet:-1, max-image-preview:large, max-video-preview:-1\" \/>\n<link rel=\"canonical\" href=\"https:\/\/www.lopezgil.com\/ca\/caiguda-del-cabell\/eczema-seborreic-caspa\/\" \/>\n<meta property=\"og:locale\" content=\"ca_ES\" \/>\n<meta property=\"og:type\" content=\"article\" \/>\n<meta property=\"og:title\" content=\"Eczema seborreic - caspa | Dr. Lopez Gil | Barcelona\" \/>\n<meta property=\"og:description\" content=\"\u00c8czema seborreica o caspa, coneix les seves causes i els tractaments personalitzats a la cl\u00ednica del Dr. L\u00f3pez Gil, Teknon, Barcelona. Contacta&#039;ns!\" \/>\n<meta property=\"og:url\" content=\"https:\/\/www.lopezgil.com\/ca\/caiguda-del-cabell\/eczema-seborreic-caspa\/\" \/>\n<meta property=\"og:site_name\" content=\"Dr. Lopez Gil\" \/>\n<meta property=\"article:modified_time\" content=\"2019-12-05T22:46:07+00:00\" \/>\n<meta name=\"twitter:card\" content=\"summary_large_image\" \/>\n<meta name=\"twitter:label1\" content=\"Est. reading time\" \/>\n\t<meta name=\"twitter:data1\" content=\"2 minutes\" \/>\n<script type=\"application\/ld+json\" class=\"yoast-schema-graph\">{\"@context\":\"https:\/\/schema.org\",\"@graph\":[{\"@type\":\"WebPage\",\"@id\":\"https:\/\/www.lopezgil.com\/ca\/caiguda-del-cabell\/eczema-seborreic-caspa\/\",\"url\":\"https:\/\/www.lopezgil.com\/ca\/caiguda-del-cabell\/eczema-seborreic-caspa\/\",\"name\":\"Eczema seborreic - caspa | Dr. Lopez Gil | Barcelona\",\"isPartOf\":{\"@id\":\"https:\/\/www.lopezgil.com\/ca\/#website\"},\"datePublished\":\"2016-06-16T10:19:50+00:00\",\"dateModified\":\"2019-12-05T22:46:07+00:00\",\"description\":\"\u00c8czema seborreica o caspa, coneix les seves causes i els tractaments personalitzats a la cl\u00ednica del Dr. L\u00f3pez Gil, Teknon, Barcelona. Contacta'ns!\",\"breadcrumb\":{\"@id\":\"https:\/\/www.lopezgil.com\/ca\/caiguda-del-cabell\/eczema-seborreic-caspa\/#breadcrumb\"},\"inLanguage\":\"ca\",\"potentialAction\":[{\"@type\":\"ReadAction\",\"target\":[\"https:\/\/www.lopezgil.com\/ca\/caiguda-del-cabell\/eczema-seborreic-caspa\/\"]}]},{\"@type\":\"BreadcrumbList\",\"@id\":\"https:\/\/www.lopezgil.com\/ca\/caiguda-del-cabell\/eczema-seborreic-caspa\/#breadcrumb\",\"itemListElement\":[{\"@type\":\"ListItem\",\"position\":1,\"name\":\"Portada\",\"item\":\"https:\/\/www.lopezgil.com\/ca\/\"},{\"@type\":\"ListItem\",\"position\":2,\"name\":\"Caiguda del cabell\",\"item\":\"https:\/\/www.lopezgil.com\/ca\/caiguda-del-cabell\/\"},{\"@type\":\"ListItem\",\"position\":3,\"name\":\"Eczema seborreic &#8211; caspa\"}]},{\"@type\":\"WebSite\",\"@id\":\"https:\/\/www.lopezgil.com\/ca\/#website\",\"url\":\"https:\/\/www.lopezgil.com\/ca\/\",\"name\":\"Dr. Lopez Gil\",\"description\":\"Dermat\u00f3logo Barcelona\",\"potentialAction\":[{\"@type\":\"SearchAction\",\"target\":{\"@type\":\"EntryPoint\",\"urlTemplate\":\"https:\/\/www.lopezgil.com\/ca\/?s={search_term_string}\"},\"query-input\":\"required name=search_term_string\"}],\"inLanguage\":\"ca\"}]}<\/script>\n<!-- \/ Yoast SEO plugin. -->","yoast_head_json":{"title":"Eczema seborreic - caspa | Dr. Lopez Gil | Barcelona","description":"\u00c8czema seborreica o caspa, coneix les seves causes i els tractaments personalitzats a la cl\u00ednica del Dr. L\u00f3pez Gil, Teknon, Barcelona. Contacta'ns!","robots":{"index":"index","follow":"follow","max-snippet":"max-snippet:-1","max-image-preview":"max-image-preview:large","max-video-preview":"max-video-preview:-1"},"canonical":"https:\/\/www.lopezgil.com\/ca\/caiguda-del-cabell\/eczema-seborreic-caspa\/","og_locale":"ca_ES","og_type":"article","og_title":"Eczema seborreic - caspa | Dr. Lopez Gil | Barcelona","og_description":"\u00c8czema seborreica o caspa, coneix les seves causes i els tractaments personalitzats a la cl\u00ednica del Dr. L\u00f3pez Gil, Teknon, Barcelona. Contacta'ns!","og_url":"https:\/\/www.lopezgil.com\/ca\/caiguda-del-cabell\/eczema-seborreic-caspa\/","og_site_name":"Dr. Lopez Gil","article_modified_time":"2019-12-05T22:46:07+00:00","twitter_card":"summary_large_image","twitter_misc":{"Est. reading time":"2 minutes"},"schema":{"@context":"https:\/\/schema.org","@graph":[{"@type":"WebPage","@id":"https:\/\/www.lopezgil.com\/ca\/caiguda-del-cabell\/eczema-seborreic-caspa\/","url":"https:\/\/www.lopezgil.com\/ca\/caiguda-del-cabell\/eczema-seborreic-caspa\/","name":"Eczema seborreic - caspa | Dr. Lopez Gil | Barcelona","isPartOf":{"@id":"https:\/\/www.lopezgil.com\/ca\/#website"},"datePublished":"2016-06-16T10:19:50+00:00","dateModified":"2019-12-05T22:46:07+00:00","description":"\u00c8czema seborreica o caspa, coneix les seves causes i els tractaments personalitzats a la cl\u00ednica del Dr. L\u00f3pez Gil, Teknon, Barcelona. Contacta'ns!","breadcrumb":{"@id":"https:\/\/www.lopezgil.com\/ca\/caiguda-del-cabell\/eczema-seborreic-caspa\/#breadcrumb"},"inLanguage":"ca","potentialAction":[{"@type":"ReadAction","target":["https:\/\/www.lopezgil.com\/ca\/caiguda-del-cabell\/eczema-seborreic-caspa\/"]}]},{"@type":"BreadcrumbList","@id":"https:\/\/www.lopezgil.com\/ca\/caiguda-del-cabell\/eczema-seborreic-caspa\/#breadcrumb","itemListElement":[{"@type":"ListItem","position":1,"name":"Portada","item":"https:\/\/www.lopezgil.com\/ca\/"},{"@type":"ListItem","position":2,"name":"Caiguda del cabell","item":"https:\/\/www.lopezgil.com\/ca\/caiguda-del-cabell\/"},{"@type":"ListItem","position":3,"name":"Eczema seborreic &#8211; caspa"}]},{"@type":"WebSite","@id":"https:\/\/www.lopezgil.com\/ca\/#website","url":"https:\/\/www.lopezgil.com\/ca\/","name":"Dr. Lopez Gil","description":"Dermat\u00f3logo Barcelona","potentialAction":[{"@type":"SearchAction","target":{"@type":"EntryPoint","urlTemplate":"https:\/\/www.lopezgil.com\/ca\/?s={search_term_string}"},"query-input":"required name=search_term_string"}],"inLanguage":"ca"}]}},"_links":{"self":[{"href":"https:\/\/www.lopezgil.com\/ca\/wp-json\/wp\/v2\/pages\/2622","targetHints":{"allow":["GET"]}}],"collection":[{"href":"https:\/\/www.lopezgil.com\/ca\/wp-json\/wp\/v2\/pages"}],"about":[{"href":"https:\/\/www.lopezgil.com\/ca\/wp-json\/wp\/v2\/types\/page"}],"author":[{"embeddable":true,"href":"https:\/\/www.lopezgil.com\/ca\/wp-json\/wp\/v2\/users\/5"}],"replies":[{"embeddable":true,"href":"https:\/\/www.lopezgil.com\/ca\/wp-json\/wp\/v2\/comments?post=2622"}],"version-history":[{"count":7,"href":"https:\/\/www.lopezgil.com\/ca\/wp-json\/wp\/v2\/pages\/2622\/revisions"}],"predecessor-version":[{"id":4800,"href":"https:\/\/www.lopezgil.com\/ca\/wp-json\/wp\/v2\/pages\/2622\/revisions\/4800"}],"up":[{"embeddable":true,"href":"https:\/\/www.lopezgil.com\/ca\/wp-json\/wp\/v2\/pages\/1524"}],"wp:attachment":[{"href":"https:\/\/www.lopezgil.com\/ca\/wp-json\/wp\/v2\/media?parent=2622"}],"curies":[{"name":"wp","href":"https:\/\/api.w.org\/{rel}","templated":true}]}}