{"id":2573,"date":"2016-06-16T09:55:56","date_gmt":"2016-06-16T09:55:56","guid":{"rendered":"http:\/\/lopezgil.com\/enconstruccion\/dermatologia-estetica-barcelona\/estrias\/"},"modified":"2019-12-08T21:13:11","modified_gmt":"2019-12-08T21:13:11","slug":"estries","status":"publish","type":"page","link":"https:\/\/www.lopezgil.com\/ca\/dermatologia-estetica-barcelona\/estries\/","title":{"rendered":"Estries"},"content":{"rendered":"<div id=\"fb-root\"><\/div>\n<p style=\"text-align: justify;\">[vc_row][vc_column][vc_row_inner][vc_column_inner]<script type=\"text\/javascript\">jQuery(function() { _initLayerSlider( '#layerslider_62_1k7z53rglrrhw', {sliderVersion: '', responsiveUnder: 0, layersContainer: 0, hideUnder: 0, hideOver: 100000, pauseOnHover: 1, skin: 'v5', sliderFadeInDuration: 350, useSrcset: true, skinsPath: 'https:\/\/www.lopezgil.com\/wp-content\/plugins\/LayerSlider\/assets\/static\/layerslider\/skins\/', type: 'responsive', showCircleTimer: false, performanceMode: true}); });<\/script><div id=\"layerslider_62_1k7z53rglrrhw\" class=\"ls-wp-container fitvidsignore\" style=\"width:600px;height:200px;margin:0 auto;margin-bottom: 0px;\"><div class=\"ls-slide\" data-ls=\"duration:4000;\"><img loading=\"lazy\" decoding=\"async\" width=\"600\" height=\"200\" src=\"https:\/\/www.lopezgil.com\/wp-content\/uploads\/drlopezgil_dermatologia_barcelona_600x200_estrias_eliminar_piernas_embarazo.jpg\" class=\"ls-bg\" alt=\"tratamiento-eliminar-estrias-dermatologo-cirujano-barcelona-doctor-lopez-gil\" srcset=\"https:\/\/www.lopezgil.com\/wp-content\/uploads\/drlopezgil_dermatologia_barcelona_600x200_estrias_eliminar_piernas_embarazo.jpg 600w, https:\/\/www.lopezgil.com\/wp-content\/uploads\/drlopezgil_dermatologia_barcelona_600x200_estrias_eliminar_piernas_embarazo-300x100.jpg 300w\" sizes=\"auto, (max-width: 600px) 100vw, 600px\" \/><\/div><\/div>[\/vc_column_inner][\/vc_row_inner][\/vc_column][\/vc_row][vc_row][vc_column width=&#8221;3\/4&#8243; css=&#8221;.vc_custom_1473066092346{margin-top: 0px !important;}&#8221;][vc_column_text css=&#8221;.vc_custom_1473066053815{margin-top: 0px !important;}&#8221;]\n<h2 style=\"text-align: justify;\"><span style=\"color: #75c9d3;\"><strong>Qu\u00e8 s\u00f3n?<\/strong><\/span><\/h2>\n<p style=\"text-align: justify;\">Les estries s\u00f3n la resposta de la pell davant la ruptura de les fibres com conseq\u00fc\u00e8ncia d\u2019un exc\u00e9s de tensi\u00f3 produ\u00eft per canvis bruscos, com per exemple, en l\u2019etapa de creixement de l\u2019adolesc\u00e8ncia o en les dones embarassades. El col\u00b7lagen defectu\u00f3s i la car\u00e8ncia de fibres el\u00e0stiques produeix la ruptura, i la resposta exterior i visible \u00e9s l\u2019estria, dif\u00edcilment es repara i per aquest motiu, les estries romanen visibles en el nostre cos.<\/p>\n<p style=\"text-align: justify;\">Acostumen a apar\u00e8ixer a l\u2019abdomen, glutis, malucs i pits.<\/p>\n<h2 style=\"text-align: justify;\"><span style=\"color: #75c9d3;\"><strong>A qui afecta?<\/strong><\/span><\/h2>\n<p style=\"text-align: justify;\">Tal i com hem comentat anteriorment, acostumen a apar\u00e8ixer com a conseq\u00fc\u00e8ncia de:<\/p>\n<ul style=\"text-align: justify;\">\n<li>Un embar\u00e0s<\/li>\n<li>Augment i\/o disminuci\u00f3 de pes sobtat<\/li>\n<li>Creixement r\u00e0pid o adolescents<\/li>\n<\/ul>\n<h2 style=\"text-align: justify;\"><span style=\"color: #75c9d3;\"><strong>Tractament<\/strong><\/span><\/h2>\n<p style=\"text-align: justify;\">Les estries tenen dues etapes. En el seu inici s\u00f3n rosades i \u00e9s quan \u00e9s possible fer-les desapar\u00e8ixer mitjan\u00e7ant l\u2019aplicaci\u00f3 de laserter\u00e0pia. Quan, en canvi, s\u00f3n blanques, es pot aconseguir una millora progressiva del seu aspecte, per\u00f2 no eliminar-les per complet. \u00c9s per aquest motiu que sempre recomanem comen\u00e7ar el tractament quan abans millor per aconseguir els millors resultats.<\/p>\n<p style=\"text-align: justify;\"><u>En que consisteix?<\/u><\/p>\n<p style=\"text-align: justify;\">El tractament d\u2019elecci\u00f3 \u00e9s la combinaci\u00f3 del l\u00e0ser no ablatiu fraccionat juntament amb el l\u00e0ser ablatiu fraccionat, que permet reparar la pell afectada en poques sessions.<\/p>\n<ul style=\"text-align: justify;\">\n<li>L\u00e0ser fraccionat no ablatiu: actua a nivell de dermis respectant la superf\u00edcie de la pell, evitant cremades i possibles crostes. La seva funci\u00f3 \u00e9s escalfar la dermis, activar les c\u00e8l\u00b7lules fabricants del teixit nou i reparar progressivament l\u2019estria.<\/li>\n<li>L\u00e0ser fraccionat ablatiu: \u00e9s un complement al l\u00e0ser no ablatiu, especialment quan les estries s\u00f3n molt profundes i requereixen de major energia per poder pal\u00b7liar-les.<\/li>\n<\/ul>\n<p style=\"text-align: justify;\"><u>\u00c9s dolor\u00f3s?<\/u><\/p>\n<p style=\"text-align: justify;\">El tractament comen\u00e7a aplicant anest\u00e8sia t\u00f2pica, ja que encara que el dolor \u00e9s suportable sempre es nota una certa mol\u00e8stia. Una vegada realitzada la sessi\u00f3, la pell quedar\u00e0 envermellida durant unes hores.<\/p>\n<p style=\"text-align: justify;\"><u>Quantes sessions s\u00f3n necess\u00e0ries?<\/u><\/p>\n<p style=\"text-align: justify;\">Amb car\u00e0cter general, seran necess\u00e0ries entre sis i vuit sessions per tractar o eliminar les estries de cada zona.<\/p>\n<h2 style=\"text-align: justify;\"><span style=\"color: #75c9d3;\"><strong>Consells previs al tractament<\/strong><\/span><\/h2>\n<ul style=\"text-align: justify;\">\n<li>Exercici f\u00edsic moderat.<\/li>\n<li>Informar al doctor dels f\u00e0rmacs que s\u2019est\u00e0 prenent.<\/li>\n<\/ul>\n<h2 style=\"text-align: justify;\"><span style=\"color: #75c9d3;\"><strong>Consells post-tractament<\/strong><\/span><\/h2>\n<ul>\n<li style=\"text-align: justify;\">Aplicar abundant crema hidratant cada dia i\/o oli de rosa mosqueta<\/li>\n<li style=\"text-align: justify;\">Evitar prendre el sol durant els primers 7 dies<\/li>\n<\/ul>\n","protected":false},"excerpt":{"rendered":"<p>[vc_row][vc_column][vc_row_inner][vc_column_inner][\/vc_column_inner][\/vc_row_inner][\/vc_column][\/vc_row][vc_row][vc_column width=&#8221;3\/4&#8243; css=&#8221;.vc_custom_1473066092346{margin-top: 0px !important;}&#8221;][vc_column_text css=&#8221;.vc_custom_1473066053815{margin-top: 0px !important;}&#8221;] Qu\u00e8 s\u00f3n? Les estries s\u00f3n la resposta de la pell davant la ruptura de les fibres com conseq\u00fc\u00e8ncia d\u2019un exc\u00e9s de tensi\u00f3 produ\u00eft per canvis bruscos, com per exemple, en l\u2019etapa de creixement de l\u2019adolesc\u00e8ncia o en les dones embarassades. El col\u00b7lagen defectu\u00f3s i la car\u00e8ncia de [&hellip;]<\/p>\n","protected":false},"author":5,"featured_media":0,"parent":1759,"menu_order":0,"comment_status":"closed","ping_status":"closed","template":"soulmedic\/tpl-feature.php","meta":{"footnotes":""},"class_list":["post-2573","page","type-page","status-publish","hentry"],"yoast_head":"<!-- This site is optimized with the Yoast SEO plugin v19.12 - https:\/\/yoast.com\/wordpress\/plugins\/seo\/ -->\n<title>Estries | Dr. Lopez Gil | Cl\u00ednica Dermatol\u00f2gica Teknon, Barcelona<\/title>\n<meta name=\"description\" content=\"Cl\u00ednica especialista en el tractament per eliminar estries sense cirurgia, amb la tecnologia l\u00e0ser m\u00e9s avan\u00e7ada. Cl\u00ednica Teknon, Barcelona. Consulta&#039;ns.\" \/>\n<meta name=\"robots\" content=\"index, follow, max-snippet:-1, max-image-preview:large, max-video-preview:-1\" \/>\n<link rel=\"canonical\" href=\"https:\/\/www.lopezgil.com\/ca\/dermatologia-estetica-barcelona\/estries\/\" \/>\n<meta property=\"og:locale\" content=\"ca_ES\" \/>\n<meta property=\"og:type\" content=\"article\" \/>\n<meta property=\"og:title\" content=\"Estries | Dr. Lopez Gil | Cl\u00ednica Dermatol\u00f2gica Teknon, Barcelona\" \/>\n<meta property=\"og:description\" content=\"Cl\u00ednica especialista en el tractament per eliminar estries sense cirurgia, amb la tecnologia l\u00e0ser m\u00e9s avan\u00e7ada. Cl\u00ednica Teknon, Barcelona. Consulta&#039;ns.\" \/>\n<meta property=\"og:url\" content=\"https:\/\/www.lopezgil.com\/ca\/dermatologia-estetica-barcelona\/estries\/\" \/>\n<meta property=\"og:site_name\" content=\"Dr. Lopez Gil\" \/>\n<meta property=\"article:modified_time\" content=\"2019-12-08T21:13:11+00:00\" \/>\n<meta name=\"twitter:card\" content=\"summary_large_image\" \/>\n<meta name=\"twitter:label1\" content=\"Est. reading time\" \/>\n\t<meta name=\"twitter:data1\" content=\"2 minutes\" \/>\n<script type=\"application\/ld+json\" class=\"yoast-schema-graph\">{\"@context\":\"https:\/\/schema.org\",\"@graph\":[{\"@type\":\"WebPage\",\"@id\":\"https:\/\/www.lopezgil.com\/ca\/dermatologia-estetica-barcelona\/estries\/\",\"url\":\"https:\/\/www.lopezgil.com\/ca\/dermatologia-estetica-barcelona\/estries\/\",\"name\":\"Estries | Dr. Lopez Gil | Cl\u00ednica Dermatol\u00f2gica Teknon, Barcelona\",\"isPartOf\":{\"@id\":\"https:\/\/www.lopezgil.com\/ca\/#website\"},\"datePublished\":\"2016-06-16T09:55:56+00:00\",\"dateModified\":\"2019-12-08T21:13:11+00:00\",\"description\":\"Cl\u00ednica especialista en el tractament per eliminar estries sense cirurgia, amb la tecnologia l\u00e0ser m\u00e9s avan\u00e7ada. Cl\u00ednica Teknon, Barcelona. Consulta'ns.\",\"breadcrumb\":{\"@id\":\"https:\/\/www.lopezgil.com\/ca\/dermatologia-estetica-barcelona\/estries\/#breadcrumb\"},\"inLanguage\":\"ca\",\"potentialAction\":[{\"@type\":\"ReadAction\",\"target\":[\"https:\/\/www.lopezgil.com\/ca\/dermatologia-estetica-barcelona\/estries\/\"]}]},{\"@type\":\"BreadcrumbList\",\"@id\":\"https:\/\/www.lopezgil.com\/ca\/dermatologia-estetica-barcelona\/estries\/#breadcrumb\",\"itemListElement\":[{\"@type\":\"ListItem\",\"position\":1,\"name\":\"Portada\",\"item\":\"https:\/\/www.lopezgil.com\/ca\/\"},{\"@type\":\"ListItem\",\"position\":2,\"name\":\"Dermatologia est\u00e8tica\",\"item\":\"https:\/\/www.lopezgil.com\/ca\/dermatologia-estetica-barcelona\/\"},{\"@type\":\"ListItem\",\"position\":3,\"name\":\"Estries\"}]},{\"@type\":\"WebSite\",\"@id\":\"https:\/\/www.lopezgil.com\/ca\/#website\",\"url\":\"https:\/\/www.lopezgil.com\/ca\/\",\"name\":\"Dr. Lopez Gil\",\"description\":\"Dermat\u00f3logo Barcelona\",\"potentialAction\":[{\"@type\":\"SearchAction\",\"target\":{\"@type\":\"EntryPoint\",\"urlTemplate\":\"https:\/\/www.lopezgil.com\/ca\/?s={search_term_string}\"},\"query-input\":\"required name=search_term_string\"}],\"inLanguage\":\"ca\"}]}<\/script>\n<!-- \/ Yoast SEO plugin. -->","yoast_head_json":{"title":"Estries | Dr. Lopez Gil | Cl\u00ednica Dermatol\u00f2gica Teknon, Barcelona","description":"Cl\u00ednica especialista en el tractament per eliminar estries sense cirurgia, amb la tecnologia l\u00e0ser m\u00e9s avan\u00e7ada. Cl\u00ednica Teknon, Barcelona. Consulta'ns.","robots":{"index":"index","follow":"follow","max-snippet":"max-snippet:-1","max-image-preview":"max-image-preview:large","max-video-preview":"max-video-preview:-1"},"canonical":"https:\/\/www.lopezgil.com\/ca\/dermatologia-estetica-barcelona\/estries\/","og_locale":"ca_ES","og_type":"article","og_title":"Estries | Dr. Lopez Gil | Cl\u00ednica Dermatol\u00f2gica Teknon, Barcelona","og_description":"Cl\u00ednica especialista en el tractament per eliminar estries sense cirurgia, amb la tecnologia l\u00e0ser m\u00e9s avan\u00e7ada. Cl\u00ednica Teknon, Barcelona. Consulta'ns.","og_url":"https:\/\/www.lopezgil.com\/ca\/dermatologia-estetica-barcelona\/estries\/","og_site_name":"Dr. Lopez Gil","article_modified_time":"2019-12-08T21:13:11+00:00","twitter_card":"summary_large_image","twitter_misc":{"Est. reading time":"2 minutes"},"schema":{"@context":"https:\/\/schema.org","@graph":[{"@type":"WebPage","@id":"https:\/\/www.lopezgil.com\/ca\/dermatologia-estetica-barcelona\/estries\/","url":"https:\/\/www.lopezgil.com\/ca\/dermatologia-estetica-barcelona\/estries\/","name":"Estries | Dr. Lopez Gil | Cl\u00ednica Dermatol\u00f2gica Teknon, Barcelona","isPartOf":{"@id":"https:\/\/www.lopezgil.com\/ca\/#website"},"datePublished":"2016-06-16T09:55:56+00:00","dateModified":"2019-12-08T21:13:11+00:00","description":"Cl\u00ednica especialista en el tractament per eliminar estries sense cirurgia, amb la tecnologia l\u00e0ser m\u00e9s avan\u00e7ada. Cl\u00ednica Teknon, Barcelona. Consulta'ns.","breadcrumb":{"@id":"https:\/\/www.lopezgil.com\/ca\/dermatologia-estetica-barcelona\/estries\/#breadcrumb"},"inLanguage":"ca","potentialAction":[{"@type":"ReadAction","target":["https:\/\/www.lopezgil.com\/ca\/dermatologia-estetica-barcelona\/estries\/"]}]},{"@type":"BreadcrumbList","@id":"https:\/\/www.lopezgil.com\/ca\/dermatologia-estetica-barcelona\/estries\/#breadcrumb","itemListElement":[{"@type":"ListItem","position":1,"name":"Portada","item":"https:\/\/www.lopezgil.com\/ca\/"},{"@type":"ListItem","position":2,"name":"Dermatologia est\u00e8tica","item":"https:\/\/www.lopezgil.com\/ca\/dermatologia-estetica-barcelona\/"},{"@type":"ListItem","position":3,"name":"Estries"}]},{"@type":"WebSite","@id":"https:\/\/www.lopezgil.com\/ca\/#website","url":"https:\/\/www.lopezgil.com\/ca\/","name":"Dr. Lopez Gil","description":"Dermat\u00f3logo Barcelona","potentialAction":[{"@type":"SearchAction","target":{"@type":"EntryPoint","urlTemplate":"https:\/\/www.lopezgil.com\/ca\/?s={search_term_string}"},"query-input":"required name=search_term_string"}],"inLanguage":"ca"}]}},"_links":{"self":[{"href":"https:\/\/www.lopezgil.com\/ca\/wp-json\/wp\/v2\/pages\/2573","targetHints":{"allow":["GET"]}}],"collection":[{"href":"https:\/\/www.lopezgil.com\/ca\/wp-json\/wp\/v2\/pages"}],"about":[{"href":"https:\/\/www.lopezgil.com\/ca\/wp-json\/wp\/v2\/types\/page"}],"author":[{"embeddable":true,"href":"https:\/\/www.lopezgil.com\/ca\/wp-json\/wp\/v2\/users\/5"}],"replies":[{"embeddable":true,"href":"https:\/\/www.lopezgil.com\/ca\/wp-json\/wp\/v2\/comments?post=2573"}],"version-history":[{"count":2,"href":"https:\/\/www.lopezgil.com\/ca\/wp-json\/wp\/v2\/pages\/2573\/revisions"}],"predecessor-version":[{"id":2575,"href":"https:\/\/www.lopezgil.com\/ca\/wp-json\/wp\/v2\/pages\/2573\/revisions\/2575"}],"up":[{"embeddable":true,"href":"https:\/\/www.lopezgil.com\/ca\/wp-json\/wp\/v2\/pages\/1759"}],"wp:attachment":[{"href":"https:\/\/www.lopezgil.com\/ca\/wp-json\/wp\/v2\/media?parent=2573"}],"curies":[{"name":"wp","href":"https:\/\/api.w.org\/{rel}","templated":true}]}}