{"id":2570,"date":"2016-06-16T09:53:34","date_gmt":"2016-06-16T09:53:34","guid":{"rendered":"http:\/\/lopezgil.com\/enconstruccion\/dermatologia-estetica-barcelona\/rejuvenecimiento-facial-resurfacing\/"},"modified":"2019-12-09T12:47:49","modified_gmt":"2019-12-09T12:47:49","slug":"rejoveniment-facial-i-resurfacing","status":"publish","type":"page","link":"https:\/\/www.lopezgil.com\/ca\/dermatologia-estetica-barcelona\/rejoveniment-facial-i-resurfacing\/","title":{"rendered":"Rejoveniment facial i resurfacing"},"content":{"rendered":"<div id=\"fb-root\"><\/div>\n<p style=\"text-align: justify;\">[vc_row][vc_column][vc_row_inner][vc_column_inner]<script type=\"text\/javascript\">jQuery(function() { _initLayerSlider( '#layerslider_67_1brpmm0igcp6l', {sliderVersion: '', responsiveUnder: 0, layersContainer: 0, hideUnder: 0, hideOver: 100000, pauseOnHover: 1, skin: 'v5', sliderFadeInDuration: 350, useSrcset: true, skinsPath: 'https:\/\/www.lopezgil.com\/wp-content\/plugins\/LayerSlider\/assets\/static\/layerslider\/skins\/', type: 'responsive', showCircleTimer: false, performanceMode: true}); });<\/script><div id=\"layerslider_67_1brpmm0igcp6l\" class=\"ls-wp-container fitvidsignore\" style=\"width:600px;height:200px;margin:0 auto;margin-bottom: 0px;\"><div class=\"ls-slide\" data-ls=\"duration:4000;\"><img loading=\"lazy\" decoding=\"async\" width=\"600\" height=\"200\" src=\"https:\/\/www.lopezgil.com\/wp-content\/uploads\/drlopezgil_dermatologia_barcelona_600x200_rejuvenecimiento_antiaging_tratamientos_estetica.jpg\" class=\"ls-bg\" alt=\"tratamiento-rejuvenecimiento-facial-dermatologo-cirujano-barcelona-doctor-lopez-gil\" srcset=\"https:\/\/www.lopezgil.com\/wp-content\/uploads\/drlopezgil_dermatologia_barcelona_600x200_rejuvenecimiento_antiaging_tratamientos_estetica.jpg 600w, https:\/\/www.lopezgil.com\/wp-content\/uploads\/drlopezgil_dermatologia_barcelona_600x200_rejuvenecimiento_antiaging_tratamientos_estetica-300x100.jpg 300w\" sizes=\"auto, (max-width: 600px) 100vw, 600px\" \/><\/div><\/div>[\/vc_column_inner][\/vc_row_inner][\/vc_column][\/vc_row][vc_row][vc_column width=&#8221;3\/4&#8243; css=&#8221;.vc_custom_1473066092346{margin-top: 0px !important;}&#8221;][vc_column_text css=&#8221;.vc_custom_1473066053815{margin-top: 0px !important;}&#8221;]\n<p style=\"text-align: justify;\">El pas del temps i l\u2019acumulaci\u00f3 de radiaci\u00f3 ultra violeta, fan que apareixen signes progressius de deteriorament de la pell com taques, capil\u00b7lars, arrugues, l\u00ednies d\u2019expressi\u00f3 i fl\u00e0ccides, que en dermatologia es denomina \u201cdermatoheliosis\u201d o pell danyada pel sol.<\/p>\n<p style=\"text-align: justify;\">Per a poder tractar aquests signes d\u2019envelliment facial, existeixen diferents t\u00e8cniques de l\u00e0ser amb l\u2019objectiu de millorar l\u2019aspecte de la pell.<\/p>\n<h2 style=\"text-align: justify;\"><span style=\"color: #75c9d3;\"><strong>Tractament<\/strong><\/span><\/h2>\n<p style=\"text-align: justify;\"><u>En qu\u00e8 consisteix?<\/u><\/p>\n<p style=\"text-align: justify;\">El <strong>resurfacing<\/strong> es realitza mitjan\u00e7ant l\u2019aplicaci\u00f3 del l\u00e0ser C02 fraccionat ablatiu que radica en renovar tota la pell de la cara. Aquesta renovaci\u00f3 aconsegueix millorar la fl\u00e0ccides, el despenjament, les arrugues i eliminar taques solars i vermelles. Amb aquesta t\u00e8cnica, s\u2019aconsegueix millorar l\u2019aspecte de la pell i tensar-la, activar la s\u00edntesis del col\u00b7lagen al estimular els fibroblasts de la dermis.<\/p>\n<p style=\"text-align: justify;\">Actualment, \u00e9s el tractament anti antienvelliment m\u00e9s complert i amb millors resultats est\u00e8tics. Els efectes est\u00e8tics es comencen a percebre a la setmana d\u2019haver realitzat el tractament (una vegada s\u2019han caigut les crostes de les erosions); augmentant la millora durant un per\u00edode de fins a sis mesos. Els efectes aconseguits son de llarga durada.<\/p>\n<p style=\"text-align: justify;\">El <strong>rejoveniment facial<\/strong> es realitza mitjan\u00e7ant l\u2019aplicaci\u00f3 del l\u00e0ser de neodimio que aconsegueix estimular la formaci\u00f3 de col\u00b7lagen nou. S\u2019aconsegueix minimitzar les arrugues fines i les pigmentacions de la pell, millorar la textura de la pell, minimitzar porus i enfortir el teixit amb fl\u00e0ccides sense formar crostes ni ferides.<\/p>\n<p style=\"text-align: justify;\"><u>\u00c9s dolor\u00f3s?<\/u><\/p>\n<p style=\"text-align: justify;\">Abans de realitzar el <strong>resurfacing, <\/strong>s\u2019aplica anestesia t\u00f2pica a la cara per tal de minimitzar al m\u00e0xim les petites mol\u00e8sties que pot provocar l\u2019\u00fas del l\u00e0ser a les zones sensibles.<\/p>\n<p style=\"text-align: justify;\">El <strong>rejoveniment facial <\/strong>no \u00e9s dolor\u00f3s. La \u00fanica sensaci\u00f3 que t\u00e9 el pacient \u00e9s calor just despr\u00e8s del tractament i vermellor a la cara, que durar\u00e0 uns minuts.<\/p>\n<p style=\"text-align: justify;\"><u>Quantes sessions son necess\u00e0ries?<\/u><\/p>\n<p style=\"text-align: justify;\">Una \u00fanica sessi\u00f3 en les dues t\u00e8cniques \u00e9s suficient per a aconseguir els resultats esperats.<\/p>\n<h2 style=\"text-align: justify;\"><span style=\"color: #75c9d3;\"><strong>Consells previs al tractament<\/strong><\/span><\/h2>\n<ul style=\"text-align: justify;\">\n<li>Evitar l\u2019exposici\u00f3 solar prolongada durant els 7 dies previs al tractament.<\/li>\n<li>No estar bronzejat\/ada.<\/li>\n<li>No tenir ferides o cicatrius recents.<\/li>\n<li>No tenir herpes.<\/li>\n<li>En el cas del resurfacing, prendre un antiv\u00edric oral dos dies abans del tractament i fins a dos dies despr\u00e9s.<\/li>\n<\/ul>\n<h2 style=\"text-align: justify;\"><span style=\"color: #75c9d3;\"><strong>Consells post-tractament<\/strong><\/span><\/h2>\n<ul>\n<li style=\"text-align: justify;\">Evitar l\u2019exposici\u00f3 solar prolongada durant els 7 dies posteriors.<\/li>\n<li style=\"text-align: justify;\">Usar protector solar.<\/li>\n<li style=\"text-align: justify;\">Hidratar la pell.<\/li>\n<li style=\"text-align: justify;\">No depilar la zona tractada con cera.<\/li>\n<li style=\"text-align: justify;\">No realitzar sessions de raigs UVA.<\/li>\n<li style=\"text-align: justify;\">Evitar tractaments que erosionin la pell.<\/li>\n<li style=\"text-align: justify;\">En el cas de resurfacing \u00e9s molt important netejar la cara amb aigua i sab\u00f3, i aplicar una crema per a que la curaci\u00f3 sigui r\u00e0pida i segura, durant els primers 3-a dies. A partir del cinqu\u00e8 dia ja es pot fer vida normal i aplicar maquillatge, per\u00f2 sempre amb protector solar SPF50.<\/li>\n<\/ul>\n","protected":false},"excerpt":{"rendered":"<p>[vc_row][vc_column][vc_row_inner][vc_column_inner][\/vc_column_inner][\/vc_row_inner][\/vc_column][\/vc_row][vc_row][vc_column width=&#8221;3\/4&#8243; css=&#8221;.vc_custom_1473066092346{margin-top: 0px !important;}&#8221;][vc_column_text css=&#8221;.vc_custom_1473066053815{margin-top: 0px !important;}&#8221;] El pas del temps i l\u2019acumulaci\u00f3 de radiaci\u00f3 ultra violeta, fan que apareixen signes progressius de deteriorament de la pell com taques, capil\u00b7lars, arrugues, l\u00ednies d\u2019expressi\u00f3 i fl\u00e0ccides, que en dermatologia es denomina \u201cdermatoheliosis\u201d o pell danyada pel sol. Per a poder tractar aquests signes d\u2019envelliment facial, [&hellip;]<\/p>\n","protected":false},"author":5,"featured_media":0,"parent":1759,"menu_order":0,"comment_status":"closed","ping_status":"closed","template":"soulmedic\/tpl-feature.php","meta":{"footnotes":""},"class_list":["post-2570","page","type-page","status-publish","hentry"],"yoast_head":"<!-- This site is optimized with the Yoast SEO plugin v19.12 - https:\/\/yoast.com\/wordpress\/plugins\/seo\/ -->\n<title>Rejoveniment facial i resurfacing | Dr. Lopez Gil |Cl\u00ednica Est\u00e8tica Barcelona<\/title>\n<meta name=\"description\" content=\"Resultats des de la primera sessi\u00f3. El teu cl\u00ednica de rejoveniment facial i resurfacing a Barcelona, \u200b\u200bT\u00e8cnica l\u00e0ser CO2 fraccionat i erbi. Consulta&#039;ns!\" \/>\n<meta name=\"robots\" content=\"index, follow, max-snippet:-1, max-image-preview:large, max-video-preview:-1\" \/>\n<link rel=\"canonical\" href=\"https:\/\/www.lopezgil.com\/ca\/dermatologia-estetica-barcelona\/rejoveniment-facial-i-resurfacing\/\" \/>\n<meta property=\"og:locale\" content=\"ca_ES\" \/>\n<meta property=\"og:type\" content=\"article\" \/>\n<meta property=\"og:title\" content=\"Rejoveniment facial i resurfacing | Dr. Lopez Gil |Cl\u00ednica Est\u00e8tica Barcelona\" \/>\n<meta property=\"og:description\" content=\"Resultats des de la primera sessi\u00f3. El teu cl\u00ednica de rejoveniment facial i resurfacing a Barcelona, \u200b\u200bT\u00e8cnica l\u00e0ser CO2 fraccionat i erbi. Consulta&#039;ns!\" \/>\n<meta property=\"og:url\" content=\"https:\/\/www.lopezgil.com\/ca\/dermatologia-estetica-barcelona\/rejoveniment-facial-i-resurfacing\/\" \/>\n<meta property=\"og:site_name\" content=\"Dr. Lopez Gil\" \/>\n<meta property=\"article:modified_time\" content=\"2019-12-09T12:47:49+00:00\" \/>\n<meta name=\"twitter:card\" content=\"summary_large_image\" \/>\n<meta name=\"twitter:label1\" content=\"Est. reading time\" \/>\n\t<meta name=\"twitter:data1\" content=\"3 minutes\" \/>\n<script type=\"application\/ld+json\" class=\"yoast-schema-graph\">{\"@context\":\"https:\/\/schema.org\",\"@graph\":[{\"@type\":\"WebPage\",\"@id\":\"https:\/\/www.lopezgil.com\/ca\/dermatologia-estetica-barcelona\/rejoveniment-facial-i-resurfacing\/\",\"url\":\"https:\/\/www.lopezgil.com\/ca\/dermatologia-estetica-barcelona\/rejoveniment-facial-i-resurfacing\/\",\"name\":\"Rejoveniment facial i resurfacing | Dr. Lopez Gil |Cl\u00ednica Est\u00e8tica Barcelona\",\"isPartOf\":{\"@id\":\"https:\/\/www.lopezgil.com\/ca\/#website\"},\"datePublished\":\"2016-06-16T09:53:34+00:00\",\"dateModified\":\"2019-12-09T12:47:49+00:00\",\"description\":\"Resultats des de la primera sessi\u00f3. El teu cl\u00ednica de rejoveniment facial i resurfacing a Barcelona, \u200b\u200bT\u00e8cnica l\u00e0ser CO2 fraccionat i erbi. Consulta'ns!\",\"breadcrumb\":{\"@id\":\"https:\/\/www.lopezgil.com\/ca\/dermatologia-estetica-barcelona\/rejoveniment-facial-i-resurfacing\/#breadcrumb\"},\"inLanguage\":\"ca\",\"potentialAction\":[{\"@type\":\"ReadAction\",\"target\":[\"https:\/\/www.lopezgil.com\/ca\/dermatologia-estetica-barcelona\/rejoveniment-facial-i-resurfacing\/\"]}]},{\"@type\":\"BreadcrumbList\",\"@id\":\"https:\/\/www.lopezgil.com\/ca\/dermatologia-estetica-barcelona\/rejoveniment-facial-i-resurfacing\/#breadcrumb\",\"itemListElement\":[{\"@type\":\"ListItem\",\"position\":1,\"name\":\"Portada\",\"item\":\"https:\/\/www.lopezgil.com\/ca\/\"},{\"@type\":\"ListItem\",\"position\":2,\"name\":\"Dermatologia est\u00e8tica\",\"item\":\"https:\/\/www.lopezgil.com\/ca\/dermatologia-estetica-barcelona\/\"},{\"@type\":\"ListItem\",\"position\":3,\"name\":\"Rejoveniment facial i resurfacing\"}]},{\"@type\":\"WebSite\",\"@id\":\"https:\/\/www.lopezgil.com\/ca\/#website\",\"url\":\"https:\/\/www.lopezgil.com\/ca\/\",\"name\":\"Dr. Lopez Gil\",\"description\":\"Dermat\u00f3logo Barcelona\",\"potentialAction\":[{\"@type\":\"SearchAction\",\"target\":{\"@type\":\"EntryPoint\",\"urlTemplate\":\"https:\/\/www.lopezgil.com\/ca\/?s={search_term_string}\"},\"query-input\":\"required name=search_term_string\"}],\"inLanguage\":\"ca\"}]}<\/script>\n<!-- \/ Yoast SEO plugin. -->","yoast_head_json":{"title":"Rejoveniment facial i resurfacing | Dr. Lopez Gil |Cl\u00ednica Est\u00e8tica Barcelona","description":"Resultats des de la primera sessi\u00f3. El teu cl\u00ednica de rejoveniment facial i resurfacing a Barcelona, \u200b\u200bT\u00e8cnica l\u00e0ser CO2 fraccionat i erbi. Consulta'ns!","robots":{"index":"index","follow":"follow","max-snippet":"max-snippet:-1","max-image-preview":"max-image-preview:large","max-video-preview":"max-video-preview:-1"},"canonical":"https:\/\/www.lopezgil.com\/ca\/dermatologia-estetica-barcelona\/rejoveniment-facial-i-resurfacing\/","og_locale":"ca_ES","og_type":"article","og_title":"Rejoveniment facial i resurfacing | Dr. Lopez Gil |Cl\u00ednica Est\u00e8tica Barcelona","og_description":"Resultats des de la primera sessi\u00f3. El teu cl\u00ednica de rejoveniment facial i resurfacing a Barcelona, \u200b\u200bT\u00e8cnica l\u00e0ser CO2 fraccionat i erbi. Consulta'ns!","og_url":"https:\/\/www.lopezgil.com\/ca\/dermatologia-estetica-barcelona\/rejoveniment-facial-i-resurfacing\/","og_site_name":"Dr. Lopez Gil","article_modified_time":"2019-12-09T12:47:49+00:00","twitter_card":"summary_large_image","twitter_misc":{"Est. reading time":"3 minutes"},"schema":{"@context":"https:\/\/schema.org","@graph":[{"@type":"WebPage","@id":"https:\/\/www.lopezgil.com\/ca\/dermatologia-estetica-barcelona\/rejoveniment-facial-i-resurfacing\/","url":"https:\/\/www.lopezgil.com\/ca\/dermatologia-estetica-barcelona\/rejoveniment-facial-i-resurfacing\/","name":"Rejoveniment facial i resurfacing | Dr. Lopez Gil |Cl\u00ednica Est\u00e8tica Barcelona","isPartOf":{"@id":"https:\/\/www.lopezgil.com\/ca\/#website"},"datePublished":"2016-06-16T09:53:34+00:00","dateModified":"2019-12-09T12:47:49+00:00","description":"Resultats des de la primera sessi\u00f3. El teu cl\u00ednica de rejoveniment facial i resurfacing a Barcelona, \u200b\u200bT\u00e8cnica l\u00e0ser CO2 fraccionat i erbi. Consulta'ns!","breadcrumb":{"@id":"https:\/\/www.lopezgil.com\/ca\/dermatologia-estetica-barcelona\/rejoveniment-facial-i-resurfacing\/#breadcrumb"},"inLanguage":"ca","potentialAction":[{"@type":"ReadAction","target":["https:\/\/www.lopezgil.com\/ca\/dermatologia-estetica-barcelona\/rejoveniment-facial-i-resurfacing\/"]}]},{"@type":"BreadcrumbList","@id":"https:\/\/www.lopezgil.com\/ca\/dermatologia-estetica-barcelona\/rejoveniment-facial-i-resurfacing\/#breadcrumb","itemListElement":[{"@type":"ListItem","position":1,"name":"Portada","item":"https:\/\/www.lopezgil.com\/ca\/"},{"@type":"ListItem","position":2,"name":"Dermatologia est\u00e8tica","item":"https:\/\/www.lopezgil.com\/ca\/dermatologia-estetica-barcelona\/"},{"@type":"ListItem","position":3,"name":"Rejoveniment facial i resurfacing"}]},{"@type":"WebSite","@id":"https:\/\/www.lopezgil.com\/ca\/#website","url":"https:\/\/www.lopezgil.com\/ca\/","name":"Dr. Lopez Gil","description":"Dermat\u00f3logo Barcelona","potentialAction":[{"@type":"SearchAction","target":{"@type":"EntryPoint","urlTemplate":"https:\/\/www.lopezgil.com\/ca\/?s={search_term_string}"},"query-input":"required name=search_term_string"}],"inLanguage":"ca"}]}},"_links":{"self":[{"href":"https:\/\/www.lopezgil.com\/ca\/wp-json\/wp\/v2\/pages\/2570","targetHints":{"allow":["GET"]}}],"collection":[{"href":"https:\/\/www.lopezgil.com\/ca\/wp-json\/wp\/v2\/pages"}],"about":[{"href":"https:\/\/www.lopezgil.com\/ca\/wp-json\/wp\/v2\/types\/page"}],"author":[{"embeddable":true,"href":"https:\/\/www.lopezgil.com\/ca\/wp-json\/wp\/v2\/users\/5"}],"replies":[{"embeddable":true,"href":"https:\/\/www.lopezgil.com\/ca\/wp-json\/wp\/v2\/comments?post=2570"}],"version-history":[{"count":2,"href":"https:\/\/www.lopezgil.com\/ca\/wp-json\/wp\/v2\/pages\/2570\/revisions"}],"predecessor-version":[{"id":2572,"href":"https:\/\/www.lopezgil.com\/ca\/wp-json\/wp\/v2\/pages\/2570\/revisions\/2572"}],"up":[{"embeddable":true,"href":"https:\/\/www.lopezgil.com\/ca\/wp-json\/wp\/v2\/pages\/1759"}],"wp:attachment":[{"href":"https:\/\/www.lopezgil.com\/ca\/wp-json\/wp\/v2\/media?parent=2570"}],"curies":[{"name":"wp","href":"https:\/\/api.w.org\/{rel}","templated":true}]}}