{"id":2556,"date":"2016-06-16T09:54:04","date_gmt":"2016-06-16T09:54:04","guid":{"rendered":"http:\/\/lopezgil.com\/enconstruccion\/dermatologia-estetica-barcelona\/relleno-aumento-labios\/"},"modified":"2019-12-05T22:54:36","modified_gmt":"2019-12-05T22:54:36","slug":"volum-llavis","status":"publish","type":"page","link":"https:\/\/www.lopezgil.com\/ca\/dermatologia-estetica-barcelona\/volum-llavis\/","title":{"rendered":"Augment volum de llavis"},"content":{"rendered":"<div id=\"fb-root\"><\/div>\n<p style=\"text-align: justify;\">[vc_row][vc_column][vc_row_inner][vc_column_inner]<script type=\"text\/javascript\">jQuery(function() { _initLayerSlider( '#layerslider_61_1llhxoyn85tvh', {sliderVersion: '', responsiveUnder: 0, layersContainer: 0, hideUnder: 0, hideOver: 100000, pauseOnHover: 1, skin: 'v5', sliderFadeInDuration: 350, useSrcset: true, skinsPath: 'https:\/\/www.lopezgil.com\/wp-content\/plugins\/LayerSlider\/assets\/static\/layerslider\/skins\/', type: 'responsive', showCircleTimer: false, performanceMode: true}); });<\/script><div id=\"layerslider_61_1llhxoyn85tvh\" class=\"ls-wp-container fitvidsignore\" style=\"width:600px;height:200px;margin:0 auto;margin-bottom: 0px;\"><div class=\"ls-slide\" data-ls=\"duration:4000;\"><img loading=\"lazy\" decoding=\"async\" width=\"600\" height=\"200\" src=\"https:\/\/www.lopezgil.com\/wp-content\/uploads\/drlopezgil_dermatologia_barcelona_600x200_labios_augmento-1.jpg\" class=\"ls-bg\" alt=\"tratamiento-aumento-labios-dermatologo-cirujano-barcelona-doctor-lopez-gil\" srcset=\"https:\/\/www.lopezgil.com\/wp-content\/uploads\/drlopezgil_dermatologia_barcelona_600x200_labios_augmento-1.jpg 600w, https:\/\/www.lopezgil.com\/wp-content\/uploads\/drlopezgil_dermatologia_barcelona_600x200_labios_augmento-1-300x100.jpg 300w\" sizes=\"auto, (max-width: 600px) 100vw, 600px\" \/><\/div><\/div>[\/vc_column_inner][\/vc_row_inner][\/vc_column][\/vc_row][vc_row][vc_column width=&#8221;3\/4&#8243; css=&#8221;.vc_custom_1473066092346{margin-top: 0px !important;}&#8221;][vc_column_text css=&#8221;.vc_custom_1473066053815{margin-top: 0px !important;}&#8221;]\n<h2 style=\"text-align: justify;\"><span style=\"color: #75c9d3;\"><strong>A qui?<\/strong><\/span><\/h2>\n<p style=\"text-align: justify;\">Un dels tractaments m\u00e9s sol\u00b7licitats en dermatologia est\u00e8tica \u00e9s l\u2019augment de llavis mitjan\u00e7ant infiltracions d\u2019\u00e0cid hialur\u00f2nic. Com a conseq\u00fc\u00e8ncia del pas del temps, de la p\u00e8rdua d\u2019\u00e0cid hialur\u00f2nic natural que tenim en el nostre organisme i per la menor fabricaci\u00f3 de fibres (el\u00e0stiques i de col\u00b7lagen), els llavis tendeixen a tornar-se m\u00e9s fins o presentar inestetismes\/asimetries labials. \u00c9s en aquest moment, quan certes persones recorren a la dermatologia est\u00e8tica per recuperar el volum dels llavis i eliminar les imperfeccions.<\/p>\n<h2 style=\"text-align: justify;\"><span style=\"color: #75c9d3;\"><strong>En qu\u00e8 consisteix un augment volum de llavis?<\/strong><\/span><\/h2>\n<p style=\"text-align: justify;\">El procediment d\u2019infiltraci\u00f3 d\u2019\u00e0cid hialur\u00f2nic no requereix de proves d\u2019al\u00b7l\u00e8rgia pr\u00e8vies. S\u2019aplica anest\u00e8sia t\u00f2pica (30 minuts abans del tractament) o anest\u00e8sia troncular per minimitzar qualsevol possible mol\u00e8stia per el\/la pacient.<\/p>\n<p style=\"text-align: justify;\">A continuaci\u00f3, es realitza les micro infiltracions d\u2019\u00e0cid hialur\u00f2nic per tornar o donar volum i elasticitat de forma natural als llavis; sempre respectant la naturalitat i evitant els excessos o llavis molt voluminosos.<\/p>\n<p style=\"text-align: justify;\">La duraci\u00f3 del tractament acostuma a ser de 15 min.<\/p>\n<p style=\"text-align: justify;\">Els resultats s\u00f3n visibles a les 3-4 setmanes de la seva primera aplicaci\u00f3, encara que si el llavi \u00e9s naturalment molt fi, despr\u00e8s de la primera sessi\u00f3, el canvi ja \u00e9s evident.<\/p>\n<h2 style=\"text-align: justify;\"><span style=\"color: #75c9d3;\"><strong>\u00c9s dolor\u00f3s?<\/strong><\/span><\/h2>\n<p style=\"text-align: justify;\">Com apliquem anest\u00e8sia, el\/la pacient no sent cap mol\u00e8stia ni dolor. Els llavis, durant els 2-3 dies seg\u00fcents despr\u00e8s de la primera injecci\u00f3 d\u2019\u00e0cid hialur\u00f2nic, s\u2019inflen, pel que es recomana realitzar el tractament previ a uns dies festius o abans del cap de setmana.<\/p>\n<h2 style=\"text-align: justify;\"><span style=\"color: #75c9d3;\"><strong>Quantes sessions s\u00f3n necess\u00e0ries per a un augment volum de llavis?<\/strong><\/span><\/h2>\n<p style=\"text-align: justify;\">Amb car\u00e0cter general, requereix de dues sessions espaiades en el temps, de m\u00ednim dues setmanes. D\u2019aquesta manera el pacient, veu l\u2019evoluci\u00f3 de forma gradual i en la segona sessi\u00f3, es realitzen els petits retocs.<\/p>\n<p style=\"text-align: justify;\">La duraci\u00f3 de l\u2019efecte \u00e9s d\u2019entre 6 i 9 mesos, encara que dep\u00e8n de l\u2019estil de vida del\/la pacient (exposici\u00f3 solar, tabac, tipus de pell,&#8230;). La seva desaparici\u00f3 no deixa senyals ni conseq\u00fc\u00e8ncies en la zona tractada.<\/p>\n<h2 style=\"text-align: justify;\"><span style=\"color: #75c9d3;\"><strong>Consells pre tractament<\/strong><\/span><\/h2>\n<ul style=\"text-align: justify;\">\n<li>Evitar aspirina i antiinflamatoris els 10 dies previs. \u00c9s recomanable prendre medicaci\u00f3 antiherpes en persones predisposades a tenir-ne.<\/li>\n<\/ul>\n<h2 style=\"text-align: justify;\"><span style=\"color: #75c9d3;\"><strong>Consells post tractament<\/strong><\/span><\/h2>\n<ul>\n<li style=\"text-align: justify;\">Compreses de fred 2-3 vegades al dia els primers dies.<\/li>\n<li style=\"text-align: justify;\">Hidratar be els llavis.<\/li>\n<\/ul>\n","protected":false},"excerpt":{"rendered":"<p>[vc_row][vc_column][vc_row_inner][vc_column_inner][\/vc_column_inner][\/vc_row_inner][\/vc_column][\/vc_row][vc_row][vc_column width=&#8221;3\/4&#8243; css=&#8221;.vc_custom_1473066092346{margin-top: 0px !important;}&#8221;][vc_column_text css=&#8221;.vc_custom_1473066053815{margin-top: 0px !important;}&#8221;] A qui? Un dels tractaments m\u00e9s sol\u00b7licitats en dermatologia est\u00e8tica \u00e9s l\u2019augment de llavis mitjan\u00e7ant infiltracions d\u2019\u00e0cid hialur\u00f2nic. Com a conseq\u00fc\u00e8ncia del pas del temps, de la p\u00e8rdua d\u2019\u00e0cid hialur\u00f2nic natural que tenim en el nostre organisme i per la menor fabricaci\u00f3 de fibres (el\u00e0stiques i de [&hellip;]<\/p>\n","protected":false},"author":5,"featured_media":0,"parent":1759,"menu_order":0,"comment_status":"closed","ping_status":"closed","template":"soulmedic\/tpl-feature.php","meta":{"footnotes":""},"class_list":["post-2556","page","type-page","status-publish","hentry"],"yoast_head":"<!-- This site is optimized with the Yoast SEO plugin v19.12 - https:\/\/yoast.com\/wordpress\/plugins\/seo\/ -->\n<title>Augment volum de llavis | Dr. Lopez Gil | Cl\u00ednica est\u00e9tica Barcelona<\/title>\n<meta name=\"description\" content=\"Sentir-se millor amb un augment de volum de llavis a la nostra cl\u00ednica est\u00e8tica dermatol\u00f2gica a Barcelona. Dr. L\u00f3pez Gil, Teknon, Barcelona.\" \/>\n<meta name=\"robots\" content=\"index, follow, max-snippet:-1, max-image-preview:large, max-video-preview:-1\" \/>\n<link rel=\"canonical\" href=\"https:\/\/www.lopezgil.com\/ca\/dermatologia-estetica-barcelona\/volum-llavis\/\" \/>\n<meta property=\"og:locale\" content=\"ca_ES\" \/>\n<meta property=\"og:type\" content=\"article\" \/>\n<meta property=\"og:title\" content=\"Augment volum de llavis | Dr. Lopez Gil | Cl\u00ednica est\u00e9tica Barcelona\" \/>\n<meta property=\"og:description\" content=\"Sentir-se millor amb un augment de volum de llavis a la nostra cl\u00ednica est\u00e8tica dermatol\u00f2gica a Barcelona. Dr. L\u00f3pez Gil, Teknon, Barcelona.\" \/>\n<meta property=\"og:url\" content=\"https:\/\/www.lopezgil.com\/ca\/dermatologia-estetica-barcelona\/volum-llavis\/\" \/>\n<meta property=\"og:site_name\" content=\"Dr. Lopez Gil\" \/>\n<meta property=\"article:modified_time\" content=\"2019-12-05T22:54:36+00:00\" \/>\n<meta name=\"twitter:card\" content=\"summary_large_image\" \/>\n<meta name=\"twitter:label1\" content=\"Est. reading time\" \/>\n\t<meta name=\"twitter:data1\" content=\"2 minutes\" \/>\n<script type=\"application\/ld+json\" class=\"yoast-schema-graph\">{\"@context\":\"https:\/\/schema.org\",\"@graph\":[{\"@type\":\"WebPage\",\"@id\":\"https:\/\/www.lopezgil.com\/ca\/dermatologia-estetica-barcelona\/volum-llavis\/\",\"url\":\"https:\/\/www.lopezgil.com\/ca\/dermatologia-estetica-barcelona\/volum-llavis\/\",\"name\":\"Augment volum de llavis | Dr. Lopez Gil | Cl\u00ednica est\u00e9tica Barcelona\",\"isPartOf\":{\"@id\":\"https:\/\/www.lopezgil.com\/ca\/#website\"},\"datePublished\":\"2016-06-16T09:54:04+00:00\",\"dateModified\":\"2019-12-05T22:54:36+00:00\",\"description\":\"Sentir-se millor amb un augment de volum de llavis a la nostra cl\u00ednica est\u00e8tica dermatol\u00f2gica a Barcelona. Dr. L\u00f3pez Gil, Teknon, Barcelona.\",\"breadcrumb\":{\"@id\":\"https:\/\/www.lopezgil.com\/ca\/dermatologia-estetica-barcelona\/volum-llavis\/#breadcrumb\"},\"inLanguage\":\"ca\",\"potentialAction\":[{\"@type\":\"ReadAction\",\"target\":[\"https:\/\/www.lopezgil.com\/ca\/dermatologia-estetica-barcelona\/volum-llavis\/\"]}]},{\"@type\":\"BreadcrumbList\",\"@id\":\"https:\/\/www.lopezgil.com\/ca\/dermatologia-estetica-barcelona\/volum-llavis\/#breadcrumb\",\"itemListElement\":[{\"@type\":\"ListItem\",\"position\":1,\"name\":\"Portada\",\"item\":\"https:\/\/www.lopezgil.com\/ca\/\"},{\"@type\":\"ListItem\",\"position\":2,\"name\":\"Dermatologia est\u00e8tica\",\"item\":\"https:\/\/www.lopezgil.com\/ca\/dermatologia-estetica-barcelona\/\"},{\"@type\":\"ListItem\",\"position\":3,\"name\":\"Augment volum de llavis\"}]},{\"@type\":\"WebSite\",\"@id\":\"https:\/\/www.lopezgil.com\/ca\/#website\",\"url\":\"https:\/\/www.lopezgil.com\/ca\/\",\"name\":\"Dr. Lopez Gil\",\"description\":\"Dermat\u00f3logo Barcelona\",\"potentialAction\":[{\"@type\":\"SearchAction\",\"target\":{\"@type\":\"EntryPoint\",\"urlTemplate\":\"https:\/\/www.lopezgil.com\/ca\/?s={search_term_string}\"},\"query-input\":\"required name=search_term_string\"}],\"inLanguage\":\"ca\"}]}<\/script>\n<!-- \/ Yoast SEO plugin. -->","yoast_head_json":{"title":"Augment volum de llavis | Dr. Lopez Gil | Cl\u00ednica est\u00e9tica Barcelona","description":"Sentir-se millor amb un augment de volum de llavis a la nostra cl\u00ednica est\u00e8tica dermatol\u00f2gica a Barcelona. Dr. L\u00f3pez Gil, Teknon, Barcelona.","robots":{"index":"index","follow":"follow","max-snippet":"max-snippet:-1","max-image-preview":"max-image-preview:large","max-video-preview":"max-video-preview:-1"},"canonical":"https:\/\/www.lopezgil.com\/ca\/dermatologia-estetica-barcelona\/volum-llavis\/","og_locale":"ca_ES","og_type":"article","og_title":"Augment volum de llavis | Dr. Lopez Gil | Cl\u00ednica est\u00e9tica Barcelona","og_description":"Sentir-se millor amb un augment de volum de llavis a la nostra cl\u00ednica est\u00e8tica dermatol\u00f2gica a Barcelona. Dr. L\u00f3pez Gil, Teknon, Barcelona.","og_url":"https:\/\/www.lopezgil.com\/ca\/dermatologia-estetica-barcelona\/volum-llavis\/","og_site_name":"Dr. Lopez Gil","article_modified_time":"2019-12-05T22:54:36+00:00","twitter_card":"summary_large_image","twitter_misc":{"Est. reading time":"2 minutes"},"schema":{"@context":"https:\/\/schema.org","@graph":[{"@type":"WebPage","@id":"https:\/\/www.lopezgil.com\/ca\/dermatologia-estetica-barcelona\/volum-llavis\/","url":"https:\/\/www.lopezgil.com\/ca\/dermatologia-estetica-barcelona\/volum-llavis\/","name":"Augment volum de llavis | Dr. Lopez Gil | Cl\u00ednica est\u00e9tica Barcelona","isPartOf":{"@id":"https:\/\/www.lopezgil.com\/ca\/#website"},"datePublished":"2016-06-16T09:54:04+00:00","dateModified":"2019-12-05T22:54:36+00:00","description":"Sentir-se millor amb un augment de volum de llavis a la nostra cl\u00ednica est\u00e8tica dermatol\u00f2gica a Barcelona. Dr. L\u00f3pez Gil, Teknon, Barcelona.","breadcrumb":{"@id":"https:\/\/www.lopezgil.com\/ca\/dermatologia-estetica-barcelona\/volum-llavis\/#breadcrumb"},"inLanguage":"ca","potentialAction":[{"@type":"ReadAction","target":["https:\/\/www.lopezgil.com\/ca\/dermatologia-estetica-barcelona\/volum-llavis\/"]}]},{"@type":"BreadcrumbList","@id":"https:\/\/www.lopezgil.com\/ca\/dermatologia-estetica-barcelona\/volum-llavis\/#breadcrumb","itemListElement":[{"@type":"ListItem","position":1,"name":"Portada","item":"https:\/\/www.lopezgil.com\/ca\/"},{"@type":"ListItem","position":2,"name":"Dermatologia est\u00e8tica","item":"https:\/\/www.lopezgil.com\/ca\/dermatologia-estetica-barcelona\/"},{"@type":"ListItem","position":3,"name":"Augment volum de llavis"}]},{"@type":"WebSite","@id":"https:\/\/www.lopezgil.com\/ca\/#website","url":"https:\/\/www.lopezgil.com\/ca\/","name":"Dr. Lopez Gil","description":"Dermat\u00f3logo Barcelona","potentialAction":[{"@type":"SearchAction","target":{"@type":"EntryPoint","urlTemplate":"https:\/\/www.lopezgil.com\/ca\/?s={search_term_string}"},"query-input":"required name=search_term_string"}],"inLanguage":"ca"}]}},"_links":{"self":[{"href":"https:\/\/www.lopezgil.com\/ca\/wp-json\/wp\/v2\/pages\/2556","targetHints":{"allow":["GET"]}}],"collection":[{"href":"https:\/\/www.lopezgil.com\/ca\/wp-json\/wp\/v2\/pages"}],"about":[{"href":"https:\/\/www.lopezgil.com\/ca\/wp-json\/wp\/v2\/types\/page"}],"author":[{"embeddable":true,"href":"https:\/\/www.lopezgil.com\/ca\/wp-json\/wp\/v2\/users\/5"}],"replies":[{"embeddable":true,"href":"https:\/\/www.lopezgil.com\/ca\/wp-json\/wp\/v2\/comments?post=2556"}],"version-history":[{"count":4,"href":"https:\/\/www.lopezgil.com\/ca\/wp-json\/wp\/v2\/pages\/2556\/revisions"}],"predecessor-version":[{"id":4803,"href":"https:\/\/www.lopezgil.com\/ca\/wp-json\/wp\/v2\/pages\/2556\/revisions\/4803"}],"up":[{"embeddable":true,"href":"https:\/\/www.lopezgil.com\/ca\/wp-json\/wp\/v2\/pages\/1759"}],"wp:attachment":[{"href":"https:\/\/www.lopezgil.com\/ca\/wp-json\/wp\/v2\/media?parent=2556"}],"curies":[{"name":"wp","href":"https:\/\/api.w.org\/{rel}","templated":true}]}}