{"id":1797,"date":"2017-05-05T18:20:46","date_gmt":"2017-05-05T18:20:46","guid":{"rendered":"http:\/\/lopezgil.com\/enconstruccion\/?page_id=1797"},"modified":"2019-12-06T16:51:33","modified_gmt":"2019-12-06T16:51:33","slug":"bosses-i-ulleres","status":"publish","type":"page","link":"https:\/\/www.lopezgil.com\/ca\/dermatologia-estetica-barcelona\/bosses-i-ulleres\/","title":{"rendered":"Bosses i ulleres"},"content":{"rendered":"<div id=\"fb-root\"><\/div>\n<p style=\"text-align: justify;\">[vc_row][vc_column][vc_row_inner][vc_column_inner]<script type=\"text\/javascript\">jQuery(function() { _initLayerSlider( '#layerslider_64_y38kmw23cc84', {sliderVersion: '', responsiveUnder: 0, layersContainer: 0, hideUnder: 0, hideOver: 100000, pauseOnHover: 1, skin: 'v5', sliderFadeInDuration: 350, useSrcset: true, skinsPath: 'https:\/\/www.lopezgil.com\/wp-content\/plugins\/LayerSlider\/assets\/static\/layerslider\/skins\/', type: 'responsive', showCircleTimer: false, performanceMode: true}); });<\/script><div id=\"layerslider_64_y38kmw23cc84\" class=\"ls-wp-container fitvidsignore\" style=\"width:600px;height:200px;margin:0 auto;margin-bottom: 0px;\"><div class=\"ls-slide\" data-ls=\"duration:4000;\"><img loading=\"lazy\" decoding=\"async\" width=\"600\" height=\"200\" src=\"https:\/\/www.lopezgil.com\/wp-content\/uploads\/drlopezgil_dermatologia_barcelona_600x200_bolsas_ojeras-2.jpg\" class=\"ls-bg\" alt=\"tratamiento-bolsas-ojeras-dermatologo-cirujano-barcelona\" srcset=\"https:\/\/www.lopezgil.com\/wp-content\/uploads\/drlopezgil_dermatologia_barcelona_600x200_bolsas_ojeras-2.jpg 600w, https:\/\/www.lopezgil.com\/wp-content\/uploads\/drlopezgil_dermatologia_barcelona_600x200_bolsas_ojeras-2-300x100.jpg 300w\" sizes=\"auto, (max-width: 600px) 100vw, 600px\" \/><\/div><\/div>[\/vc_column_inner][\/vc_row_inner][\/vc_column][\/vc_row][vc_row][vc_column width=&#8221;3\/4&#8243; css=&#8221;.vc_custom_1473066092346{margin-top: 0px !important;}&#8221;][vc_column_text css=&#8221;.vc_custom_1473066053815{margin-top: 0px !important;}&#8221;]\n<h2 style=\"text-align: justify;\"><span style=\"color: #75c9d3;\"><strong>Qu\u00e8 s\u00f3n les bosses i ulleres?<\/strong><\/span><\/h2>\n<p style=\"text-align: justify;\">Les bosses i ulleres s\u00f3n l&#8217;enfosquiment de la pell o taca morada que es crea al voltant o sota dels ulls. Aporten un aspecte cansat i\/o malalt i solen posar anys de m\u00e9s.<br \/>\nLes ulleres poden anar o no acompanyades d&#8217;un exc\u00e9s de l\u00edquid i\/o de greix sota la pell, les conegudes bosses.<\/p>\n<h2 style=\"text-align: justify;\"><span style=\"color: #75c9d3;\"><strong>A qui afecta?<\/strong><\/span><\/h2>\n<p style=\"text-align: justify;\">Poden tenir el seu origen en diverses causes. En general, el motiu m\u00e9s com\u00fa \u00e9s que hi ha un cansament acumulat que empitjora el drenatge limf\u00e0tic i\/o vascular de la zona i provoca l&#8217;enfosquiment per la falta de reg sanguini.<\/p>\n<p style=\"text-align: justify;\">Les bosses poden ser ocasionades per:<br \/>\n\u2022 Retenci\u00f3 de l\u00edquids<br \/>\n\u2022 Alimentaci\u00f3 inadequada<br \/>\n\u2022 Manca d&#8217;hidrataci\u00f3<br \/>\n\u2022 Factors hereditaris<\/p>\n<h2 style=\"text-align: justify;\"><span style=\"color: #75c9d3;\"><strong>Causes<\/strong><\/span><\/h2>\n<p style=\"text-align: justify;\">Poden tenir el seu origen en diverses causes. En general, el motiu m\u00e9s com\u00fa \u00e9s que hi ha un cansament acumulat que empitjora el drenatge limf\u00e0tic i\/o vascular de la zona i provoca l&#8217;enfosquiment per la falta de reg sanguini.<\/p>\n<p style=\"text-align: justify;\">Les bosses poden ser ocasionades per:<br \/>\n\u2022 Retenci\u00f3 de l\u00edquids<br \/>\n\u2022 Alimentaci\u00f3 inadequada<br \/>\n\u2022 Manca d&#8217;hidrataci\u00f3<br \/>\n\u2022 Factors hereditaris<\/p>\n<h2 style=\"text-align: justify;\"><span style=\"color: #75c9d3;\"><strong>Tractament de les <\/strong><\/span><span style=\"color: #75c9d3;\"><strong>bosses i ulleres a Barcelona<\/strong><\/span><\/h2>\n<p style=\"text-align: justify;\">No \u00e9s estrictament necessari tractar les ulleres ja que no tenen cap import\u00e0ncia m\u00e8dica, excepte quan apareixen en persones molt joves ja que estan bastant relacionades amb problemes de tipus al\u00b7l\u00e8rgic respiratori.<br \/>\nLa major part dels pacients volen eliminar aquestes imperfeccions ja que aporten un aspecte de cansament i anys de m\u00e9s.<\/p>\n<p style=\"text-align: justify;\"><u>En qu\u00e8 consisteix?<\/u><\/p>\n<p style=\"text-align: justify;\">El tractament m\u00e9s adequat per a tractar les ulleres consisteix en millorar l&#8217;\u00e0rea realitzant petites infiltracions d&#8217;\u00e0cid hialur\u00f2nic just per sota de la parpella inferior per aconseguir un aixecament i estirament de la pell, afavorint la vascularitzaci\u00f3 de l&#8217;\u00e0rea. L&#8217;efecte de farciment aconsegueix donar volum, donant-li a la pell m\u00e9s hidrataci\u00f3 i en conseq\u00fc\u00e8ncia un millor aspecte.<br \/>\nTots els tractaments de tipus cosm\u00e8tic com els correctors d\u2019ulleres, s\u00e8rums i cremes milloren la textura i la superf\u00edcie de la pell per\u00f2 no canvien l&#8217;aspecte general de la zona.<\/p>\n<p style=\"text-align: justify;\"><u>\u00c9s dolor\u00f3s?<\/u><\/p>\n<p style=\"text-align: justify;\">\u00c9s un tractament indolor. El propi producte porta lidoca\u00efna, un anest\u00e8sic local que disminueix la sensaci\u00f3 de dolor al injectar el producte.<\/p>\n<p style=\"text-align: justify;\"><u>Quantes sessions s\u00f3n necess\u00e0ries?<\/u><\/p>\n<p style=\"text-align: justify;\">Per regla general, amb una \u00fanica sessi\u00f3 es poden obtenir els resultats desitjats, per\u00f2, s&#8217;haur\u00e0 d&#8217;analitzar cada cas per a planificar una possible revisi\u00f3 o retoc.<\/p>\n<p style=\"text-align: justify;\"><u>Quan s\u00f3n visibles els resultats?<\/u><\/p>\n<p style=\"text-align: justify;\">En el cas que el\/la pacient no produeixi hematoma, els resultats s\u00f3n visibles pr\u00e0cticament en 2-3 dies, un cop hagi disminu\u00eft la inflamaci\u00f3 natural com a conseq\u00fc\u00e8ncia de la injecci\u00f3.<\/p>\n<p style=\"text-align: justify;\"><u>Quina duraci\u00f3 t\u00e9 el tractament?<\/u><\/p>\n<p style=\"text-align: justify;\">Hi ha diversos factors que s&#8217;han de tenir en compte per a determinar l&#8217;estimaci\u00f3 de la durada del tractament, com l&#8217;estat previ, el tipus de pell i la cura de la zona. En general, t\u00e9 una durada entre un any i un any i mig.<\/p>\n<p style=\"text-align: justify;\"><u>Quin tipus de defectes podem tractar amb l\u2019\u00e0cid hialur\u00f2nic?<\/u><\/p>\n<ul style=\"text-align: justify;\">\n<li>Ulleres sota dels ulls.<\/li>\n<li>Marques viol\u00e0cies al voltant dels ulls.<\/li>\n<li>Correcci\u00f3 d\u2019asimetries facials (\u00f2vul facial) i de inestetismes nasals.<\/li>\n<\/ul>\n<p style=\"text-align: justify;\"><u>Quin tipus de defectes NO podem tractar amb l\u2019\u00e0cid hialur\u00f2nic?<\/u><\/p>\n<ul style=\"text-align: justify;\">\n<li>Bosses de greix sota dels ulls.<\/li>\n<li>Ulleres fosques com a conseq\u00fc\u00e8ncia d&#8217;un component gen\u00e8tic (presentar un color marr\u00f3 fosc o negre).<\/li>\n<li>Flacidesa de parpelles superiors i\/o inferiors: en aquests casos el farciment d&#8217;\u00e0cid hialur\u00f2nic no soluciona la flacidesa, i sol requerir d&#8217;una intervenci\u00f3 quir\u00fargica-pl\u00e0stica.<\/li>\n<\/ul>\n<p style=\"text-align: justify;\">Cal destacar, que en el cas de que les ulleres vagin acompanyades de bosses, la soluci\u00f3 amb \u00e0cid hialur\u00f2nic no \u00e9s factible i generalment es recomana realitzar un procediment quir\u00fargic amb un especialista.<\/p>\n<h2 style=\"text-align: justify;\"><span style=\"color: #75c9d3;\"><strong>Consells previs al tractament<\/strong><\/span><\/h2>\n<ul style=\"text-align: justify;\">\n<li>Evitar l&#8217;exposici\u00f3 solar prolongada durant els 7 dies previs al tractament.<\/li>\n<li>La pell no ha d&#8217;estar bronzejada.<\/li>\n<li>No tenir ferides o cicatrius recents.<\/li>\n<li>Si la persona t\u00e9 una predisposici\u00f3 gen\u00e8tica a crear hematomes, es recomana utilitzar crema d&#8217;\u00e0rnica la setmana d&#8217;abans.<\/li>\n<li>No haver-se medicat antiinflamatoris 7 dies abans.<\/li>\n<li>No tenir herpes<\/li>\n<\/ul>\n<h2 style=\"text-align: justify;\"><span style=\"color: #75c9d3;\"><strong>Consells post tractament<\/strong><\/span><\/h2>\n<ul>\n<li style=\"text-align: justify;\">En cas d&#8217;hematomes: fer servir cremes naturals com \u00e0rnica.<\/li>\n<li style=\"text-align: justify;\">Evitar l&#8217;exposici\u00f3 solar prolongada durant els 7 dies posteriors.<\/li>\n<li>Utilitza protector solar.<\/li>\n<li style=\"text-align: justify;\">Evitar saunes i\/o similars.<\/li>\n<li style=\"text-align: justify;\">Evitar fer massatges a la zona vigorosament.<\/li>\n<li style=\"text-align: justify;\">No realitzar sessions de raigs UVA.<\/li>\n<li style=\"text-align: justify;\">Evitar tractaments que erosionin la pell.<\/li>\n<\/ul>\n","protected":false},"excerpt":{"rendered":"<p>[vc_row][vc_column][vc_row_inner][vc_column_inner][\/vc_column_inner][\/vc_row_inner][\/vc_column][\/vc_row][vc_row][vc_column width=&#8221;3\/4&#8243; css=&#8221;.vc_custom_1473066092346{margin-top: 0px !important;}&#8221;][vc_column_text css=&#8221;.vc_custom_1473066053815{margin-top: 0px !important;}&#8221;] Qu\u00e8 s\u00f3n les bosses i ulleres? Les bosses i ulleres s\u00f3n l&#8217;enfosquiment de la pell o taca morada que es crea al voltant o sota dels ulls. Aporten un aspecte cansat i\/o malalt i solen posar anys de m\u00e9s. Les ulleres poden anar o no acompanyades d&#8217;un [&hellip;]<\/p>\n","protected":false},"author":5,"featured_media":0,"parent":1759,"menu_order":0,"comment_status":"closed","ping_status":"closed","template":"soulmedic\/tpl-feature.php","meta":{"footnotes":""},"class_list":["post-1797","page","type-page","status-publish","hentry"],"yoast_head":"<!-- This site is optimized with the Yoast SEO plugin v19.12 - https:\/\/yoast.com\/wordpress\/plugins\/seo\/ -->\n<title>Bosses i ulleres | Dr. Lopez Gil | Clinica Est\u00e8tica Teknon Barcelona<\/title>\n<meta name=\"description\" content=\"Tot el que has de saber per elimiinar les bosses i ulleres. Les seves causes i els millors tractaments aplicats pel nostre equip de metges especialistes\" \/>\n<meta name=\"robots\" content=\"index, follow, max-snippet:-1, max-image-preview:large, max-video-preview:-1\" \/>\n<link rel=\"canonical\" href=\"https:\/\/www.lopezgil.com\/ca\/dermatologia-estetica-barcelona\/bosses-i-ulleres\/\" \/>\n<meta property=\"og:locale\" content=\"ca_ES\" \/>\n<meta property=\"og:type\" content=\"article\" \/>\n<meta property=\"og:title\" content=\"Bosses i ulleres | Dr. Lopez Gil | Clinica Est\u00e8tica Teknon Barcelona\" \/>\n<meta property=\"og:description\" content=\"Tot el que has de saber per elimiinar les bosses i ulleres. Les seves causes i els millors tractaments aplicats pel nostre equip de metges especialistes\" \/>\n<meta property=\"og:url\" content=\"https:\/\/www.lopezgil.com\/ca\/dermatologia-estetica-barcelona\/bosses-i-ulleres\/\" \/>\n<meta property=\"og:site_name\" content=\"Dr. Lopez Gil\" \/>\n<meta property=\"article:modified_time\" content=\"2019-12-06T16:51:33+00:00\" \/>\n<meta name=\"twitter:card\" content=\"summary_large_image\" \/>\n<meta name=\"twitter:label1\" content=\"Est. reading time\" \/>\n\t<meta name=\"twitter:data1\" content=\"4 minutes\" \/>\n<script type=\"application\/ld+json\" class=\"yoast-schema-graph\">{\"@context\":\"https:\/\/schema.org\",\"@graph\":[{\"@type\":\"WebPage\",\"@id\":\"https:\/\/www.lopezgil.com\/ca\/dermatologia-estetica-barcelona\/bosses-i-ulleres\/\",\"url\":\"https:\/\/www.lopezgil.com\/ca\/dermatologia-estetica-barcelona\/bosses-i-ulleres\/\",\"name\":\"Bosses i ulleres | Dr. Lopez Gil | Clinica Est\u00e8tica Teknon Barcelona\",\"isPartOf\":{\"@id\":\"https:\/\/www.lopezgil.com\/ca\/#website\"},\"datePublished\":\"2017-05-05T18:20:46+00:00\",\"dateModified\":\"2019-12-06T16:51:33+00:00\",\"description\":\"Tot el que has de saber per elimiinar les bosses i ulleres. Les seves causes i els millors tractaments aplicats pel nostre equip de metges especialistes\",\"breadcrumb\":{\"@id\":\"https:\/\/www.lopezgil.com\/ca\/dermatologia-estetica-barcelona\/bosses-i-ulleres\/#breadcrumb\"},\"inLanguage\":\"ca\",\"potentialAction\":[{\"@type\":\"ReadAction\",\"target\":[\"https:\/\/www.lopezgil.com\/ca\/dermatologia-estetica-barcelona\/bosses-i-ulleres\/\"]}]},{\"@type\":\"BreadcrumbList\",\"@id\":\"https:\/\/www.lopezgil.com\/ca\/dermatologia-estetica-barcelona\/bosses-i-ulleres\/#breadcrumb\",\"itemListElement\":[{\"@type\":\"ListItem\",\"position\":1,\"name\":\"Portada\",\"item\":\"https:\/\/www.lopezgil.com\/ca\/\"},{\"@type\":\"ListItem\",\"position\":2,\"name\":\"Dermatologia est\u00e8tica\",\"item\":\"https:\/\/www.lopezgil.com\/ca\/dermatologia-estetica-barcelona\/\"},{\"@type\":\"ListItem\",\"position\":3,\"name\":\"Bosses i ulleres\"}]},{\"@type\":\"WebSite\",\"@id\":\"https:\/\/www.lopezgil.com\/ca\/#website\",\"url\":\"https:\/\/www.lopezgil.com\/ca\/\",\"name\":\"Dr. Lopez Gil\",\"description\":\"Dermat\u00f3logo Barcelona\",\"potentialAction\":[{\"@type\":\"SearchAction\",\"target\":{\"@type\":\"EntryPoint\",\"urlTemplate\":\"https:\/\/www.lopezgil.com\/ca\/?s={search_term_string}\"},\"query-input\":\"required name=search_term_string\"}],\"inLanguage\":\"ca\"}]}<\/script>\n<!-- \/ Yoast SEO plugin. -->","yoast_head_json":{"title":"Bosses i ulleres | Dr. Lopez Gil | Clinica Est\u00e8tica Teknon Barcelona","description":"Tot el que has de saber per elimiinar les bosses i ulleres. Les seves causes i els millors tractaments aplicats pel nostre equip de metges especialistes","robots":{"index":"index","follow":"follow","max-snippet":"max-snippet:-1","max-image-preview":"max-image-preview:large","max-video-preview":"max-video-preview:-1"},"canonical":"https:\/\/www.lopezgil.com\/ca\/dermatologia-estetica-barcelona\/bosses-i-ulleres\/","og_locale":"ca_ES","og_type":"article","og_title":"Bosses i ulleres | Dr. Lopez Gil | Clinica Est\u00e8tica Teknon Barcelona","og_description":"Tot el que has de saber per elimiinar les bosses i ulleres. Les seves causes i els millors tractaments aplicats pel nostre equip de metges especialistes","og_url":"https:\/\/www.lopezgil.com\/ca\/dermatologia-estetica-barcelona\/bosses-i-ulleres\/","og_site_name":"Dr. Lopez Gil","article_modified_time":"2019-12-06T16:51:33+00:00","twitter_card":"summary_large_image","twitter_misc":{"Est. reading time":"4 minutes"},"schema":{"@context":"https:\/\/schema.org","@graph":[{"@type":"WebPage","@id":"https:\/\/www.lopezgil.com\/ca\/dermatologia-estetica-barcelona\/bosses-i-ulleres\/","url":"https:\/\/www.lopezgil.com\/ca\/dermatologia-estetica-barcelona\/bosses-i-ulleres\/","name":"Bosses i ulleres | Dr. Lopez Gil | Clinica Est\u00e8tica Teknon Barcelona","isPartOf":{"@id":"https:\/\/www.lopezgil.com\/ca\/#website"},"datePublished":"2017-05-05T18:20:46+00:00","dateModified":"2019-12-06T16:51:33+00:00","description":"Tot el que has de saber per elimiinar les bosses i ulleres. Les seves causes i els millors tractaments aplicats pel nostre equip de metges especialistes","breadcrumb":{"@id":"https:\/\/www.lopezgil.com\/ca\/dermatologia-estetica-barcelona\/bosses-i-ulleres\/#breadcrumb"},"inLanguage":"ca","potentialAction":[{"@type":"ReadAction","target":["https:\/\/www.lopezgil.com\/ca\/dermatologia-estetica-barcelona\/bosses-i-ulleres\/"]}]},{"@type":"BreadcrumbList","@id":"https:\/\/www.lopezgil.com\/ca\/dermatologia-estetica-barcelona\/bosses-i-ulleres\/#breadcrumb","itemListElement":[{"@type":"ListItem","position":1,"name":"Portada","item":"https:\/\/www.lopezgil.com\/ca\/"},{"@type":"ListItem","position":2,"name":"Dermatologia est\u00e8tica","item":"https:\/\/www.lopezgil.com\/ca\/dermatologia-estetica-barcelona\/"},{"@type":"ListItem","position":3,"name":"Bosses i ulleres"}]},{"@type":"WebSite","@id":"https:\/\/www.lopezgil.com\/ca\/#website","url":"https:\/\/www.lopezgil.com\/ca\/","name":"Dr. Lopez Gil","description":"Dermat\u00f3logo Barcelona","potentialAction":[{"@type":"SearchAction","target":{"@type":"EntryPoint","urlTemplate":"https:\/\/www.lopezgil.com\/ca\/?s={search_term_string}"},"query-input":"required name=search_term_string"}],"inLanguage":"ca"}]}},"_links":{"self":[{"href":"https:\/\/www.lopezgil.com\/ca\/wp-json\/wp\/v2\/pages\/1797","targetHints":{"allow":["GET"]}}],"collection":[{"href":"https:\/\/www.lopezgil.com\/ca\/wp-json\/wp\/v2\/pages"}],"about":[{"href":"https:\/\/www.lopezgil.com\/ca\/wp-json\/wp\/v2\/types\/page"}],"author":[{"embeddable":true,"href":"https:\/\/www.lopezgil.com\/ca\/wp-json\/wp\/v2\/users\/5"}],"replies":[{"embeddable":true,"href":"https:\/\/www.lopezgil.com\/ca\/wp-json\/wp\/v2\/comments?post=1797"}],"version-history":[{"count":6,"href":"https:\/\/www.lopezgil.com\/ca\/wp-json\/wp\/v2\/pages\/1797\/revisions"}],"predecessor-version":[{"id":4896,"href":"https:\/\/www.lopezgil.com\/ca\/wp-json\/wp\/v2\/pages\/1797\/revisions\/4896"}],"up":[{"embeddable":true,"href":"https:\/\/www.lopezgil.com\/ca\/wp-json\/wp\/v2\/pages\/1759"}],"wp:attachment":[{"href":"https:\/\/www.lopezgil.com\/ca\/wp-json\/wp\/v2\/media?parent=1797"}],"curies":[{"name":"wp","href":"https:\/\/api.w.org\/{rel}","templated":true}]}}