{"id":1648,"date":"2016-06-16T09:48:57","date_gmt":"2016-06-16T09:48:57","guid":{"rendered":"http:\/\/lopezgil.com\/enconstruccion\/?page_id=1648"},"modified":"2019-08-08T16:45:19","modified_gmt":"2019-08-08T16:45:19","slug":"sintomas-prevencion-melanoma","status":"publish","type":"page","link":"https:\/\/www.lopezgil.com\/ca\/dermatologia-oncologica\/sintomas-prevencion-melanoma\/","title":{"rendered":"C\u00e0ncer de pell"},"content":{"rendered":"<div id=\"fb-root\"><\/div>\n<p style=\"text-align: justify;\">[vc_row][vc_column][vc_row_inner][vc_column_inner]<script type=\"text\/javascript\">jQuery(function() { _initLayerSlider( '#layerslider_55_1slqyehwfylvi', {sliderVersion: '', responsiveUnder: 0, layersContainer: 0, hideUnder: 0, hideOver: 100000, pauseOnHover: 1, skin: 'v5', sliderFadeInDuration: 350, useSrcset: true, skinsPath: 'https:\/\/www.lopezgil.com\/wp-content\/plugins\/LayerSlider\/assets\/static\/layerslider\/skins\/', type: 'responsive', showCircleTimer: false, performanceMode: true}); });<\/script><div id=\"layerslider_55_1slqyehwfylvi\" class=\"ls-wp-container fitvidsignore\" style=\"width:600px;height:200px;margin:0 auto;margin-bottom: 0px;\"><div class=\"ls-slide\" data-ls=\"duration:4000;\"><img loading=\"lazy\" decoding=\"async\" width=\"600\" height=\"200\" src=\"https:\/\/www.lopezgil.com\/wp-content\/uploads\/drlopezgil_dermatologia_barcelona_600x200_cancer_pell.jpg\" class=\"ls-bg\" alt=\"dermatologo-cancer-piel-pell-barcelona-tratamiento\" srcset=\"https:\/\/www.lopezgil.com\/wp-content\/uploads\/drlopezgil_dermatologia_barcelona_600x200_cancer_pell.jpg 600w, https:\/\/www.lopezgil.com\/wp-content\/uploads\/drlopezgil_dermatologia_barcelona_600x200_cancer_pell-300x100.jpg 300w\" sizes=\"auto, (max-width: 600px) 100vw, 600px\" \/><\/div><\/div>[\/vc_column_inner][\/vc_row_inner][\/vc_column][\/vc_row][vc_row][vc_column width=&#8221;3\/4&#8243; css=&#8221;.vc_custom_1473066092346{margin-top: 0px !important;}&#8221;][vc_column_text css=&#8221;.vc_custom_1473066053815{margin-top: 0px !important;}&#8221;]\n<div class=\"wpb_text_column wpb_content_element vc_custom_1491396342407\">\n<div class=\"wpb_wrapper\">\n<h2><span style=\"color: #75c9d3;\"><strong>Qu\u00e8 es el c\u00e0ncer de pell?<\/strong><\/span><\/h2>\n<p>Quantitativament el c\u00e0ncer de pell \u00e9s el m\u00e9s freq\u00fcent de l\u2019\u00e9sser hum\u00e0 en la societat occidental, per\u00f2 cal destacar la seva f\u00e0cil prevenci\u00f3 i que en el 90% dels casos \u00e9s curable. S\u2019origina com a conseq\u00fc\u00e8ncia de mutacions produ\u00efdes en l\u2019 ADN de les c\u00e8l\u00b7lules de la pell. El c\u00e0ncer de pell no melanoma \u00e9s el tipus m\u00e9s com\u00fa i \u00e9s el que compren tots els tipus de c\u00e0ncer de pell excepte el melanoma.<\/p>\n<h2><span style=\"color: #75c9d3;\"><strong><img loading=\"lazy\" decoding=\"async\" class=\"aligncenter wp-image-1520 size-large\" src=\"http:\/\/lopezgil.com\/wp-content\/uploads\/melanoma_cancer_pell_dermatologia_dermatologo_drlopezgil_dermandtek_teknon_barcelona_andorra-1024x724.jpg\" alt=\"melanoma_cancer_pell_dermatologia_dermatologo_drlopezgil_dermandtek_teknon_barcelona_andorra\" width=\"675\" height=\"477\" srcset=\"https:\/\/www.lopezgil.com\/wp-content\/uploads\/melanoma_cancer_pell_dermatologia_dermatologo_drlopezgil_dermandtek_teknon_barcelona_andorra-1024x724.jpg 1024w, https:\/\/www.lopezgil.com\/wp-content\/uploads\/melanoma_cancer_pell_dermatologia_dermatologo_drlopezgil_dermandtek_teknon_barcelona_andorra-300x212.jpg 300w, https:\/\/www.lopezgil.com\/wp-content\/uploads\/melanoma_cancer_pell_dermatologia_dermatologo_drlopezgil_dermandtek_teknon_barcelona_andorra.jpg 1191w\" sizes=\"auto, (max-width: 675px) 100vw, 675px\" \/>A qui afecta?<\/strong><\/span><\/h2>\n<p>Malauradament, el 80% de la poblaci\u00f3 en algun moment de la seva vida es veu afectat. Qui ha de tenir, sobretot, respecte al sol, s\u00f3n:<\/p>\n<ul>\n<li>Persones amb antecedents familiars<\/li>\n<li>Persones amb pells molt blanques que gaire b\u00e9 mai es bronzegen o gaire b\u00e9 sempre es cremen<\/li>\n<li>Majors de 30 anys<\/li>\n<li>Nens<\/li>\n<li>Persones d\u2019edat avan\u00e7ada.<\/li>\n<\/ul>\n<h2><span style=\"color: #75c9d3;\"><strong>Tipus<\/strong><\/span><\/h2>\n<p>Hi ha\u00a0<strong>tres tipus principals<\/strong>\u00a0de c\u00e0ncer de pell:<\/p>\n<ul>\n<li><em>Melanoma:\u00a0<\/em>\u00e9s el m\u00e9s agressiu i \u00e9s el que es desenvolupa a partir dels melan\u00f2cits.<\/li>\n<\/ul>\n<\/div>\n<\/div>\n<div class=\"vc_row wpb_row vc_row-fluid\">\n<div class=\"wpb_column vc_column_container vc_col-sm-12\">\n<div class=\"vc_column-inner \">\n<div class=\"wpb_wrapper\">\n<div class=\"wpb_single_image wpb_content_element vc_align_center\">\n<h2 class=\"wpb_heading wpb_singleimage_heading\">Melanoma<\/h2>\n<figure class=\"wpb_wrapper vc_figure\">\n<div class=\"vc_single_image-wrapper vc_box_border_grey\"><img loading=\"lazy\" decoding=\"async\" class=\"vc_single_image-img attachment-large alignnone\" title=\"melanoma-cancer-piel-barcelona\" src=\"http:\/\/lopezgil.com\/wp-content\/uploads\/melanoma_cancer_pell_prevencio_dermatologia_dermatoleg_drlopezgil_consulta_barcelona_andorra.jpg\" sizes=\"auto, (max-width: 675px) 100vw, 675px\" srcset=\"http:\/\/lopezgil.com\/wp-content\/uploads\/melanoma_cancer_pell_prevencio_dermatologia_dermatoleg_drlopezgil_consulta_barcelona_andorra.jpg 960w, http:\/\/lopezgil.com\/wp-content\/uploads\/melanoma_cancer_pell_prevencio_dermatologia_dermatoleg_drlopezgil_consulta_barcelona_andorra-300x190.jpg 300w\" alt=\"melanoma_cancer_pell_prevencio_dermatologia_dermatoleg_drlopezgil_consulta_barcelona_andorra\" width=\"675\" height=\"428\" \/><\/div>\n<\/figure>\n<\/div>\n<\/div>\n<\/div>\n<\/div>\n<\/div>\n<div class=\"vc_row wpb_row vc_row-fluid\">\n<div class=\"wpb_column vc_column_container vc_col-sm-12\">\n<div class=\"vc_column-inner \">\n<div class=\"wpb_wrapper\">\n<div class=\"wpb_text_column wpb_content_element \">\n<div class=\"wpb_wrapper\">\n<ul>\n<li><em>Carcinoma basocel.lular (de c\u00e8l\u00b7lules basals o epitelioma basocel\u00b7lular):\u00a0<\/em>s\u2019origina en les c\u00e8l\u00b7lules basals que s\u00f3n les petites c\u00e8l\u00b7lules que es troben en la base de l\u2019epidermis, que \u00e9s la capa m\u00e9s externa de la pell. \u00c9s el m\u00e9s freq\u00fcent. Envaeix localment. No fa met\u00e0stasi.<\/li>\n<\/ul>\n<\/div>\n<\/div>\n<\/div>\n<\/div>\n<\/div>\n<\/div>\n<div class=\"vc_row wpb_row vc_row-fluid\">\n<div class=\"wpb_column vc_column_container vc_col-sm-12\">\n<div class=\"vc_column-inner \">\n<div class=\"wpb_wrapper\">\n<div class=\"wpb_single_image wpb_content_element vc_align_center\">\n<h2 class=\"wpb_heading wpb_singleimage_heading\">Carcinoma basocel.lular<\/h2>\n<figure class=\"wpb_wrapper vc_figure\">\n<div class=\"vc_single_image-wrapper vc_box_border_grey\"><img loading=\"lazy\" decoding=\"async\" class=\"vc_single_image-img attachment-large\" src=\"http:\/\/lopezgil.com\/wp-content\/uploads\/carcinoma_basocelular_cancer_pell_dr_lopez_barcelona_dermatoleg.jpg\" sizes=\"auto, (max-width: 600px) 100vw, 600px\" srcset=\"http:\/\/lopezgil.com\/wp-content\/uploads\/carcinoma_basocelular_cancer_pell_dr_lopez_barcelona_dermatoleg.jpg 600w, http:\/\/lopezgil.com\/wp-content\/uploads\/carcinoma_basocelular_cancer_pell_dr_lopez_barcelona_dermatoleg-300x225.jpg 300w\" alt=\"carcinoma_basocelular_cancer_pell_dr_lopez_barcelona_dermatoleg\" width=\"600\" height=\"450\" \/><\/div>\n<\/figure>\n<\/div>\n<\/div>\n<\/div>\n<\/div>\n<\/div>\n<div class=\"vc_row wpb_row vc_row-fluid\">\n<div class=\"wpb_column vc_column_container vc_col-sm-12\">\n<div class=\"vc_column-inner \">\n<div class=\"wpb_wrapper\">\n<div class=\"wpb_text_column wpb_content_element \">\n<div class=\"wpb_wrapper\">\n<ul>\n<li><em>Carcinoma espinocel.lular o escam\u00f3s<\/em>: s\u00f3n c\u00e8l\u00b7lules primes i planes que s\u2019assemblen a les escates dels peixos. Es troben en el teixit que forma la superf\u00edcie de la pell, el recobriment dels \u00f2rgans buits del cos, com els conductes de l\u2019aparell respiratori i digestiu. \u00c9s agressiu i pot fer met\u00e0stasi.<\/li>\n<\/ul>\n<\/div>\n<\/div>\n<\/div>\n<\/div>\n<\/div>\n<\/div>\n<div class=\"vc_row wpb_row vc_row-fluid\">\n<div class=\"wpb_column vc_column_container vc_col-sm-12\">\n<div class=\"vc_column-inner \">\n<div class=\"wpb_wrapper\">\n<div class=\"wpb_single_image wpb_content_element vc_align_center\">\n<h2 class=\"wpb_heading wpb_singleimage_heading\">Carcinoma escat\u00f3s<\/h2>\n<figure class=\"wpb_wrapper vc_figure\">\n<div class=\"vc_single_image-wrapper vc_box_border_grey\"><img loading=\"lazy\" decoding=\"async\" class=\"vc_single_image-img attachment-large\" src=\"http:\/\/lopezgil.com\/wp-content\/uploads\/carcinoma_escatos_cancer_pell_dr_lopez_barcelona_dermatoleg.jpg\" sizes=\"auto, (max-width: 600px) 100vw, 600px\" srcset=\"http:\/\/lopezgil.com\/wp-content\/uploads\/carcinoma_escatos_cancer_pell_dr_lopez_barcelona_dermatoleg.jpg 600w, http:\/\/lopezgil.com\/wp-content\/uploads\/carcinoma_escatos_cancer_pell_dr_lopez_barcelona_dermatoleg-294x300.jpg 294w\" alt=\"carcinoma_escatos_cancer_pell_dr_lopez_barcelona_dermatoleg\" width=\"600\" height=\"613\" \/><\/div>\n<\/figure>\n<\/div>\n<\/div>\n<\/div>\n<\/div>\n<\/div>\n<div class=\"vc_row wpb_row vc_row-fluid\">\n<div class=\"wpb_column vc_column_container vc_col-sm-12\">\n<div class=\"vc_column-inner \">\n<div class=\"wpb_wrapper\">\n<div class=\"wpb_text_column wpb_content_element \">\n<div class=\"wpb_wrapper\">\n<p><strong>Altres tipus<\/strong>\u00a0de c\u00e0ncer no tant freq\u00fcents:<\/p>\n<ul>\n<li>Limfoma cutani<\/li>\n<li>Sarcoma de Kaposi<\/li>\n<li>Dermatofibrosarcoma<\/li>\n<li>Carcinoma de Merkel<\/li>\n<\/ul>\n<\/div>\n<\/div>\n<\/div>\n<\/div>\n<\/div>\n<\/div>\n<div class=\"vc_row wpb_row vc_row-fluid\">\n<div class=\"wpb_column vc_column_container vc_col-sm-12\">\n<div class=\"vc_column-inner \">\n<div class=\"wpb_wrapper\">\n<div class=\"wpb_text_column wpb_content_element \">\n<div class=\"wpb_wrapper\">\n<h2><span style=\"color: #75c9d3;\"><strong>Simptomatologia<\/strong><\/span><\/h2>\n<p>Un canvi en la pell \u00e9s el signe m\u00e9s com\u00fa del c\u00e0ncer de pell. Aquests canvis poden ser una lesi\u00f3 nova, canvis en alguna taca que ja tenim o b\u00e9 alguna ferida o llaga que no cicatritza correctament. Una forma senzilla d\u2019identificar un possible c\u00e0ncer de pell \u00e9s la\u00a0<em>Regla del ABCDE<\/em>.<\/p>\n<\/div>\n<\/div>\n<\/div>\n<\/div>\n<\/div>\n<\/div>\n<div class=\"vc_row wpb_row vc_row-fluid\">\n<div class=\"wpb_column vc_column_container vc_col-sm-12\">\n<div class=\"vc_column-inner \">\n<div class=\"wpb_wrapper\">\n<div class=\"wpb_single_image wpb_content_element vc_align_center\">\n<figure class=\"wpb_wrapper vc_figure\">\n<div class=\"vc_single_image-wrapper vc_box_border_grey\"><img loading=\"lazy\" decoding=\"async\" class=\"vc_single_image-img attachment-large\" src=\"http:\/\/lopezgil.com\/wp-content\/uploads\/dermatologo-barcelona-cancer-de-piel-1-1024x537.png\" sizes=\"auto, (max-width: 675px) 100vw, 675px\" srcset=\"http:\/\/lopezgil.com\/wp-content\/uploads\/dermatologo-barcelona-cancer-de-piel-1-1024x537.png 1024w, http:\/\/lopezgil.com\/wp-content\/uploads\/dermatologo-barcelona-cancer-de-piel-1-300x157.png 300w\" alt=\"dermatologo-barcelona-cancer-de-piel\" width=\"675\" height=\"354\" \/><\/div>\n<\/figure>\n<\/div>\n<\/div>\n<\/div>\n<\/div>\n<\/div>\n<div class=\"vc_row wpb_row vc_row-fluid\">\n<div class=\"wpb_column vc_column_container vc_col-sm-12\">\n<div class=\"vc_column-inner \">\n<div class=\"wpb_wrapper\">\n<div class=\"wpb_text_column wpb_content_element \">\n<div class=\"wpb_wrapper\">\n<h2><span style=\"color: #75c9d3;\"><strong>Causes<\/strong><\/span><\/h2>\n<ul>\n<li><em>Sobreexposici\u00f3 solar<\/em>: la pell t\u00e9 mem\u00f2ria. \u00c9s molt important evitar les exposicions solars excessives i estacionals i en tot moment protegir la pell amb roba i protector solar SPF 50.<\/li>\n<li><em>Predisposici\u00f3 gen\u00e8tica<\/em>: les persones amb antecedents familiars amb c\u00e0ncer de pell tenen 10 vegades m\u00e9s de possibilitats de patir un c\u00e0ncer de pell.<\/li>\n<li><em>Tipologia cut\u00e0nia:\u00a0<\/em>les persones amb pell clara, ulls clars i panotxes s\u00f3n persones m\u00e9s sensibles a l\u2019exposici\u00f3 solar.<\/li>\n<li>M\u00faltiples nevus: les persones que presenten m\u00e9s de 100 nevus i\/o presenten alguna irregularitat.<\/li>\n<li>Factors ambientals: canvi clim\u00e0tic, alimentaci\u00f3 inadequada, pol\u00b7luci\u00f3 de l\u2019aire, aigua i aliments<\/li>\n<li>Factors immunitaris: persones amb malalties cr\u00f2niques i immunodeficients.<\/li>\n<\/ul>\n<h2><span style=\"color: #75c9d3;\"><strong>Diagn\u00f2stic<\/strong><\/span><\/h2>\n<p>Davant la sospita de tenir qualsevol lesi\u00f3 amb canvis de forma, color i\/o mida, aix\u00ed com persistents en el temps \u00e9s important visitar a un dermat\u00f2leg per avaluar la lesi\u00f3 i realitzar un diagn\u00f2stic el m\u00e9s aviat possible.<\/p>\n<\/div>\n<\/div>\n<\/div>\n<\/div>\n<\/div>\n<\/div>\n<div class=\"vc_row wpb_row vc_row-fluid\">\n<div class=\"wpb_column vc_column_container vc_col-sm-12\">\n<div class=\"vc_column-inner \">\n<div class=\"wpb_wrapper\">\n<div class=\"wpb_single_image wpb_content_element vc_align_center\">\n<figure class=\"wpb_wrapper vc_figure\">\n<div class=\"vc_single_image-wrapper vc_box_border_grey\"><img loading=\"lazy\" decoding=\"async\" class=\"vc_single_image-img attachment-large\" src=\"http:\/\/lopezgil.com\/wp-content\/uploads\/diagnostic_6_mesos_fotofinder_dermatoscopia_digital_cancer_pell_dr_lopez_barcelona_dermatoleg.jpg\" sizes=\"auto, (max-width: 567px) 100vw, 567px\" srcset=\"http:\/\/lopezgil.com\/wp-content\/uploads\/diagnostic_6_mesos_fotofinder_dermatoscopia_digital_cancer_pell_dr_lopez_barcelona_dermatoleg.jpg 567w, http:\/\/lopezgil.com\/wp-content\/uploads\/diagnostic_6_mesos_fotofinder_dermatoscopia_digital_cancer_pell_dr_lopez_barcelona_dermatoleg-300x191.jpg 300w\" alt=\"diagnostic_6_mesos_fotofinder_dermatoscopia_digital_cancer_pell_dr_lopez_barcelona_dermatoleg\" width=\"567\" height=\"361\" \/><\/div>\n<\/figure>\n<\/div>\n<\/div>\n<\/div>\n<\/div>\n<\/div>\n<div class=\"vc_row wpb_row vc_row-fluid\">\n<div class=\"wpb_column vc_column_container vc_col-sm-12\">\n<div class=\"vc_column-inner \">\n<div class=\"wpb_wrapper\">\n<div class=\"wpb_text_column wpb_content_element \">\n<div class=\"wpb_wrapper\">\n<p>Dins dels procediments diagn\u00f2stics del c\u00e0ncer de pell, el darrer aven\u00e7 m\u00e9s important \u00e9s l\u2019anomenada\u00a0<em>dermatoscopia<\/em>\u00a0que consisteix en la visi\u00f3 augmentada de les pigues i taques de la persona mitjan\u00e7ant una c\u00e0mera fotogr\u00e0fica d\u2019alta resoluci\u00f3. Aquest document fotogr\u00e0fic permet determinar amb molta precisi\u00f3 si cal fer bi\u00f2psia o no de la lesi\u00f3 i al guardar-se de forma digitalitzada en l\u2019hist\u00f2ric del pacient permet comparar amb la m\u00e0xima fiabilitat els resultats obtinguts en les diferents revisions i poder detectar a temps el m\u00ednim canvi possible.<\/p>\n<\/div>\n<\/div>\n<\/div>\n<\/div>\n<\/div>\n<\/div>\n<div class=\"vc_row wpb_row vc_row-fluid\">\n<div class=\"wpb_column vc_column_container vc_col-sm-12\">\n<div class=\"vc_column-inner \">\n<div class=\"wpb_wrapper\">\n<div class=\"wpb_single_image wpb_content_element vc_align_center\">\n<figure class=\"wpb_wrapper vc_figure\">\n<div class=\"vc_single_image-wrapper vc_box_border_grey\"><img loading=\"lazy\" decoding=\"async\" class=\"vc_single_image-img attachment-large\" src=\"http:\/\/lopezgil.com\/wp-content\/uploads\/diagnostic_6_mesos_fotofinder_macro_dermatoscopia_digital_cancer_pell_dr_lopez_barcelona_dermatoleg-1.jpg\" sizes=\"auto, (max-width: 399px) 100vw, 399px\" srcset=\"http:\/\/lopezgil.com\/wp-content\/uploads\/diagnostic_6_mesos_fotofinder_macro_dermatoscopia_digital_cancer_pell_dr_lopez_barcelona_dermatoleg-1.jpg 399w, http:\/\/lopezgil.com\/wp-content\/uploads\/diagnostic_6_mesos_fotofinder_macro_dermatoscopia_digital_cancer_pell_dr_lopez_barcelona_dermatoleg-1-300x183.jpg 300w\" alt=\"diagnostic_6_mesos_fotofinder_macro_dermatoscopia_digital_cancer_pell_dr_lopez_barcelona_dermatoleg\" width=\"399\" height=\"244\" \/><\/div>\n<\/figure>\n<\/div>\n<\/div>\n<\/div>\n<\/div>\n<\/div>\n<div class=\"vc_row wpb_row vc_row-fluid\">\n<div class=\"wpb_column vc_column_container vc_col-sm-12\">\n<div class=\"vc_column-inner \">\n<div class=\"wpb_wrapper\">\n<div class=\"wpb_text_column wpb_content_element \">\n<div class=\"wpb_wrapper\">\n<p><strong>Per a m\u00e9s<a href=\"https:\/\/www.lopezgil.com\/ca\/dermatologia-oncologica\/diagnostic-precoc-del-cancer-de-pell\/\">\u00a0informaci\u00f3<\/a><\/strong><\/p>\n<h2><\/h2>\n<h2><span style=\"color: #75c9d3;\"><strong>Tractament<\/strong><\/span><\/h2>\n<p><em><u>C\u00c0NCER DE PELL NO MELANOMA<\/u><\/em><\/p>\n<ul>\n<li>Cirurgia convencional<\/li>\n<li>Cirurgia de Mohs<\/li>\n<li>Ter\u00e0pia Fotodin\u00e0mica (TFD)<\/li>\n<\/ul>\n<p><em><u>C\u00c0NCER DE PELL MELANOMA<\/u><\/em><\/p>\n<ul>\n<li>Cirurgia convencional<\/li>\n<li>Anticossos monoclonals<\/li>\n<li>Tractament immunol\u00f2gic<\/li>\n<li>Vacunes<\/li>\n<\/ul>\n<p><strong>Per a m\u00e9s\u00a0<a href=\"http:\/\/lopezgil.com\/index.php\/dermatologia-oncologica\/tractament-cancer-de-pell\/?lang=ca\">informaci\u00f3<\/a><\/strong><\/p>\n<\/div>\n<\/div>\n<\/div>\n<\/div>\n<\/div>\n<\/div>\n","protected":false},"excerpt":{"rendered":"<p>[vc_row][vc_column][vc_row_inner][vc_column_inner][\/vc_column_inner][\/vc_row_inner][\/vc_column][\/vc_row][vc_row][vc_column width=&#8221;3\/4&#8243; css=&#8221;.vc_custom_1473066092346{margin-top: 0px !important;}&#8221;][vc_column_text css=&#8221;.vc_custom_1473066053815{margin-top: 0px !important;}&#8221;] Qu\u00e8 es el c\u00e0ncer de pell? Quantitativament el c\u00e0ncer de pell \u00e9s el m\u00e9s freq\u00fcent de l\u2019\u00e9sser hum\u00e0 en la societat occidental, per\u00f2 cal destacar la seva f\u00e0cil prevenci\u00f3 i que en el 90% dels casos \u00e9s curable. S\u2019origina com a conseq\u00fc\u00e8ncia de mutacions produ\u00efdes en l\u2019 [&hellip;]<\/p>\n","protected":false},"author":5,"featured_media":0,"parent":1466,"menu_order":0,"comment_status":"closed","ping_status":"closed","template":"soulmedic\/tpl-feature.php","meta":{"footnotes":""},"class_list":["post-1648","page","type-page","status-publish","hentry"],"yoast_head":"<!-- This site is optimized with the Yoast SEO plugin v19.12 - https:\/\/yoast.com\/wordpress\/plugins\/seo\/ -->\n<title>C\u00e0ncer de pell | Dr. Lopez Gil<\/title>\n<meta name=\"description\" content=\"Dermat\u00f2leg especialista C\u00e0ncer de pell, carcinoma escam\u00f3s, Carcinoma basocel\u00b7lular, Carcinoma escam\u00f3s. Dr. L\u00f3pez Gil, Cl\u00ednica dermatol\u00f2gica Teknon, Barcelona\" \/>\n<meta name=\"robots\" content=\"index, follow, max-snippet:-1, max-image-preview:large, max-video-preview:-1\" \/>\n<link rel=\"canonical\" href=\"https:\/\/www.lopezgil.com\/ca\/dermatologia-oncologica\/sintomas-prevencion-melanoma\/\" \/>\n<meta property=\"og:locale\" content=\"ca_ES\" \/>\n<meta property=\"og:type\" content=\"article\" \/>\n<meta property=\"og:title\" content=\"C\u00e0ncer de pell | Dr. Lopez Gil\" \/>\n<meta property=\"og:description\" content=\"Dermat\u00f2leg especialista C\u00e0ncer de pell, carcinoma escam\u00f3s, Carcinoma basocel\u00b7lular, Carcinoma escam\u00f3s. Dr. L\u00f3pez Gil, Cl\u00ednica dermatol\u00f2gica Teknon, Barcelona\" \/>\n<meta property=\"og:url\" content=\"https:\/\/www.lopezgil.com\/ca\/dermatologia-oncologica\/sintomas-prevencion-melanoma\/\" \/>\n<meta property=\"og:site_name\" content=\"Dr. Lopez Gil\" \/>\n<meta property=\"article:modified_time\" content=\"2019-08-08T16:45:19+00:00\" \/>\n<meta property=\"og:image\" content=\"http:\/\/lopezgil.com\/wp-content\/uploads\/melanoma_cancer_pell_dermatologia_dermatologo_drlopezgil_dermandtek_teknon_barcelona_andorra-1024x724.jpg\" \/>\n<meta name=\"twitter:card\" content=\"summary_large_image\" \/>\n<meta name=\"twitter:label1\" content=\"Est. reading time\" \/>\n\t<meta name=\"twitter:data1\" content=\"4 minutes\" \/>\n<script type=\"application\/ld+json\" class=\"yoast-schema-graph\">{\"@context\":\"https:\/\/schema.org\",\"@graph\":[{\"@type\":\"WebPage\",\"@id\":\"https:\/\/www.lopezgil.com\/ca\/dermatologia-oncologica\/sintomas-prevencion-melanoma\/\",\"url\":\"https:\/\/www.lopezgil.com\/ca\/dermatologia-oncologica\/sintomas-prevencion-melanoma\/\",\"name\":\"C\u00e0ncer de pell | Dr. Lopez Gil\",\"isPartOf\":{\"@id\":\"https:\/\/www.lopezgil.com\/ca\/#website\"},\"datePublished\":\"2016-06-16T09:48:57+00:00\",\"dateModified\":\"2019-08-08T16:45:19+00:00\",\"description\":\"Dermat\u00f2leg especialista C\u00e0ncer de pell, carcinoma escam\u00f3s, Carcinoma basocel\u00b7lular, Carcinoma escam\u00f3s. Dr. L\u00f3pez Gil, Cl\u00ednica dermatol\u00f2gica Teknon, Barcelona\",\"breadcrumb\":{\"@id\":\"https:\/\/www.lopezgil.com\/ca\/dermatologia-oncologica\/sintomas-prevencion-melanoma\/#breadcrumb\"},\"inLanguage\":\"ca\",\"potentialAction\":[{\"@type\":\"ReadAction\",\"target\":[\"https:\/\/www.lopezgil.com\/ca\/dermatologia-oncologica\/sintomas-prevencion-melanoma\/\"]}]},{\"@type\":\"BreadcrumbList\",\"@id\":\"https:\/\/www.lopezgil.com\/ca\/dermatologia-oncologica\/sintomas-prevencion-melanoma\/#breadcrumb\",\"itemListElement\":[{\"@type\":\"ListItem\",\"position\":1,\"name\":\"Portada\",\"item\":\"https:\/\/www.lopezgil.com\/ca\/\"},{\"@type\":\"ListItem\",\"position\":2,\"name\":\"Dermatologia oncol\u00f2gica\",\"item\":\"https:\/\/www.lopezgil.com\/ca\/dermatologia-oncologica\/\"},{\"@type\":\"ListItem\",\"position\":3,\"name\":\"C\u00e0ncer de pell\"}]},{\"@type\":\"WebSite\",\"@id\":\"https:\/\/www.lopezgil.com\/ca\/#website\",\"url\":\"https:\/\/www.lopezgil.com\/ca\/\",\"name\":\"Dr. Lopez Gil\",\"description\":\"Dermat\u00f3logo Barcelona\",\"potentialAction\":[{\"@type\":\"SearchAction\",\"target\":{\"@type\":\"EntryPoint\",\"urlTemplate\":\"https:\/\/www.lopezgil.com\/ca\/?s={search_term_string}\"},\"query-input\":\"required name=search_term_string\"}],\"inLanguage\":\"ca\"}]}<\/script>\n<!-- \/ Yoast SEO plugin. -->","yoast_head_json":{"title":"C\u00e0ncer de pell | Dr. Lopez Gil","description":"Dermat\u00f2leg especialista C\u00e0ncer de pell, carcinoma escam\u00f3s, Carcinoma basocel\u00b7lular, Carcinoma escam\u00f3s. Dr. L\u00f3pez Gil, Cl\u00ednica dermatol\u00f2gica Teknon, Barcelona","robots":{"index":"index","follow":"follow","max-snippet":"max-snippet:-1","max-image-preview":"max-image-preview:large","max-video-preview":"max-video-preview:-1"},"canonical":"https:\/\/www.lopezgil.com\/ca\/dermatologia-oncologica\/sintomas-prevencion-melanoma\/","og_locale":"ca_ES","og_type":"article","og_title":"C\u00e0ncer de pell | Dr. Lopez Gil","og_description":"Dermat\u00f2leg especialista C\u00e0ncer de pell, carcinoma escam\u00f3s, Carcinoma basocel\u00b7lular, Carcinoma escam\u00f3s. Dr. L\u00f3pez Gil, Cl\u00ednica dermatol\u00f2gica Teknon, Barcelona","og_url":"https:\/\/www.lopezgil.com\/ca\/dermatologia-oncologica\/sintomas-prevencion-melanoma\/","og_site_name":"Dr. Lopez Gil","article_modified_time":"2019-08-08T16:45:19+00:00","og_image":[{"url":"http:\/\/lopezgil.com\/wp-content\/uploads\/melanoma_cancer_pell_dermatologia_dermatologo_drlopezgil_dermandtek_teknon_barcelona_andorra-1024x724.jpg"}],"twitter_card":"summary_large_image","twitter_misc":{"Est. reading time":"4 minutes"},"schema":{"@context":"https:\/\/schema.org","@graph":[{"@type":"WebPage","@id":"https:\/\/www.lopezgil.com\/ca\/dermatologia-oncologica\/sintomas-prevencion-melanoma\/","url":"https:\/\/www.lopezgil.com\/ca\/dermatologia-oncologica\/sintomas-prevencion-melanoma\/","name":"C\u00e0ncer de pell | Dr. Lopez Gil","isPartOf":{"@id":"https:\/\/www.lopezgil.com\/ca\/#website"},"datePublished":"2016-06-16T09:48:57+00:00","dateModified":"2019-08-08T16:45:19+00:00","description":"Dermat\u00f2leg especialista C\u00e0ncer de pell, carcinoma escam\u00f3s, Carcinoma basocel\u00b7lular, Carcinoma escam\u00f3s. Dr. L\u00f3pez Gil, Cl\u00ednica dermatol\u00f2gica Teknon, Barcelona","breadcrumb":{"@id":"https:\/\/www.lopezgil.com\/ca\/dermatologia-oncologica\/sintomas-prevencion-melanoma\/#breadcrumb"},"inLanguage":"ca","potentialAction":[{"@type":"ReadAction","target":["https:\/\/www.lopezgil.com\/ca\/dermatologia-oncologica\/sintomas-prevencion-melanoma\/"]}]},{"@type":"BreadcrumbList","@id":"https:\/\/www.lopezgil.com\/ca\/dermatologia-oncologica\/sintomas-prevencion-melanoma\/#breadcrumb","itemListElement":[{"@type":"ListItem","position":1,"name":"Portada","item":"https:\/\/www.lopezgil.com\/ca\/"},{"@type":"ListItem","position":2,"name":"Dermatologia oncol\u00f2gica","item":"https:\/\/www.lopezgil.com\/ca\/dermatologia-oncologica\/"},{"@type":"ListItem","position":3,"name":"C\u00e0ncer de pell"}]},{"@type":"WebSite","@id":"https:\/\/www.lopezgil.com\/ca\/#website","url":"https:\/\/www.lopezgil.com\/ca\/","name":"Dr. Lopez Gil","description":"Dermat\u00f3logo Barcelona","potentialAction":[{"@type":"SearchAction","target":{"@type":"EntryPoint","urlTemplate":"https:\/\/www.lopezgil.com\/ca\/?s={search_term_string}"},"query-input":"required name=search_term_string"}],"inLanguage":"ca"}]}},"_links":{"self":[{"href":"https:\/\/www.lopezgil.com\/ca\/wp-json\/wp\/v2\/pages\/1648","targetHints":{"allow":["GET"]}}],"collection":[{"href":"https:\/\/www.lopezgil.com\/ca\/wp-json\/wp\/v2\/pages"}],"about":[{"href":"https:\/\/www.lopezgil.com\/ca\/wp-json\/wp\/v2\/types\/page"}],"author":[{"embeddable":true,"href":"https:\/\/www.lopezgil.com\/ca\/wp-json\/wp\/v2\/users\/5"}],"replies":[{"embeddable":true,"href":"https:\/\/www.lopezgil.com\/ca\/wp-json\/wp\/v2\/comments?post=1648"}],"version-history":[{"count":17,"href":"https:\/\/www.lopezgil.com\/ca\/wp-json\/wp\/v2\/pages\/1648\/revisions"}],"predecessor-version":[{"id":4546,"href":"https:\/\/www.lopezgil.com\/ca\/wp-json\/wp\/v2\/pages\/1648\/revisions\/4546"}],"up":[{"embeddable":true,"href":"https:\/\/www.lopezgil.com\/ca\/wp-json\/wp\/v2\/pages\/1466"}],"wp:attachment":[{"href":"https:\/\/www.lopezgil.com\/ca\/wp-json\/wp\/v2\/media?parent=1648"}],"curies":[{"name":"wp","href":"https:\/\/api.w.org\/{rel}","templated":true}]}}