{"id":1526,"date":"2017-03-13T17:12:54","date_gmt":"2017-03-13T17:12:54","guid":{"rendered":"http:\/\/lopezgil.com\/enconstruccion\/?page_id=1526"},"modified":"2019-06-11T10:37:36","modified_gmt":"2019-06-11T10:37:36","slug":"alopecia-androgenetica-hereditaria","status":"publish","type":"page","link":"https:\/\/www.lopezgil.com\/ca\/caiguda-del-cabell\/alopecia-androgenetica-hereditaria\/","title":{"rendered":"Alop\u00e8cia androgen\u00e8tica &#8211; heredit\u00e0ria"},"content":{"rendered":"<div id=\"fb-root\"><\/div>\n<p style=\"text-align: justify;\">[vc_row][vc_column][vc_row_inner][vc_column_inner]<script type=\"text\/javascript\">jQuery(function() { _initLayerSlider( '#layerslider_48_kncksr63u6ef', {sliderVersion: '', responsiveUnder: 0, layersContainer: 0, hideUnder: 0, hideOver: 100000, pauseOnHover: 1, skin: 'v5', sliderFadeInDuration: 350, useSrcset: true, skinsPath: 'https:\/\/www.lopezgil.com\/wp-content\/plugins\/LayerSlider\/assets\/static\/layerslider\/skins\/', type: 'responsive', showCircleTimer: false, performanceMode: true}); });<\/script><div id=\"layerslider_48_kncksr63u6ef\" class=\"ls-wp-container fitvidsignore\" style=\"width:600px;height:200px;margin:0 auto;margin-bottom: 0px;\"><div class=\"ls-slide\" data-ls=\"duration:4000;\"><img loading=\"lazy\" decoding=\"async\" width=\"600\" height=\"200\" src=\"https:\/\/www.lopezgil.com\/wp-content\/uploads\/drlopezgil_dermatologia_barcelona_600x200_alopecia_hereditaria.jpg\" class=\"ls-bg\" alt=\"drlopezgil_dermatologia_barcelona_600x200_alopecia_hereditaria\" srcset=\"https:\/\/www.lopezgil.com\/wp-content\/uploads\/drlopezgil_dermatologia_barcelona_600x200_alopecia_hereditaria.jpg 600w, https:\/\/www.lopezgil.com\/wp-content\/uploads\/drlopezgil_dermatologia_barcelona_600x200_alopecia_hereditaria-300x100.jpg 300w\" sizes=\"auto, (max-width: 600px) 100vw, 600px\" \/><\/div><\/div>[\/vc_column_inner][\/vc_row_inner][\/vc_column][\/vc_row][vc_row][vc_column width=&#8221;3\/4&#8243; css=&#8221;.vc_custom_1473066092346{margin-top: 0px !important;}&#8221;][vc_column_text css=&#8221;.vc_custom_1473066053815{margin-top: 0px !important;}&#8221;]\n<h2 style=\"text-align: justify;\"><span style=\"color: #75c9d3;\">Qu\u00e8 es l&#8217;alop\u00e8cia androgen\u00e8tica o heredit\u00e0ria?<\/span><\/h2>\n<p style=\"text-align: justify;\"><strong>L\u2019alop\u00e8cia androgen\u00e8tica o heredit\u00e0ria<\/strong> \u00e9s la p\u00e8rdua de cabell deguda a factors gen\u00e8tics que fan que els fol\u00b7licles del cuir pil\u00f3s responguin de forma an\u00f2mala a l\u2019acci\u00f3 de la testosterona, produint-se un proc\u00e9s de miniaturitzaci\u00f3 del fol\u00b7licle . \u00c9s el tipus d\u2019alop\u00e8cia m\u00e9s com\u00fa en el bar\u00f3. Sol apar\u00e8ixer, sobretot, a partir dels 17- 18 anys tant en homes com en dones.<\/p>\n<h2 style=\"text-align: justify;\"><span style=\"color: #75c9d3;\">A qui afecta?<\/span><\/h2>\n<p style=\"text-align: justify;\"><strong>L\u2019alop\u00e8cia androgen\u00e8tica o heredit\u00e0ria <\/strong>afecta tant als homes com a les dones. Majorit\u00e0riament afecta al sexe mascul\u00ed i menys a les segones per la protecci\u00f3 que suposen les hormones femenines. Afecta d\u2019una manera m\u00e9s o menys important a 7 de cada 10 homes majors de 21 anys i a 4 de cada 10 dones a partir de la menopausa.<\/p>\n<h2 style=\"text-align: justify;\"><span style=\"color: #75c9d3;\">Tipus d<strong>\u2019alop\u00e8cia androgen\u00e8tica o heredit\u00e0ria<\/strong><\/span><\/h2>\n<p style=\"text-align: justify;\">Podem diferenciar entre:<\/p>\n<ul style=\"text-align: justify;\">\n<li><em>Alop\u00e8cia androgen\u00e8tica masculina<\/em>: es caracteritza per la caiguda de cabell gradual que sol comen\u00e7ar per les temples i coroneta.<\/li>\n<li><em>Alop\u00e8cia androgen\u00e8tica femenina<\/em>: no es manifesta en forma de caiguda, sin\u00f3 en la p\u00e8rdua de densitat i en l\u2019aparici\u00f3 de zones clares, particularment en la part superior del cap i majorit\u00e0riament un cop entrada en l\u2019edat f\u00e8rtil.<\/li>\n<\/ul>\n<h2 style=\"text-align: justify;\"><span style=\"color: #75c9d3;\">Simptomatologia<\/span><\/h2>\n<p style=\"text-align: justify;\">En els <u>homes<\/u>, el primer s\u00edmptoma que es detecta \u00e9s l\u2019aparici\u00f3 de les anomenades \u201centrades\u201d. Aquesta p\u00e8rdua es pot mantenir durant anys o b\u00e9 avan\u00e7ar en forma de M per la part frontal o b\u00e9 iniciar-se en la coroneta, sobretot a partir dels 40 anys. Per classificar i determinar la intensitat d\u2019aquest tipus d\u2019alop\u00e8cia en homes, s\u2019utilitza l\u2019escala <em>Hamilton- Norwood<\/em>.<\/p>\n<div id=\"attachment_1732\" style=\"width: 610px\" class=\"wp-caption aligncenter\"><img loading=\"lazy\" decoding=\"async\" aria-describedby=\"caption-attachment-1732\" class=\"wp-image-1732 size-full\" title=\"Evoluci\u00f3 caiguda del cabell heredit\u00e0ria androgen\u00e8tica masculina. Dr. L\u00f3pez Gil, Cl\u00ednica dermatol\u00f2gica Barcelona, \u200b\u200bTeknon.\" src=\"https:\/\/www.lopezgil.com\/wp-content\/uploads\/alopecia_androgenetica_masculina_escala_ludwig_evolucio_cabell_caiguda_dermatologia_dermatologo_drlopezgil_dermandtek_teknon_barcelona_andorra.jpg\" alt=\"alopecia-androgenetica-masculina-evolucion-caida-pelo-cabell-caiguda-dermatologia-dermatologo-drlopezgil_dermandtek-teknon-barcelona\" width=\"600\" height=\"200\" srcset=\"https:\/\/www.lopezgil.com\/wp-content\/uploads\/alopecia_androgenetica_masculina_escala_ludwig_evolucio_cabell_caiguda_dermatologia_dermatologo_drlopezgil_dermandtek_teknon_barcelona_andorra.jpg 600w, https:\/\/www.lopezgil.com\/wp-content\/uploads\/alopecia_androgenetica_masculina_escala_ludwig_evolucio_cabell_caiguda_dermatologia_dermatologo_drlopezgil_dermandtek_teknon_barcelona_andorra-300x100.jpg 300w\" sizes=\"auto, (max-width: 600px) 100vw, 600px\" \/><p id=\"caption-attachment-1732\" class=\"wp-caption-text\">Evoluci\u00f3 caiguda del cabell heredit\u00e0ria androgen\u00e8tica masculina. Dr. L\u00f3pez Gil, Cl\u00ednica dermatol\u00f2gica Barcelona, \u200b\u200bTeknon.<\/p><\/div>\n<p style=\"text-align: justify;\">En l\u2019<u>alop\u00e8cia androgen\u00e8tica femenina <\/u>no es detecta una caiguda de cabell sin\u00f3 una p\u00e8rdua de densitat i aparici\u00f3 de zones esclarissades sobretot en la part superior del cap. No \u00e9s freq\u00fcent la calv\u00edcie total femenina ja que en aquest cas els fol\u00b7licles pilosos continuen fent cr\u00e9ixer el p\u00e8l tot i que en menys quantitat i m\u00e9s fi. En aquest cas s\u2019utilitza l\u2019escala <em>Ludwig<\/em> per determinar en quin estadi est\u00e0 la pacient i quin \u00e9s el tractament m\u00e9s adequat.<\/p>\n<div id=\"attachment_1731\" style=\"width: 610px\" class=\"wp-caption aligncenter\"><img loading=\"lazy\" decoding=\"async\" aria-describedby=\"caption-attachment-1731\" class=\"wp-image-1731 size-full\" title=\"Evoluci\u00f3 caiguda del cabell heredit\u00e0ria androgen\u00e8tica femenina. Dr. L\u00f3pez Gil, Cl\u00ednica dermatol\u00f2gica Barcelona, \u200b\u200bTeknon.\" src=\"https:\/\/www.lopezgil.com\/wp-content\/uploads\/alopecia_androgenetica_femenina_escala_ludwig_evolucio_cabell_caiguda_dermatologia_dermatologo_drlopezgil_dermandtek_teknon_barcelona_andorra.jpg\" alt=\"alopecia-femenina-androgenetica-dermatologo-tratamiento-barcelona\" width=\"600\" height=\"200\" srcset=\"https:\/\/www.lopezgil.com\/wp-content\/uploads\/alopecia_androgenetica_femenina_escala_ludwig_evolucio_cabell_caiguda_dermatologia_dermatologo_drlopezgil_dermandtek_teknon_barcelona_andorra.jpg 600w, https:\/\/www.lopezgil.com\/wp-content\/uploads\/alopecia_androgenetica_femenina_escala_ludwig_evolucio_cabell_caiguda_dermatologia_dermatologo_drlopezgil_dermandtek_teknon_barcelona_andorra-300x100.jpg 300w\" sizes=\"auto, (max-width: 600px) 100vw, 600px\" \/><p id=\"caption-attachment-1731\" class=\"wp-caption-text\">Evoluci\u00f3 caiguda del cabell heredit\u00e0ria androgen\u00e8tica femenina. Dr. L\u00f3pez Gil, Cl\u00ednica dermatol\u00f2gica Barcelona, \u200b\u200bTeknon.<\/p><\/div>\n<h2 style=\"text-align: justify;\"><span style=\"color: #75c9d3;\">Causes<\/span><\/h2>\n<p style=\"text-align: justify;\">Tant els homes com les dones comparteixen les causes que originen l\u2019alop\u00e8cia heredit\u00e0ria:<\/p>\n<ul style=\"text-align: justify;\">\n<li><em>Factors gen\u00e8tics<\/em>: sobretot en els homes<\/li>\n<li><em>Hormones<\/em>:\n<ul>\n<li><em>Homes: <\/em>l\u2019enzim 5a-reductasa converteix la testosterona en dihidrotesterona que \u00e9s la causant de disminuir el n\u00famero de fol\u00b7licles pilosos, fent que el cabell sigui cada cop m\u00e9s lleuger i fi, fins a la seva desaparici\u00f3.<\/li>\n<li><em>Dones: <\/em>la p\u00e8rdua de densitat del cabell en la zona es produeix per la degradaci\u00f3 dels fol\u00b7licles pilosos, particularment despr\u00e9s de l\u2019arribada de la menopausa com a conseq\u00fc\u00e8ncia d\u2019una pres\u00e8ncia m\u00e9s alta de certes hormones masculines, com la testosterona, androsterona i la dihidrotesterona .<\/li>\n<\/ul>\n<\/li>\n<li><em>Envelliment<\/em>: el fet de fer anys, tamb\u00e9 afecta al creixement i la salut dels cabells i particularment els fol\u00b7licles pilosos.<\/li>\n<\/ul>\n<h2 style=\"text-align: justify;\"><span style=\"color: #75c9d3;\">Tractament<\/span><\/h2>\n<p style=\"text-align: justify;\">Des de fa molts anys, hi ha uns est\u00e0ndards per al <a href=\"https:\/\/www.lopezgil.com\/ca\/tractaments\/tractaments-capil%C2%B7lars\/trasplantament-de-cabell-barcelona\/\">tractament de l\u2019alop\u00e8cia<\/a>.<\/p>\n<ul style=\"text-align: justify;\">\n<li><u>Minoxidil<\/u>: \u00e9s una subst\u00e0ncia vasodilatadora utilitzada en el tractament de la hipertensi\u00f3 arterial i que casualment, es va veure que produ\u00efa com efecte secundari un augment de cabell en les persones calbes. S\u2019utilitza molt sovint sol o en combinaci\u00f3 amb altres subst\u00e0ncies actives per al cabell.<\/li>\n<li><u>Finasteride<\/u>: \u00e9s un f\u00e0rmac que s\u2019utilitza per al tractament de la hipertrofia de pr\u00f2stata i que t\u00e9 un resultat molt satisfactori per a aturar o frenar l\u2019alop\u00e8cia androgen\u00e8tica. Els homes joves que prenen el medicament en els primers anys de caiguda de cabell eviten arribar a ser calbs com els seus antecessors.<\/li>\n<li><u>PRP:<\/u> una de les ter\u00e0pies m\u00e9s noves per induir l&#8217;aparici\u00f3 de cabell nou \u00e9s l&#8217;administraci\u00f3 local mitjan\u00e7ant injeccions dels factors de creixement de teixits procedents de les plaquetes. \u00c9s un m\u00e8tode simple, que consisteix en l&#8217;extracci\u00f3 de sang del propi individu. Un cop extreta es centrifuga per obtenir el s\u00e8rum que cont\u00e9 subst\u00e0ncies molt actives per al creixement de la massa de cabell.<\/li>\n<li><u>Implant de cabell<\/u>: consisteix en l\u2019extracci\u00f3 d\u2019arrels o fol\u00b7licles de caracter\u00edstiques perp\u00e8tues com son els de la part del clatell de les persones. Aquests fol\u00b7licles trets amb molta cura es col\u00b7loquen en les \u00e0rees sense cabell proporcionant un increment del volum de la massa capil\u00b7lar.<\/li>\n<\/ul>\n<h2 style=\"text-align: justify;\"><span style=\"color: #75c9d3;\">Conseq\u00fc\u00e8ncies<\/span><\/h2>\n<p style=\"text-align: justify;\">En certs casos, pot provocar problemes psicol\u00f2gics i d\u2019autoestima, sobretot en les dones.<\/p>\n","protected":false},"excerpt":{"rendered":"<p>[vc_row][vc_column][vc_row_inner][vc_column_inner][\/vc_column_inner][\/vc_row_inner][\/vc_column][\/vc_row][vc_row][vc_column width=&#8221;3\/4&#8243; css=&#8221;.vc_custom_1473066092346{margin-top: 0px !important;}&#8221;][vc_column_text css=&#8221;.vc_custom_1473066053815{margin-top: 0px !important;}&#8221;] Qu\u00e8 es l&#8217;alop\u00e8cia androgen\u00e8tica o heredit\u00e0ria? L\u2019alop\u00e8cia androgen\u00e8tica o heredit\u00e0ria \u00e9s la p\u00e8rdua de cabell deguda a factors gen\u00e8tics que fan que els fol\u00b7licles del cuir pil\u00f3s responguin de forma an\u00f2mala a l\u2019acci\u00f3 de la testosterona, produint-se un proc\u00e9s de miniaturitzaci\u00f3 del fol\u00b7licle . \u00c9s el tipus [&hellip;]<\/p>\n","protected":false},"author":5,"featured_media":0,"parent":1524,"menu_order":0,"comment_status":"closed","ping_status":"closed","template":"soulmedic\/tpl-feature.php","meta":{"footnotes":""},"class_list":["post-1526","page","type-page","status-publish","hentry"],"yoast_head":"<!-- This site is optimized with the Yoast SEO plugin v19.12 - https:\/\/yoast.com\/wordpress\/plugins\/seo\/ -->\n<title>Alop\u00e8cia androgen\u00e8tica - heredit\u00e0ria | Dr. Lopez Gil |Dermat\u00f2leg Barcelona<\/title>\n<meta name=\"description\" content=\"Trataments efica\u00e7os per aturar l&#039;alop\u00e8cia androgen\u00e8tica o heredit\u00e0ria. Dermat\u00f2leg especialista en caiguda del cabell, visita&#039;ns a Barcelona, Cl\u00ednica Teknon.\" \/>\n<meta name=\"robots\" content=\"index, follow, max-snippet:-1, max-image-preview:large, max-video-preview:-1\" \/>\n<link rel=\"canonical\" href=\"https:\/\/www.lopezgil.com\/ca\/caiguda-del-cabell\/alopecia-androgenetica-hereditaria\/\" \/>\n<meta property=\"og:locale\" content=\"ca_ES\" \/>\n<meta property=\"og:type\" content=\"article\" \/>\n<meta property=\"og:title\" content=\"Alop\u00e8cia androgen\u00e8tica - heredit\u00e0ria | Dr. Lopez Gil |Dermat\u00f2leg Barcelona\" \/>\n<meta property=\"og:description\" content=\"Trataments efica\u00e7os per aturar l&#039;alop\u00e8cia androgen\u00e8tica o heredit\u00e0ria. Dermat\u00f2leg especialista en caiguda del cabell, visita&#039;ns a Barcelona, Cl\u00ednica Teknon.\" \/>\n<meta property=\"og:url\" content=\"https:\/\/www.lopezgil.com\/ca\/caiguda-del-cabell\/alopecia-androgenetica-hereditaria\/\" \/>\n<meta property=\"og:site_name\" content=\"Dr. Lopez Gil\" \/>\n<meta property=\"article:modified_time\" content=\"2019-06-11T10:37:36+00:00\" \/>\n<meta property=\"og:image\" content=\"https:\/\/www.lopezgil.com\/wp-content\/uploads\/alopecia_androgenetica_masculina_escala_ludwig_evolucio_cabell_caiguda_dermatologia_dermatologo_drlopezgil_dermandtek_teknon_barcelona_andorra.jpg\" \/>\n<meta name=\"twitter:card\" content=\"summary_large_image\" \/>\n<meta name=\"twitter:label1\" content=\"Est. reading time\" \/>\n\t<meta name=\"twitter:data1\" content=\"4 minutes\" \/>\n<script type=\"application\/ld+json\" class=\"yoast-schema-graph\">{\"@context\":\"https:\/\/schema.org\",\"@graph\":[{\"@type\":\"WebPage\",\"@id\":\"https:\/\/www.lopezgil.com\/ca\/caiguda-del-cabell\/alopecia-androgenetica-hereditaria\/\",\"url\":\"https:\/\/www.lopezgil.com\/ca\/caiguda-del-cabell\/alopecia-androgenetica-hereditaria\/\",\"name\":\"Alop\u00e8cia androgen\u00e8tica - heredit\u00e0ria | Dr. Lopez Gil |Dermat\u00f2leg Barcelona\",\"isPartOf\":{\"@id\":\"https:\/\/www.lopezgil.com\/ca\/#website\"},\"datePublished\":\"2017-03-13T17:12:54+00:00\",\"dateModified\":\"2019-06-11T10:37:36+00:00\",\"description\":\"Trataments efica\u00e7os per aturar l'alop\u00e8cia androgen\u00e8tica o heredit\u00e0ria. Dermat\u00f2leg especialista en caiguda del cabell, visita'ns a Barcelona, Cl\u00ednica Teknon.\",\"breadcrumb\":{\"@id\":\"https:\/\/www.lopezgil.com\/ca\/caiguda-del-cabell\/alopecia-androgenetica-hereditaria\/#breadcrumb\"},\"inLanguage\":\"ca\",\"potentialAction\":[{\"@type\":\"ReadAction\",\"target\":[\"https:\/\/www.lopezgil.com\/ca\/caiguda-del-cabell\/alopecia-androgenetica-hereditaria\/\"]}]},{\"@type\":\"BreadcrumbList\",\"@id\":\"https:\/\/www.lopezgil.com\/ca\/caiguda-del-cabell\/alopecia-androgenetica-hereditaria\/#breadcrumb\",\"itemListElement\":[{\"@type\":\"ListItem\",\"position\":1,\"name\":\"Portada\",\"item\":\"https:\/\/www.lopezgil.com\/ca\/\"},{\"@type\":\"ListItem\",\"position\":2,\"name\":\"Caiguda del cabell\",\"item\":\"https:\/\/www.lopezgil.com\/ca\/caiguda-del-cabell\/\"},{\"@type\":\"ListItem\",\"position\":3,\"name\":\"Alop\u00e8cia androgen\u00e8tica &#8211; heredit\u00e0ria\"}]},{\"@type\":\"WebSite\",\"@id\":\"https:\/\/www.lopezgil.com\/ca\/#website\",\"url\":\"https:\/\/www.lopezgil.com\/ca\/\",\"name\":\"Dr. Lopez Gil\",\"description\":\"Dermat\u00f3logo Barcelona\",\"potentialAction\":[{\"@type\":\"SearchAction\",\"target\":{\"@type\":\"EntryPoint\",\"urlTemplate\":\"https:\/\/www.lopezgil.com\/ca\/?s={search_term_string}\"},\"query-input\":\"required name=search_term_string\"}],\"inLanguage\":\"ca\"}]}<\/script>\n<!-- \/ Yoast SEO plugin. -->","yoast_head_json":{"title":"Alop\u00e8cia androgen\u00e8tica - heredit\u00e0ria | Dr. Lopez Gil |Dermat\u00f2leg Barcelona","description":"Trataments efica\u00e7os per aturar l'alop\u00e8cia androgen\u00e8tica o heredit\u00e0ria. Dermat\u00f2leg especialista en caiguda del cabell, visita'ns a Barcelona, Cl\u00ednica Teknon.","robots":{"index":"index","follow":"follow","max-snippet":"max-snippet:-1","max-image-preview":"max-image-preview:large","max-video-preview":"max-video-preview:-1"},"canonical":"https:\/\/www.lopezgil.com\/ca\/caiguda-del-cabell\/alopecia-androgenetica-hereditaria\/","og_locale":"ca_ES","og_type":"article","og_title":"Alop\u00e8cia androgen\u00e8tica - heredit\u00e0ria | Dr. Lopez Gil |Dermat\u00f2leg Barcelona","og_description":"Trataments efica\u00e7os per aturar l'alop\u00e8cia androgen\u00e8tica o heredit\u00e0ria. Dermat\u00f2leg especialista en caiguda del cabell, visita'ns a Barcelona, Cl\u00ednica Teknon.","og_url":"https:\/\/www.lopezgil.com\/ca\/caiguda-del-cabell\/alopecia-androgenetica-hereditaria\/","og_site_name":"Dr. Lopez Gil","article_modified_time":"2019-06-11T10:37:36+00:00","og_image":[{"url":"https:\/\/www.lopezgil.com\/wp-content\/uploads\/alopecia_androgenetica_masculina_escala_ludwig_evolucio_cabell_caiguda_dermatologia_dermatologo_drlopezgil_dermandtek_teknon_barcelona_andorra.jpg"}],"twitter_card":"summary_large_image","twitter_misc":{"Est. reading time":"4 minutes"},"schema":{"@context":"https:\/\/schema.org","@graph":[{"@type":"WebPage","@id":"https:\/\/www.lopezgil.com\/ca\/caiguda-del-cabell\/alopecia-androgenetica-hereditaria\/","url":"https:\/\/www.lopezgil.com\/ca\/caiguda-del-cabell\/alopecia-androgenetica-hereditaria\/","name":"Alop\u00e8cia androgen\u00e8tica - heredit\u00e0ria | Dr. Lopez Gil |Dermat\u00f2leg Barcelona","isPartOf":{"@id":"https:\/\/www.lopezgil.com\/ca\/#website"},"datePublished":"2017-03-13T17:12:54+00:00","dateModified":"2019-06-11T10:37:36+00:00","description":"Trataments efica\u00e7os per aturar l'alop\u00e8cia androgen\u00e8tica o heredit\u00e0ria. Dermat\u00f2leg especialista en caiguda del cabell, visita'ns a Barcelona, Cl\u00ednica Teknon.","breadcrumb":{"@id":"https:\/\/www.lopezgil.com\/ca\/caiguda-del-cabell\/alopecia-androgenetica-hereditaria\/#breadcrumb"},"inLanguage":"ca","potentialAction":[{"@type":"ReadAction","target":["https:\/\/www.lopezgil.com\/ca\/caiguda-del-cabell\/alopecia-androgenetica-hereditaria\/"]}]},{"@type":"BreadcrumbList","@id":"https:\/\/www.lopezgil.com\/ca\/caiguda-del-cabell\/alopecia-androgenetica-hereditaria\/#breadcrumb","itemListElement":[{"@type":"ListItem","position":1,"name":"Portada","item":"https:\/\/www.lopezgil.com\/ca\/"},{"@type":"ListItem","position":2,"name":"Caiguda del cabell","item":"https:\/\/www.lopezgil.com\/ca\/caiguda-del-cabell\/"},{"@type":"ListItem","position":3,"name":"Alop\u00e8cia androgen\u00e8tica &#8211; heredit\u00e0ria"}]},{"@type":"WebSite","@id":"https:\/\/www.lopezgil.com\/ca\/#website","url":"https:\/\/www.lopezgil.com\/ca\/","name":"Dr. Lopez Gil","description":"Dermat\u00f3logo Barcelona","potentialAction":[{"@type":"SearchAction","target":{"@type":"EntryPoint","urlTemplate":"https:\/\/www.lopezgil.com\/ca\/?s={search_term_string}"},"query-input":"required name=search_term_string"}],"inLanguage":"ca"}]}},"_links":{"self":[{"href":"https:\/\/www.lopezgil.com\/ca\/wp-json\/wp\/v2\/pages\/1526","targetHints":{"allow":["GET"]}}],"collection":[{"href":"https:\/\/www.lopezgil.com\/ca\/wp-json\/wp\/v2\/pages"}],"about":[{"href":"https:\/\/www.lopezgil.com\/ca\/wp-json\/wp\/v2\/types\/page"}],"author":[{"embeddable":true,"href":"https:\/\/www.lopezgil.com\/ca\/wp-json\/wp\/v2\/users\/5"}],"replies":[{"embeddable":true,"href":"https:\/\/www.lopezgil.com\/ca\/wp-json\/wp\/v2\/comments?post=1526"}],"version-history":[{"count":18,"href":"https:\/\/www.lopezgil.com\/ca\/wp-json\/wp\/v2\/pages\/1526\/revisions"}],"predecessor-version":[{"id":4372,"href":"https:\/\/www.lopezgil.com\/ca\/wp-json\/wp\/v2\/pages\/1526\/revisions\/4372"}],"up":[{"embeddable":true,"href":"https:\/\/www.lopezgil.com\/ca\/wp-json\/wp\/v2\/pages\/1524"}],"wp:attachment":[{"href":"https:\/\/www.lopezgil.com\/ca\/wp-json\/wp\/v2\/media?parent=1526"}],"curies":[{"name":"wp","href":"https:\/\/api.w.org\/{rel}","templated":true}]}}