{"id":1465,"date":"2017-03-03T12:58:29","date_gmt":"2017-03-03T12:58:29","guid":{"rendered":"http:\/\/lopezgil.com\/enconstruccion\/?page_id=1465"},"modified":"2019-12-08T21:42:52","modified_gmt":"2019-12-08T21:42:52","slug":"tractament-cancer-de-pell","status":"publish","type":"page","link":"https:\/\/www.lopezgil.com\/ca\/dermatologia-oncologica\/tractament-cancer-de-pell\/","title":{"rendered":"Tractament c\u00e0ncer de pell"},"content":{"rendered":"<div id=\"fb-root\"><\/div>\n[vc_row][vc_column][vc_row_inner][vc_column_inner]<script type=\"text\/javascript\">jQuery(function() { _initLayerSlider( '#layerslider_56_1pzf1is4hnbjb', {sliderVersion: '', responsiveUnder: 0, layersContainer: 0, hideUnder: 0, hideOver: 100000, pauseOnHover: 1, skin: 'v5', sliderFadeInDuration: 350, useSrcset: true, skinsPath: 'https:\/\/www.lopezgil.com\/wp-content\/plugins\/LayerSlider\/assets\/static\/layerslider\/skins\/', type: 'responsive', showCircleTimer: false, performanceMode: true}); });<\/script><div id=\"layerslider_56_1pzf1is4hnbjb\" class=\"ls-wp-container fitvidsignore\" style=\"width:600px;height:200px;margin:0 auto;margin-bottom: 0px;\"><div class=\"ls-slide\" data-ls=\"duration:4000;\"><img loading=\"lazy\" decoding=\"async\" width=\"600\" height=\"200\" src=\"https:\/\/www.lopezgil.com\/wp-content\/uploads\/drlopezgil_dermatologia_barcelona_600x200_tractament_cancer_pell_novetats-1.jpg\" class=\"ls-bg\" alt=\"\" srcset=\"https:\/\/www.lopezgil.com\/wp-content\/uploads\/drlopezgil_dermatologia_barcelona_600x200_tractament_cancer_pell_novetats-1.jpg 600w, https:\/\/www.lopezgil.com\/wp-content\/uploads\/drlopezgil_dermatologia_barcelona_600x200_tractament_cancer_pell_novetats-1-300x100.jpg 300w\" sizes=\"auto, (max-width: 600px) 100vw, 600px\" \/><\/div><\/div>[\/vc_column_inner][\/vc_row_inner][\/vc_column][\/vc_row][vc_row][vc_column css=&#8221;.vc_custom_1473066092346{margin-top: 0px !important;}&#8221;][vc_column_text css=&#8221;.vc_custom_1575841313146{margin-top: 0px !important;}&#8221;]\n<h2 style=\"text-align: justify;\"><span style=\"color: #75c9d3;\"><strong>Tratamiento c\u00e1ncer de piel no melanoma<\/strong><\/span><\/h2>\n<p>&nbsp;<\/p>\n<h2 style=\"text-align: justify;\"><span style=\"color: #75c9d3;\"><strong>C\u00e0ncer de pell no melanoma<\/strong><\/span><\/h2>\n<p style=\"text-align: justify;\">Davant d\u2019un c\u00e0ncer de pell no melanoma, podem utilitzar diferents t\u00e8cniques per eliminar-lo segons la localitzaci\u00f3 i segons el tipus de lesi\u00f3.<\/p>\n<ul style=\"text-align: justify;\">\n<li><em>Cirurgia: <\/em>la cirurgia convencional \u00e9s la t\u00e8cnica m\u00e9s habitual per tractar carcinoma basocel.lular i escam\u00f3s.<\/li>\n<\/ul>\n<ul style=\"text-align: justify;\">\n<li><em>Cirurgia de Mohs o microgr\u00e0fica:<\/em> s\u2019utilitza quan el tumor est\u00e0 localitzat en \u00e0rees sensibles (com per exemple el nas, ulls, boca). Consisteix en tallar el tumor all\u00e0 on es troba i sense tancar la ferida, s\u2019analitzen les bores per saber si el tumor encara hi \u00e9s o s\u2019ha aconseguit extirpar totalment. Es un proc\u00e9s que requereix que, a m\u00e9s d\u2019un cirurgi\u00e0 intervingui un pat\u00f2leg per tal que pugui confirmar la desaparici\u00f3 completa o no del tumor. Si en les bores de la cirurgia encara hi ha tumor, el cirurgi\u00e0 torna a tallar i es torna a analitzar i fins que s\u2019arriba a poder extreure totalment la lesi\u00f3 maligna. En aquest moment es procedeix a tancar la ferida pel cirurgi\u00e0 amb les m\u00e0ximes garanties de curaci\u00f3. Aquest procediment es realitza amb anestesia local i pot trigar entre dues o tres hores segons la lesi\u00f3.<\/li>\n<\/ul>\n<ul style=\"text-align: justify;\">\n<li><em>Ter\u00e0pia fotodin\u00e0mica: <\/em>\u00e9s una t\u00e8cnica que es realitza de forma ambulat\u00f2ria en les instal\u00b7lacions de la cl\u00ednica i permet tractar les lesions premalignes (Queratosi Act\u00ednica) i el carcinoma basocel.lular superficial sense necessitat de cirurgia. El procediment consisteix en l\u2019aplicaci\u00f3 d\u2019un f\u00e0rmac t\u00f2pic en la zona a tractar i es deixa actuar durant 3 hores. Durant aquest temps, el principi actiu penetra selectivament dins les c\u00e8l\u00b7lules tumorals fent que el tumor es torni sensible a la llum vermella. Per tant quan aquestes c\u00e8l\u00b7lules, son il\u00b7luminades amb la llum de la ter\u00e0pia fotodin\u00e0mica s\u2019aconsegueix eliminar-les totalment respectant en tot moment les c\u00e8l\u00b7lules sanes i sense necessitat de cirurgia.<\/li>\n<\/ul>\n<p>Per a m\u00e9s informaci\u00f3 fes clic\u00a0<a href=\"https:\/\/www.lopezgil.com\/ca\/dermatologia-oncologica\/tractament-cancer-de-pell-sense-cirurgia\/\">aqu\u00ed<\/a>[\/vc_column_text][\/vc_column][\/vc_row][vc_row][vc_column width=&#8221;1\/2&#8243;][vc_video link=&#8221;https:\/\/youtu.be\/OaXNzG4ARlI&#8221;][\/vc_column][vc_column width=&#8221;1\/2&#8243;][vc_video link=&#8221;https:\/\/youtu.be\/nkYeJv_txGI&#8221;][\/vc_column][\/vc_row][vc_row][vc_column][vc_column_text]\n<h2 style=\"text-align: justify;\"><\/h2>\n<h2 style=\"text-align: justify;\"><span style=\"color: #75c9d3;\"><strong>C\u00e0ncer de pell melanoma<\/strong><\/span><\/h2>\n<p style=\"text-align: justify;\">La <em><u>cirurgia convencional<\/u> <\/em>\u00e9s la \u00fanica ter\u00e0pia d\u2019elecci\u00f3. La bi\u00f2psia realitzada pr\u00e8viament aporta informaci\u00f3 de la profunditat de la lesi\u00f3 i aix\u00f2 permet que el cirurgi\u00e0 s\u00e0piga si la intervenci\u00f3 ha de ser m\u00e9s o menys profunda.<\/p>\n<p style=\"text-align: justify;\">Si el tumor \u00e9s molt profund, es requerir\u00e0 si els ganglis limf\u00e0tics propers han estat o no enva\u00efts pel melanoma, \u00e9s a dir realitzar un estudi Gangli Sentinella. Si els ganglis han estat afectats, s\u2019efectuar\u00e0 un estudi gen\u00e8tic del melanoma per determinar si el pacient requereix o no de tractament amb <em><u>Anticossos Monoclonals<\/u><\/em> (<em>Vemurafenib<\/em>).<\/p>\n<p style=\"text-align: justify;\">Si el melanoma ha enva\u00eft m\u00e9s enll\u00e0 dels ganglis limf\u00e0tics (pulm\u00f3, fetge, cervell) llavors s\u2019han d\u2019utilitzar <em><u>Tractaments Immunol\u00f2gics<\/u><\/em> (<em>ipilimumab, pembrolizumab<\/em>).<\/p>\n<p style=\"text-align: justify;\">Actualment, es parla de les <em><u>Vacunes<\/u><\/em> pel melanoma com a una nova perspectiva. \u00c9s un tractament que est\u00e0 en fase experimental per\u00f2 molt prometedor, ja que permetr\u00e0 allargar la vida dels pacients que es troben en una fase avan\u00e7ada de la malaltia, com una invasi\u00f3 limf\u00e0tica i\/o visceral.<\/p>\n[\/vc_column_text][\/vc_column][\/vc_row][vc_row][vc_column][vc_single_image image=&#8221;1471&#8243; img_size=&#8221;full&#8221; alignment=&#8221;center&#8221;][\/vc_column][\/vc_row]\n","protected":false},"excerpt":{"rendered":"<p>[vc_row][vc_column][vc_row_inner][vc_column_inner][\/vc_column_inner][\/vc_row_inner][\/vc_column][\/vc_row][vc_row][vc_column css=&#8221;.vc_custom_1473066092346{margin-top: 0px !important;}&#8221;][vc_column_text css=&#8221;.vc_custom_1575841313146{margin-top: 0px !important;}&#8221;] Tratamiento c\u00e1ncer de piel no melanoma &nbsp; C\u00e0ncer de pell no melanoma Davant d\u2019un c\u00e0ncer de pell no melanoma, podem utilitzar diferents t\u00e8cniques per eliminar-lo segons la localitzaci\u00f3 i segons el tipus de lesi\u00f3. Cirurgia: la cirurgia convencional \u00e9s la t\u00e8cnica m\u00e9s habitual per tractar carcinoma basocel.lular i [&hellip;]<\/p>\n","protected":false},"author":5,"featured_media":0,"parent":1466,"menu_order":0,"comment_status":"closed","ping_status":"closed","template":"soulmedic\/tpl-feature.php","meta":{"footnotes":""},"class_list":["post-1465","page","type-page","status-publish","hentry"],"yoast_head":"<!-- This site is optimized with the Yoast SEO plugin v19.12 - https:\/\/yoast.com\/wordpress\/plugins\/seo\/ -->\n<title>Tractament c\u00e0ncer de pell | Dr. Lopez Gil | Cl\u00ednica Teknon, Barcelona<\/title>\n<meta name=\"description\" content=\"Cl\u00ednica dermatol\u00f2gica especialitzada en el tractament de el c\u00e0ncer de pell no melanoma, amb la tecnologia m\u00e9s avan\u00e7ada. Cl\u00ednica Teknon, Barcelona.\" \/>\n<meta name=\"robots\" content=\"index, follow, max-snippet:-1, max-image-preview:large, max-video-preview:-1\" \/>\n<link rel=\"canonical\" href=\"https:\/\/www.lopezgil.com\/ca\/dermatologia-oncologica\/tractament-cancer-de-pell\/\" \/>\n<meta property=\"og:locale\" content=\"ca_ES\" \/>\n<meta property=\"og:type\" content=\"article\" \/>\n<meta property=\"og:title\" content=\"Tractament c\u00e0ncer de pell | Dr. Lopez Gil | Cl\u00ednica Teknon, Barcelona\" \/>\n<meta property=\"og:description\" content=\"Cl\u00ednica dermatol\u00f2gica especialitzada en el tractament de el c\u00e0ncer de pell no melanoma, amb la tecnologia m\u00e9s avan\u00e7ada. Cl\u00ednica Teknon, Barcelona.\" \/>\n<meta property=\"og:url\" content=\"https:\/\/www.lopezgil.com\/ca\/dermatologia-oncologica\/tractament-cancer-de-pell\/\" \/>\n<meta property=\"og:site_name\" content=\"Dr. Lopez Gil\" \/>\n<meta property=\"article:modified_time\" content=\"2019-12-08T21:42:52+00:00\" \/>\n<meta name=\"twitter:card\" content=\"summary_large_image\" \/>\n<meta name=\"twitter:label1\" content=\"Est. reading time\" \/>\n\t<meta name=\"twitter:data1\" content=\"3 minutes\" \/>\n<script type=\"application\/ld+json\" class=\"yoast-schema-graph\">{\"@context\":\"https:\/\/schema.org\",\"@graph\":[{\"@type\":\"WebPage\",\"@id\":\"https:\/\/www.lopezgil.com\/ca\/dermatologia-oncologica\/tractament-cancer-de-pell\/\",\"url\":\"https:\/\/www.lopezgil.com\/ca\/dermatologia-oncologica\/tractament-cancer-de-pell\/\",\"name\":\"Tractament c\u00e0ncer de pell | Dr. Lopez Gil | Cl\u00ednica Teknon, Barcelona\",\"isPartOf\":{\"@id\":\"https:\/\/www.lopezgil.com\/ca\/#website\"},\"datePublished\":\"2017-03-03T12:58:29+00:00\",\"dateModified\":\"2019-12-08T21:42:52+00:00\",\"description\":\"Cl\u00ednica dermatol\u00f2gica especialitzada en el tractament de el c\u00e0ncer de pell no melanoma, amb la tecnologia m\u00e9s avan\u00e7ada. Cl\u00ednica Teknon, Barcelona.\",\"breadcrumb\":{\"@id\":\"https:\/\/www.lopezgil.com\/ca\/dermatologia-oncologica\/tractament-cancer-de-pell\/#breadcrumb\"},\"inLanguage\":\"ca\",\"potentialAction\":[{\"@type\":\"ReadAction\",\"target\":[\"https:\/\/www.lopezgil.com\/ca\/dermatologia-oncologica\/tractament-cancer-de-pell\/\"]}]},{\"@type\":\"BreadcrumbList\",\"@id\":\"https:\/\/www.lopezgil.com\/ca\/dermatologia-oncologica\/tractament-cancer-de-pell\/#breadcrumb\",\"itemListElement\":[{\"@type\":\"ListItem\",\"position\":1,\"name\":\"Portada\",\"item\":\"https:\/\/www.lopezgil.com\/ca\/\"},{\"@type\":\"ListItem\",\"position\":2,\"name\":\"Dermatologia oncol\u00f2gica\",\"item\":\"https:\/\/www.lopezgil.com\/ca\/dermatologia-oncologica\/\"},{\"@type\":\"ListItem\",\"position\":3,\"name\":\"Tractament c\u00e0ncer de pell\"}]},{\"@type\":\"WebSite\",\"@id\":\"https:\/\/www.lopezgil.com\/ca\/#website\",\"url\":\"https:\/\/www.lopezgil.com\/ca\/\",\"name\":\"Dr. Lopez Gil\",\"description\":\"Dermat\u00f3logo Barcelona\",\"potentialAction\":[{\"@type\":\"SearchAction\",\"target\":{\"@type\":\"EntryPoint\",\"urlTemplate\":\"https:\/\/www.lopezgil.com\/ca\/?s={search_term_string}\"},\"query-input\":\"required name=search_term_string\"}],\"inLanguage\":\"ca\"}]}<\/script>\n<!-- \/ Yoast SEO plugin. -->","yoast_head_json":{"title":"Tractament c\u00e0ncer de pell | Dr. Lopez Gil | Cl\u00ednica Teknon, Barcelona","description":"Cl\u00ednica dermatol\u00f2gica especialitzada en el tractament de el c\u00e0ncer de pell no melanoma, amb la tecnologia m\u00e9s avan\u00e7ada. Cl\u00ednica Teknon, Barcelona.","robots":{"index":"index","follow":"follow","max-snippet":"max-snippet:-1","max-image-preview":"max-image-preview:large","max-video-preview":"max-video-preview:-1"},"canonical":"https:\/\/www.lopezgil.com\/ca\/dermatologia-oncologica\/tractament-cancer-de-pell\/","og_locale":"ca_ES","og_type":"article","og_title":"Tractament c\u00e0ncer de pell | Dr. Lopez Gil | Cl\u00ednica Teknon, Barcelona","og_description":"Cl\u00ednica dermatol\u00f2gica especialitzada en el tractament de el c\u00e0ncer de pell no melanoma, amb la tecnologia m\u00e9s avan\u00e7ada. Cl\u00ednica Teknon, Barcelona.","og_url":"https:\/\/www.lopezgil.com\/ca\/dermatologia-oncologica\/tractament-cancer-de-pell\/","og_site_name":"Dr. Lopez Gil","article_modified_time":"2019-12-08T21:42:52+00:00","twitter_card":"summary_large_image","twitter_misc":{"Est. reading time":"3 minutes"},"schema":{"@context":"https:\/\/schema.org","@graph":[{"@type":"WebPage","@id":"https:\/\/www.lopezgil.com\/ca\/dermatologia-oncologica\/tractament-cancer-de-pell\/","url":"https:\/\/www.lopezgil.com\/ca\/dermatologia-oncologica\/tractament-cancer-de-pell\/","name":"Tractament c\u00e0ncer de pell | Dr. Lopez Gil | Cl\u00ednica Teknon, Barcelona","isPartOf":{"@id":"https:\/\/www.lopezgil.com\/ca\/#website"},"datePublished":"2017-03-03T12:58:29+00:00","dateModified":"2019-12-08T21:42:52+00:00","description":"Cl\u00ednica dermatol\u00f2gica especialitzada en el tractament de el c\u00e0ncer de pell no melanoma, amb la tecnologia m\u00e9s avan\u00e7ada. Cl\u00ednica Teknon, Barcelona.","breadcrumb":{"@id":"https:\/\/www.lopezgil.com\/ca\/dermatologia-oncologica\/tractament-cancer-de-pell\/#breadcrumb"},"inLanguage":"ca","potentialAction":[{"@type":"ReadAction","target":["https:\/\/www.lopezgil.com\/ca\/dermatologia-oncologica\/tractament-cancer-de-pell\/"]}]},{"@type":"BreadcrumbList","@id":"https:\/\/www.lopezgil.com\/ca\/dermatologia-oncologica\/tractament-cancer-de-pell\/#breadcrumb","itemListElement":[{"@type":"ListItem","position":1,"name":"Portada","item":"https:\/\/www.lopezgil.com\/ca\/"},{"@type":"ListItem","position":2,"name":"Dermatologia oncol\u00f2gica","item":"https:\/\/www.lopezgil.com\/ca\/dermatologia-oncologica\/"},{"@type":"ListItem","position":3,"name":"Tractament c\u00e0ncer de pell"}]},{"@type":"WebSite","@id":"https:\/\/www.lopezgil.com\/ca\/#website","url":"https:\/\/www.lopezgil.com\/ca\/","name":"Dr. Lopez Gil","description":"Dermat\u00f3logo Barcelona","potentialAction":[{"@type":"SearchAction","target":{"@type":"EntryPoint","urlTemplate":"https:\/\/www.lopezgil.com\/ca\/?s={search_term_string}"},"query-input":"required name=search_term_string"}],"inLanguage":"ca"}]}},"_links":{"self":[{"href":"https:\/\/www.lopezgil.com\/ca\/wp-json\/wp\/v2\/pages\/1465","targetHints":{"allow":["GET"]}}],"collection":[{"href":"https:\/\/www.lopezgil.com\/ca\/wp-json\/wp\/v2\/pages"}],"about":[{"href":"https:\/\/www.lopezgil.com\/ca\/wp-json\/wp\/v2\/types\/page"}],"author":[{"embeddable":true,"href":"https:\/\/www.lopezgil.com\/ca\/wp-json\/wp\/v2\/users\/5"}],"replies":[{"embeddable":true,"href":"https:\/\/www.lopezgil.com\/ca\/wp-json\/wp\/v2\/comments?post=1465"}],"version-history":[{"count":18,"href":"https:\/\/www.lopezgil.com\/ca\/wp-json\/wp\/v2\/pages\/1465\/revisions"}],"predecessor-version":[{"id":4936,"href":"https:\/\/www.lopezgil.com\/ca\/wp-json\/wp\/v2\/pages\/1465\/revisions\/4936"}],"up":[{"embeddable":true,"href":"https:\/\/www.lopezgil.com\/ca\/wp-json\/wp\/v2\/pages\/1466"}],"wp:attachment":[{"href":"https:\/\/www.lopezgil.com\/ca\/wp-json\/wp\/v2\/media?parent=1465"}],"curies":[{"name":"wp","href":"https:\/\/api.w.org\/{rel}","templated":true}]}}