{"id":1308,"date":"2017-01-11T08:04:17","date_gmt":"2017-01-11T08:04:17","guid":{"rendered":"http:\/\/lopezgil.com\/enconstruccion\/?page_id=1308"},"modified":"2019-12-05T23:35:33","modified_gmt":"2019-12-05T23:35:33","slug":"eczemes-erupcions","status":"publish","type":"page","link":"https:\/\/www.lopezgil.com\/ca\/dermatologia-clinica\/eczemes-erupcions\/","title":{"rendered":"\u00c8czemes i erupcions"},"content":{"rendered":"<div id=\"fb-root\"><\/div>\n<p style=\"text-align: justify;\">[vc_row][vc_column][vc_row_inner][vc_column_inner]<script type=\"text\/javascript\">jQuery(function() { _initLayerSlider( '#layerslider_15_19pm07egt8mz', {sliderVersion: '', responsiveUnder: 0, layersContainer: 0, hideUnder: 0, hideOver: 100000, pauseOnHover: 1, skin: 'v5', sliderFadeInDuration: 350, useSrcset: true, skinsPath: 'https:\/\/www.lopezgil.com\/wp-content\/plugins\/LayerSlider\/assets\/static\/layerslider\/skins\/', type: 'responsive', showCircleTimer: false, performanceMode: true}); });<\/script><div id=\"layerslider_15_19pm07egt8mz\" class=\"ls-wp-container fitvidsignore\" style=\"width:600px;height:200px;margin:0 auto;margin-bottom: 0px;\"><div class=\"ls-slide\" data-ls=\"duration:4000;\"><img loading=\"lazy\" decoding=\"async\" width=\"600\" height=\"200\" src=\"https:\/\/www.lopezgil.com\/wp-content\/uploads\/drlopezgil_dermatologia_barcelona_600x200_eccemas_erupciones.jpg\" class=\"ls-bg\" alt=\"drlopezgil_dermatologia_barcelona_600x200_eccemas_erupciones\" srcset=\"https:\/\/www.lopezgil.com\/wp-content\/uploads\/drlopezgil_dermatologia_barcelona_600x200_eccemas_erupciones.jpg 600w, https:\/\/www.lopezgil.com\/wp-content\/uploads\/drlopezgil_dermatologia_barcelona_600x200_eccemas_erupciones-300x100.jpg 300w\" sizes=\"auto, (max-width: 600px) 100vw, 600px\" \/><\/div><\/div>[\/vc_column_inner][\/vc_row_inner][\/vc_column][\/vc_row][vc_row][vc_column width=&#8221;3\/4&#8243; css=&#8221;.vc_custom_1473066092346{margin-top: 0px !important;}&#8221;][vc_column_text css=&#8221;.vc_custom_1473066053815{margin-top: 0px !important;}&#8221;]\n<h2 style=\"text-align: justify;\"><span style=\"color: #75c9d3;\"><strong>Qu\u00e8 s\u00f3n els \u00e8czemes i erupcions?<\/strong><\/span><\/h2>\n<p style=\"text-align: justify;\">Els \u00e8czemes s\u00f3n un grup de malalties de la pell en les quals existeix una inflamaci\u00f3 que presenta diverses lesions. Es caracteritzen per comen\u00e7ar amb un envermelliment de la zona afectada, provocant una pru\u00efja intensa i descamaci\u00f3. F\u00e0cilment \u00e9s poden expandir a altres \u00e0rees del cos i evolucionar en un proc\u00e9s agut o cr\u00f2nic i recurrent amb brots, especialment els \u00e8czemes on la causa que el provoca \u00e9s la gen\u00e8tica.<\/p>\n<h2 style=\"text-align: justify;\"><span style=\"color: #75c9d3;\"><strong>Simptomatologia<\/strong><\/span><\/h2>\n<p style=\"text-align: justify;\">Les lesions d\u2019\u00e8czema es caracteritzen per la combinaci\u00f3 de vermellor (eritema), lesions amb volum (p\u00e0pules) i ocasionalment l\u2019aparici\u00f3 de ves\u00edcules o escames.<\/p>\n<p style=\"text-align: justify;\">Aquestes van evolucionant segons el temps que fa que han aparegut:<\/p>\n<ul style=\"text-align: justify;\">\n<li><em>Lesi\u00f3 aguda<\/em>: la pell est\u00e0 molt envermellida, calenta i amb ves\u00edcules plenes de l\u00edquid transparent que a vegades es poden petar ocasionant la formaci\u00f3 d\u2019una crosta superficial.<\/li>\n<li><em>Lesi\u00f3 cr\u00f2nica<\/em>: la pell, en aquest cas, cada cop \u00e9s m\u00e9s seca, gruixuda i amb producci\u00f3 d\u2019escames.<\/li>\n<\/ul>\n<h2 style=\"text-align: justify;\"><span style=\"color: #75c9d3;\"><strong>Causes<\/strong><\/span><\/h2>\n<p style=\"text-align: justify;\">Hi ha diversos factors que poden provocar un \u00e8czema:<\/p>\n<ul style=\"text-align: justify;\">\n<li><em>Al\u00b7l\u00e8rgia.<\/em><\/li>\n<li><em>Substancies irritants.<\/em><\/li>\n<li><em>Factor gen\u00e8tic.<\/em><\/li>\n<li><em>Conviv\u00e8ncia amb altres malalties.<\/em><\/li>\n<\/ul>\n<h2 style=\"text-align: justify;\"><span style=\"color: #75c9d3;\"><strong>Tipus<\/strong><\/span><\/h2>\n<p style=\"text-align: justify;\">Hi ha tres tipus d\u2019\u00e8czema segons la simptomatologia que presenten:<\/p>\n<ul style=\"text-align: justify;\">\n<li><u>\u00c8czema At\u00f2pic:<\/u><\/li>\n<\/ul>\n<p style=\"text-align: justify;\">Presenta lesions vermelles i pru\u00efja intensa, provocant una descamaci\u00f3 de la zona. S\u2019associa a processos al\u00b7l\u00e8rgics (asma, urtic\u00e0ria, rinitis al\u00b7l\u00e8rgica i sequedat cut\u00e0nia). M\u00e9s informaci\u00f3 <a href=\"https:\/\/www.lopezgil.com\/ca\/dermatologia-clinica\/dermatitis-atopica\/\">aqu\u00ed.<\/a><\/p>\n<ul style=\"text-align: justify;\">\n<li><em><u>\u00c8czema Seborreic<\/u><\/em><strong>: <\/strong><\/li>\n<\/ul>\n<p style=\"text-align: justify;\">Presenta escames de color blanquin\u00f3s o groguenc sobre una zona vermellosa. Es com\u00fa en nens durant els primers mesos de vida en el cuir pil\u00f3s (crosta l\u00e0ctia) i a la zona del bolquer. Pel que fa els adults, generalment es presenta a la cara, orelles i cuir cabellut, per\u00f2 pot afectar a altres zones del cos.M\u00e9s informaci\u00f3 <a href=\"https:\/\/www.lopezgil.com\/ca\/dermatologia-clinica\/dermatitis-seborreica\/\">aqu\u00ed.<\/a><\/p>\n<ul style=\"text-align: justify;\">\n<li><em><u>\u00c8czema de contacte<\/u><\/em><strong>:<\/strong><\/li>\n<\/ul>\n<p style=\"text-align: justify;\">Aquest tipus d\u2019\u00e8czema habitualment es provocat a causa d\u2019una resposta al\u00b7l\u00e8rgica a un producte per contacte. Es recomana realitzar proves epicut\u00e0nies per detectar la substancia que provoca aquesta reacci\u00f3.<\/p>\n<h2 style=\"text-align: justify;\"><span style=\"color: #75c9d3;\"><strong>Tractament per als \u00e8czemes i erupcions<\/strong><\/span><\/h2>\n<p style=\"text-align: justify;\">Parlem de diferents tractaments:<\/p>\n<ul>\n<li style=\"text-align: justify;\"><em>Mesures generals:<\/em><\/li>\n<li style=\"text-align: justify;\">Evitar rentats excessius<\/li>\n<li style=\"text-align: justify;\">Utilitzar sab\u00f3 sense detergent<\/li>\n<li style=\"text-align: justify;\">Hidratar di\u00e0riament la pell<\/li>\n<li style=\"text-align: justify;\">Evitar contacte amb productes irritants i productes els quals es diagnostiqui una al\u00b7l\u00e8rgia<\/li>\n<li style=\"text-align: justify;\"><em>Tractaments t\u00f2pics:<\/em> a base de corticoides t\u00f2pics durant un per\u00edode limitat o b\u00e9 inmunomoduladors t\u00f2pics (pimecr\u00f3limus i tacr\u00f3limus).<\/li>\n<li style=\"text-align: justify;\"><em>Fototer\u00e0pia:<\/em> en aquells casos que el pacient no ha reaccionat amb els tractaments anteriors i\/o parlem de casos cr\u00f2nics s\u2019aconsella la fototer\u00e0pia que t\u00e9 un efecte antiinflamatori sobre la pell. Consisteix en aplicar radiaci\u00f3 ultraviolada tipus A i\/o B UVA\/UVB en una cabina m\u00e8dica.<\/li>\n<\/ul>\n","protected":false},"excerpt":{"rendered":"<p>[vc_row][vc_column][vc_row_inner][vc_column_inner][\/vc_column_inner][\/vc_row_inner][\/vc_column][\/vc_row][vc_row][vc_column width=&#8221;3\/4&#8243; css=&#8221;.vc_custom_1473066092346{margin-top: 0px !important;}&#8221;][vc_column_text css=&#8221;.vc_custom_1473066053815{margin-top: 0px !important;}&#8221;] Qu\u00e8 s\u00f3n els \u00e8czemes i erupcions? Els \u00e8czemes s\u00f3n un grup de malalties de la pell en les quals existeix una inflamaci\u00f3 que presenta diverses lesions. Es caracteritzen per comen\u00e7ar amb un envermelliment de la zona afectada, provocant una pru\u00efja intensa i descamaci\u00f3. F\u00e0cilment \u00e9s poden expandir [&hellip;]<\/p>\n","protected":false},"author":5,"featured_media":0,"parent":1136,"menu_order":5,"comment_status":"closed","ping_status":"closed","template":"soulmedic\/tpl-feature.php","meta":{"footnotes":""},"class_list":["post-1308","page","type-page","status-publish","hentry"],"yoast_head":"<!-- This site is optimized with the Yoast SEO plugin v19.12 - https:\/\/yoast.com\/wordpress\/plugins\/seo\/ -->\n<title>\u00c8czemes i erupcions | Dr. Lopez Gil | Cl\u00ednica Teknon Barcelona<\/title>\n<meta name=\"description\" content=\"\u00c8czemes i erupcions. Causes, tipus: \u00e8czema at\u00f2pic, seborreic i de contacte. A la nostra cl\u00ednica dermatol\u00f2gica apliquem tractaments personalitzats.\" \/>\n<meta name=\"robots\" content=\"index, follow, max-snippet:-1, max-image-preview:large, max-video-preview:-1\" \/>\n<link rel=\"canonical\" href=\"https:\/\/www.lopezgil.com\/ca\/dermatologia-clinica\/eczemes-erupcions\/\" \/>\n<meta property=\"og:locale\" content=\"ca_ES\" \/>\n<meta property=\"og:type\" content=\"article\" \/>\n<meta property=\"og:title\" content=\"\u00c8czemes i erupcions | Dr. Lopez Gil | Cl\u00ednica Teknon Barcelona\" \/>\n<meta property=\"og:description\" content=\"\u00c8czemes i erupcions. Causes, tipus: \u00e8czema at\u00f2pic, seborreic i de contacte. A la nostra cl\u00ednica dermatol\u00f2gica apliquem tractaments personalitzats.\" \/>\n<meta property=\"og:url\" content=\"https:\/\/www.lopezgil.com\/ca\/dermatologia-clinica\/eczemes-erupcions\/\" \/>\n<meta property=\"og:site_name\" content=\"Dr. Lopez Gil\" \/>\n<meta property=\"article:modified_time\" content=\"2019-12-05T23:35:33+00:00\" \/>\n<meta name=\"twitter:card\" content=\"summary_large_image\" \/>\n<meta name=\"twitter:label1\" content=\"Est. reading time\" \/>\n\t<meta name=\"twitter:data1\" content=\"3 minutes\" \/>\n<script type=\"application\/ld+json\" class=\"yoast-schema-graph\">{\"@context\":\"https:\/\/schema.org\",\"@graph\":[{\"@type\":\"WebPage\",\"@id\":\"https:\/\/www.lopezgil.com\/ca\/dermatologia-clinica\/eczemes-erupcions\/\",\"url\":\"https:\/\/www.lopezgil.com\/ca\/dermatologia-clinica\/eczemes-erupcions\/\",\"name\":\"\u00c8czemes i erupcions | Dr. Lopez Gil | Cl\u00ednica Teknon Barcelona\",\"isPartOf\":{\"@id\":\"https:\/\/www.lopezgil.com\/ca\/#website\"},\"datePublished\":\"2017-01-11T08:04:17+00:00\",\"dateModified\":\"2019-12-05T23:35:33+00:00\",\"description\":\"\u00c8czemes i erupcions. Causes, tipus: \u00e8czema at\u00f2pic, seborreic i de contacte. A la nostra cl\u00ednica dermatol\u00f2gica apliquem tractaments personalitzats.\",\"breadcrumb\":{\"@id\":\"https:\/\/www.lopezgil.com\/ca\/dermatologia-clinica\/eczemes-erupcions\/#breadcrumb\"},\"inLanguage\":\"ca\",\"potentialAction\":[{\"@type\":\"ReadAction\",\"target\":[\"https:\/\/www.lopezgil.com\/ca\/dermatologia-clinica\/eczemes-erupcions\/\"]}]},{\"@type\":\"BreadcrumbList\",\"@id\":\"https:\/\/www.lopezgil.com\/ca\/dermatologia-clinica\/eczemes-erupcions\/#breadcrumb\",\"itemListElement\":[{\"@type\":\"ListItem\",\"position\":1,\"name\":\"Portada\",\"item\":\"https:\/\/www.lopezgil.com\/ca\/\"},{\"@type\":\"ListItem\",\"position\":2,\"name\":\"Dermatologia cl\u00ednica\",\"item\":\"https:\/\/www.lopezgil.com\/ca\/dermatologia-clinica\/\"},{\"@type\":\"ListItem\",\"position\":3,\"name\":\"\u00c8czemes i erupcions\"}]},{\"@type\":\"WebSite\",\"@id\":\"https:\/\/www.lopezgil.com\/ca\/#website\",\"url\":\"https:\/\/www.lopezgil.com\/ca\/\",\"name\":\"Dr. Lopez Gil\",\"description\":\"Dermat\u00f3logo Barcelona\",\"potentialAction\":[{\"@type\":\"SearchAction\",\"target\":{\"@type\":\"EntryPoint\",\"urlTemplate\":\"https:\/\/www.lopezgil.com\/ca\/?s={search_term_string}\"},\"query-input\":\"required name=search_term_string\"}],\"inLanguage\":\"ca\"}]}<\/script>\n<!-- \/ Yoast SEO plugin. -->","yoast_head_json":{"title":"\u00c8czemes i erupcions | Dr. Lopez Gil | Cl\u00ednica Teknon Barcelona","description":"\u00c8czemes i erupcions. Causes, tipus: \u00e8czema at\u00f2pic, seborreic i de contacte. A la nostra cl\u00ednica dermatol\u00f2gica apliquem tractaments personalitzats.","robots":{"index":"index","follow":"follow","max-snippet":"max-snippet:-1","max-image-preview":"max-image-preview:large","max-video-preview":"max-video-preview:-1"},"canonical":"https:\/\/www.lopezgil.com\/ca\/dermatologia-clinica\/eczemes-erupcions\/","og_locale":"ca_ES","og_type":"article","og_title":"\u00c8czemes i erupcions | Dr. Lopez Gil | Cl\u00ednica Teknon Barcelona","og_description":"\u00c8czemes i erupcions. Causes, tipus: \u00e8czema at\u00f2pic, seborreic i de contacte. A la nostra cl\u00ednica dermatol\u00f2gica apliquem tractaments personalitzats.","og_url":"https:\/\/www.lopezgil.com\/ca\/dermatologia-clinica\/eczemes-erupcions\/","og_site_name":"Dr. Lopez Gil","article_modified_time":"2019-12-05T23:35:33+00:00","twitter_card":"summary_large_image","twitter_misc":{"Est. reading time":"3 minutes"},"schema":{"@context":"https:\/\/schema.org","@graph":[{"@type":"WebPage","@id":"https:\/\/www.lopezgil.com\/ca\/dermatologia-clinica\/eczemes-erupcions\/","url":"https:\/\/www.lopezgil.com\/ca\/dermatologia-clinica\/eczemes-erupcions\/","name":"\u00c8czemes i erupcions | Dr. Lopez Gil | Cl\u00ednica Teknon Barcelona","isPartOf":{"@id":"https:\/\/www.lopezgil.com\/ca\/#website"},"datePublished":"2017-01-11T08:04:17+00:00","dateModified":"2019-12-05T23:35:33+00:00","description":"\u00c8czemes i erupcions. Causes, tipus: \u00e8czema at\u00f2pic, seborreic i de contacte. A la nostra cl\u00ednica dermatol\u00f2gica apliquem tractaments personalitzats.","breadcrumb":{"@id":"https:\/\/www.lopezgil.com\/ca\/dermatologia-clinica\/eczemes-erupcions\/#breadcrumb"},"inLanguage":"ca","potentialAction":[{"@type":"ReadAction","target":["https:\/\/www.lopezgil.com\/ca\/dermatologia-clinica\/eczemes-erupcions\/"]}]},{"@type":"BreadcrumbList","@id":"https:\/\/www.lopezgil.com\/ca\/dermatologia-clinica\/eczemes-erupcions\/#breadcrumb","itemListElement":[{"@type":"ListItem","position":1,"name":"Portada","item":"https:\/\/www.lopezgil.com\/ca\/"},{"@type":"ListItem","position":2,"name":"Dermatologia cl\u00ednica","item":"https:\/\/www.lopezgil.com\/ca\/dermatologia-clinica\/"},{"@type":"ListItem","position":3,"name":"\u00c8czemes i erupcions"}]},{"@type":"WebSite","@id":"https:\/\/www.lopezgil.com\/ca\/#website","url":"https:\/\/www.lopezgil.com\/ca\/","name":"Dr. Lopez Gil","description":"Dermat\u00f3logo Barcelona","potentialAction":[{"@type":"SearchAction","target":{"@type":"EntryPoint","urlTemplate":"https:\/\/www.lopezgil.com\/ca\/?s={search_term_string}"},"query-input":"required name=search_term_string"}],"inLanguage":"ca"}]}},"_links":{"self":[{"href":"https:\/\/www.lopezgil.com\/ca\/wp-json\/wp\/v2\/pages\/1308","targetHints":{"allow":["GET"]}}],"collection":[{"href":"https:\/\/www.lopezgil.com\/ca\/wp-json\/wp\/v2\/pages"}],"about":[{"href":"https:\/\/www.lopezgil.com\/ca\/wp-json\/wp\/v2\/types\/page"}],"author":[{"embeddable":true,"href":"https:\/\/www.lopezgil.com\/ca\/wp-json\/wp\/v2\/users\/5"}],"replies":[{"embeddable":true,"href":"https:\/\/www.lopezgil.com\/ca\/wp-json\/wp\/v2\/comments?post=1308"}],"version-history":[{"count":10,"href":"https:\/\/www.lopezgil.com\/ca\/wp-json\/wp\/v2\/pages\/1308\/revisions"}],"predecessor-version":[{"id":4811,"href":"https:\/\/www.lopezgil.com\/ca\/wp-json\/wp\/v2\/pages\/1308\/revisions\/4811"}],"up":[{"embeddable":true,"href":"https:\/\/www.lopezgil.com\/ca\/wp-json\/wp\/v2\/pages\/1136"}],"wp:attachment":[{"href":"https:\/\/www.lopezgil.com\/ca\/wp-json\/wp\/v2\/media?parent=1308"}],"curies":[{"name":"wp","href":"https:\/\/api.w.org\/{rel}","templated":true}]}}