{"id":1305,"date":"2017-01-11T07:57:49","date_gmt":"2017-01-11T07:57:49","guid":{"rendered":"http:\/\/lopezgil.com\/enconstruccion\/?page_id=1305"},"modified":"2019-12-05T22:23:35","modified_gmt":"2019-12-05T22:23:35","slug":"dermatitis-seborreica","status":"publish","type":"page","link":"https:\/\/www.lopezgil.com\/ca\/dermatologia-clinica\/dermatitis-seborreica\/","title":{"rendered":"Dermatitis seborreica"},"content":{"rendered":"<div id=\"fb-root\"><\/div>\n<p style=\"text-align: justify;\">[vc_row][vc_column][vc_row_inner][vc_column_inner]<script type=\"text\/javascript\">jQuery(function() { _initLayerSlider( '#layerslider_11_yyt5kw810b8u', {sliderVersion: '', responsiveUnder: 0, layersContainer: 0, hideUnder: 0, hideOver: 100000, pauseOnHover: 1, skin: 'v5', sliderFadeInDuration: 350, useSrcset: true, skinsPath: 'https:\/\/www.lopezgil.com\/wp-content\/plugins\/LayerSlider\/assets\/static\/layerslider\/skins\/', type: 'responsive', showCircleTimer: false, performanceMode: true}); });<\/script><div id=\"layerslider_11_yyt5kw810b8u\" class=\"ls-wp-container fitvidsignore\" style=\"width:600px;height:200px;margin:0 auto;margin-bottom: 0px;\"><div class=\"ls-slide\" data-ls=\"duration:4000;\"><img loading=\"lazy\" decoding=\"async\" width=\"600\" height=\"200\" src=\"https:\/\/www.lopezgil.com\/wp-content\/uploads\/drlopezgil_dermatologia_barcelona_600x200_dermatitis_seborreica_caspa_cabell.jpg\" class=\"ls-bg\" alt=\"dr-lopez-gil-dermatologo-barcelona-dermatitis-seborreica-caspa-pelo-cabello-tratamiento-600x200\" srcset=\"https:\/\/www.lopezgil.com\/wp-content\/uploads\/drlopezgil_dermatologia_barcelona_600x200_dermatitis_seborreica_caspa_cabell.jpg 600w, https:\/\/www.lopezgil.com\/wp-content\/uploads\/drlopezgil_dermatologia_barcelona_600x200_dermatitis_seborreica_caspa_cabell-300x100.jpg 300w\" sizes=\"auto, (max-width: 600px) 100vw, 600px\" \/><\/div><\/div>[\/vc_column_inner][\/vc_row_inner][\/vc_column][\/vc_row][vc_row][vc_column width=&#8221;3\/4&#8243; css=&#8221;.vc_custom_1473066092346{margin-top: 0px !important;}&#8221;][vc_column_text css=&#8221;.vc_custom_1473066053815{margin-top: 0px !important;}&#8221;]\n<h2 style=\"text-align: justify;\"><span style=\"color: #75c9d3;\"><strong>Qu\u00e8 \u00e9s la dermatitis seborreica?<\/strong><\/span><\/h2>\n<p style=\"text-align: justify;\">La dermatitis seborreica o \u00e8czema seborreic \u00e9s un trastorn cutani de poca gravetat, no contagi\u00f3s i molt com\u00fa en la poblaci\u00f3. Consisteix en una inflamaci\u00f3 cr\u00f2nica que fa que es formin escames, de color blanc o groc, d\u2019aspecte untu\u00f3s que piquen i poden oc\u00f3rrer amb o sense enrogiment cutani. Sorgeix en les zones m\u00e9s greixoses del cos, com son el voltant del nas, el front, les celles, les pestanyes, les parpelles, els llavis, darrera les orelles i\/o el pit. Una forma especial, particularment freq\u00fcent, \u00e9s la dermatitis seborreica del cuir pil\u00f3s, popularment coneguda com a caspa.<\/p>\n<p style=\"text-align: justify;\">No es una afecci\u00f3 greu per\u00f2 pot ser molt inc\u00f2moda degut al prurit o b\u00e9 a les lesions que apareixen en les zones visibles del cos. T\u00e9 dos pics d\u2019incid\u00e8ncia: durant el primer any de vida i despr\u00e8s de la pubertat.<\/p>\n<p style=\"text-align: justify;\">La dermatitis seborreica en nadons, la coneguda crosta l\u00e0ctia, \u00e9s un afecci\u00f3 inofensiva i temporal que sol apar\u00e8ixer durant les primeres setmanes de vida fins als tres anys.<\/p>\n<h2 style=\"text-align: justify;\"><span style=\"color: #75c9d3;\"><strong>A qui afecta?<\/strong><\/span><\/h2>\n<p style=\"text-align: justify;\">La dermatitis seborreica \u00e9s una afecci\u00f3 molt com\u00fa que afecta un 20% de la poblaci\u00f3, sobretot el sexe mascul\u00ed.<\/p>\n<h2 style=\"text-align: justify;\"><span style=\"color: #75c9d3;\"><strong>Causes<\/strong><\/span><\/h2>\n<p style=\"text-align: justify;\">Es desconeix la causa exacta de la dermatitis seborreica. Es creu que \u00e9s deguda a una combinaci\u00f3 de diferents factors:<\/p>\n<ul style=\"text-align: justify;\">\n<li><em>Sobreproducci\u00f3 de greix en la pell<\/em><\/li>\n<li><em>Irritaci\u00f3 provocada pel fong Malassezia<\/em><\/li>\n<li><em>Factors gen\u00e8tics<\/em><\/li>\n<li><em>Afeccions neurol\u00f2giques (Parkinson, traumatisme cranial, accident cerebrovascular)<\/em><\/li>\n<li><em>Virus de la immunodefici\u00e8ncia humana (VIH)<\/em><\/li>\n<li><em>Nivells hormonals<\/em><\/li>\n<li><em>Altres factors com: estr\u00e8s, fatiga, climes extrems, xamp\u00fas inadequats, locions que contenen alcohol o obesitat.<\/em><\/li>\n<\/ul>\n<h2 style=\"text-align: justify;\"><span style=\"color: #75c9d3;\"><strong>Simptomatologia<\/strong><\/span><\/h2>\n<p style=\"text-align: justify;\">Els s\u00edmptomes m\u00e9s caracter\u00edstics de la dermatitis seborreica s\u00f3n:<\/p>\n<ul style=\"text-align: justify;\">\n<li>Escames cut\u00e0nies blanques o groguenques, la coneguda \u201ccaspa\u201d<\/li>\n<li>Lesions en la pell<\/li>\n<li>Crostes<\/li>\n<li>Enrogiment lleu<\/li>\n<li>Pell oliosa<\/li>\n<li>Prurit<\/li>\n<li>Eritema lleu<\/li>\n<li>Caiguda del cabell (poc freq\u00fcent)<\/li>\n<\/ul>\n<h2 style=\"text-align: justify;\"><span style=\"color: #75c9d3;\"><strong>Tractament de l<\/strong><\/span><span style=\"color: #75c9d3;\"><strong>a Dermatitis seborreica a Barcelona<\/strong><\/span><\/h2>\n<p style=\"text-align: justify;\">El tractament habitual \u00e9s senzill, tot i que el m\u00e9s important per a conservar la pell sense lesions \u00e9s dur a terme un manteniment, com a m\u00ednim, un cop per setmana.<\/p>\n<p style=\"text-align: justify;\">Trobem diferents opcions terap\u00e8utiques:<\/p>\n<ul style=\"text-align: justify;\">\n<li><em>Antif\u00fangics<\/em> per regular la flora cut\u00e0nia<\/li>\n<li><em>Antiinflamatoris<\/em> (corticoides, inhibidors de la calcineurina)<\/li>\n<li><em>Queratol\u00edtics<\/em> (\u00e0cid salic\u00edlic, urea)<\/li>\n<li><em>Reductors<\/em> (coaltar saponinat)<\/li>\n<\/ul>\n<p style=\"text-align: justify;\">Aquest \u00faltim grup de tractaments, els reductors, s\u00f3n especialment \u00fatils per a la dermatitis seborreica del cuir pil\u00f3s, ja que existeixen en forma de xamp\u00fa i, aplicats dues o tres vegades a la setmana, permeten eliminar la caspa en la majoria d\u2019ocasions.<\/p>\n<p style=\"text-align: justify;\">Molt sovint cal un tractament de xoc, m\u00e9s intensiu, durant un per\u00edode de dues o tres setmanes, i posteriorment un de manteniment, de duraci\u00f3 indefinida, aplicat de forma ocasional durant la setmana. Tot i que el tractament \u00e9s senzill, la dermatitis seborreica sol ocasionar problemes est\u00e8tics notables al pacient que la pateix, doncs apareix en zones especialment visibles com la cara, tal i com s\u2019ha esmentat. Per aquest motiu, val la pena consultar amb el seu dermat\u00f2leg per trobar el tractament m\u00e9s simple i efectiu en el seu cas, per fer desapar\u00e8ixer la vermellor i la descamaci\u00f3.<\/p>\n<p>&nbsp;<\/p>\n","protected":false},"excerpt":{"rendered":"<p>[vc_row][vc_column][vc_row_inner][vc_column_inner][\/vc_column_inner][\/vc_row_inner][\/vc_column][\/vc_row][vc_row][vc_column width=&#8221;3\/4&#8243; css=&#8221;.vc_custom_1473066092346{margin-top: 0px !important;}&#8221;][vc_column_text css=&#8221;.vc_custom_1473066053815{margin-top: 0px !important;}&#8221;] Qu\u00e8 \u00e9s la dermatitis seborreica? La dermatitis seborreica o \u00e8czema seborreic \u00e9s un trastorn cutani de poca gravetat, no contagi\u00f3s i molt com\u00fa en la poblaci\u00f3. Consisteix en una inflamaci\u00f3 cr\u00f2nica que fa que es formin escames, de color blanc o groc, d\u2019aspecte untu\u00f3s que piquen i [&hellip;]<\/p>\n","protected":false},"author":5,"featured_media":0,"parent":1136,"menu_order":4,"comment_status":"closed","ping_status":"closed","template":"soulmedic\/tpl-feature.php","meta":{"footnotes":""},"class_list":["post-1305","page","type-page","status-publish","hentry"],"yoast_head":"<!-- This site is optimized with the Yoast SEO plugin v19.12 - https:\/\/yoast.com\/wordpress\/plugins\/seo\/ -->\n<title>Dermatitis seborreica | Dr. Lopez Gil<\/title>\n<meta name=\"description\" content=\"Dermatitis seborreica o \u00e8czema seborreic, causes i tractaments personalitzats a la cl\u00ednica dermatol\u00f2gica del Dr. L\u00f3pez Gil, Teknon, Barcelona.\" \/>\n<meta name=\"robots\" content=\"index, follow, max-snippet:-1, max-image-preview:large, max-video-preview:-1\" \/>\n<link rel=\"canonical\" href=\"https:\/\/www.lopezgil.com\/ca\/dermatologia-clinica\/dermatitis-seborreica\/\" \/>\n<meta property=\"og:locale\" content=\"ca_ES\" \/>\n<meta property=\"og:type\" content=\"article\" \/>\n<meta property=\"og:title\" content=\"Dermatitis seborreica | Dr. Lopez Gil\" \/>\n<meta property=\"og:description\" content=\"Dermatitis seborreica o \u00e8czema seborreic, causes i tractaments personalitzats a la cl\u00ednica dermatol\u00f2gica del Dr. L\u00f3pez Gil, Teknon, Barcelona.\" \/>\n<meta property=\"og:url\" content=\"https:\/\/www.lopezgil.com\/ca\/dermatologia-clinica\/dermatitis-seborreica\/\" \/>\n<meta property=\"og:site_name\" content=\"Dr. Lopez Gil\" \/>\n<meta property=\"article:modified_time\" content=\"2019-12-05T22:23:35+00:00\" \/>\n<meta name=\"twitter:card\" content=\"summary_large_image\" \/>\n<meta name=\"twitter:label1\" content=\"Est. reading time\" \/>\n\t<meta name=\"twitter:data1\" content=\"3 minutes\" \/>\n<script type=\"application\/ld+json\" class=\"yoast-schema-graph\">{\"@context\":\"https:\/\/schema.org\",\"@graph\":[{\"@type\":\"WebPage\",\"@id\":\"https:\/\/www.lopezgil.com\/ca\/dermatologia-clinica\/dermatitis-seborreica\/\",\"url\":\"https:\/\/www.lopezgil.com\/ca\/dermatologia-clinica\/dermatitis-seborreica\/\",\"name\":\"Dermatitis seborreica | Dr. Lopez Gil\",\"isPartOf\":{\"@id\":\"https:\/\/www.lopezgil.com\/ca\/#website\"},\"datePublished\":\"2017-01-11T07:57:49+00:00\",\"dateModified\":\"2019-12-05T22:23:35+00:00\",\"description\":\"Dermatitis seborreica o \u00e8czema seborreic, causes i tractaments personalitzats a la cl\u00ednica dermatol\u00f2gica del Dr. L\u00f3pez Gil, Teknon, Barcelona.\",\"breadcrumb\":{\"@id\":\"https:\/\/www.lopezgil.com\/ca\/dermatologia-clinica\/dermatitis-seborreica\/#breadcrumb\"},\"inLanguage\":\"ca\",\"potentialAction\":[{\"@type\":\"ReadAction\",\"target\":[\"https:\/\/www.lopezgil.com\/ca\/dermatologia-clinica\/dermatitis-seborreica\/\"]}]},{\"@type\":\"BreadcrumbList\",\"@id\":\"https:\/\/www.lopezgil.com\/ca\/dermatologia-clinica\/dermatitis-seborreica\/#breadcrumb\",\"itemListElement\":[{\"@type\":\"ListItem\",\"position\":1,\"name\":\"Portada\",\"item\":\"https:\/\/www.lopezgil.com\/ca\/\"},{\"@type\":\"ListItem\",\"position\":2,\"name\":\"Dermatologia cl\u00ednica\",\"item\":\"https:\/\/www.lopezgil.com\/ca\/dermatologia-clinica\/\"},{\"@type\":\"ListItem\",\"position\":3,\"name\":\"Dermatitis seborreica\"}]},{\"@type\":\"WebSite\",\"@id\":\"https:\/\/www.lopezgil.com\/ca\/#website\",\"url\":\"https:\/\/www.lopezgil.com\/ca\/\",\"name\":\"Dr. Lopez Gil\",\"description\":\"Dermat\u00f3logo Barcelona\",\"potentialAction\":[{\"@type\":\"SearchAction\",\"target\":{\"@type\":\"EntryPoint\",\"urlTemplate\":\"https:\/\/www.lopezgil.com\/ca\/?s={search_term_string}\"},\"query-input\":\"required name=search_term_string\"}],\"inLanguage\":\"ca\"}]}<\/script>\n<!-- \/ Yoast SEO plugin. -->","yoast_head_json":{"title":"Dermatitis seborreica | Dr. Lopez Gil","description":"Dermatitis seborreica o \u00e8czema seborreic, causes i tractaments personalitzats a la cl\u00ednica dermatol\u00f2gica del Dr. L\u00f3pez Gil, Teknon, Barcelona.","robots":{"index":"index","follow":"follow","max-snippet":"max-snippet:-1","max-image-preview":"max-image-preview:large","max-video-preview":"max-video-preview:-1"},"canonical":"https:\/\/www.lopezgil.com\/ca\/dermatologia-clinica\/dermatitis-seborreica\/","og_locale":"ca_ES","og_type":"article","og_title":"Dermatitis seborreica | Dr. Lopez Gil","og_description":"Dermatitis seborreica o \u00e8czema seborreic, causes i tractaments personalitzats a la cl\u00ednica dermatol\u00f2gica del Dr. L\u00f3pez Gil, Teknon, Barcelona.","og_url":"https:\/\/www.lopezgil.com\/ca\/dermatologia-clinica\/dermatitis-seborreica\/","og_site_name":"Dr. Lopez Gil","article_modified_time":"2019-12-05T22:23:35+00:00","twitter_card":"summary_large_image","twitter_misc":{"Est. reading time":"3 minutes"},"schema":{"@context":"https:\/\/schema.org","@graph":[{"@type":"WebPage","@id":"https:\/\/www.lopezgil.com\/ca\/dermatologia-clinica\/dermatitis-seborreica\/","url":"https:\/\/www.lopezgil.com\/ca\/dermatologia-clinica\/dermatitis-seborreica\/","name":"Dermatitis seborreica | Dr. Lopez Gil","isPartOf":{"@id":"https:\/\/www.lopezgil.com\/ca\/#website"},"datePublished":"2017-01-11T07:57:49+00:00","dateModified":"2019-12-05T22:23:35+00:00","description":"Dermatitis seborreica o \u00e8czema seborreic, causes i tractaments personalitzats a la cl\u00ednica dermatol\u00f2gica del Dr. L\u00f3pez Gil, Teknon, Barcelona.","breadcrumb":{"@id":"https:\/\/www.lopezgil.com\/ca\/dermatologia-clinica\/dermatitis-seborreica\/#breadcrumb"},"inLanguage":"ca","potentialAction":[{"@type":"ReadAction","target":["https:\/\/www.lopezgil.com\/ca\/dermatologia-clinica\/dermatitis-seborreica\/"]}]},{"@type":"BreadcrumbList","@id":"https:\/\/www.lopezgil.com\/ca\/dermatologia-clinica\/dermatitis-seborreica\/#breadcrumb","itemListElement":[{"@type":"ListItem","position":1,"name":"Portada","item":"https:\/\/www.lopezgil.com\/ca\/"},{"@type":"ListItem","position":2,"name":"Dermatologia cl\u00ednica","item":"https:\/\/www.lopezgil.com\/ca\/dermatologia-clinica\/"},{"@type":"ListItem","position":3,"name":"Dermatitis seborreica"}]},{"@type":"WebSite","@id":"https:\/\/www.lopezgil.com\/ca\/#website","url":"https:\/\/www.lopezgil.com\/ca\/","name":"Dr. Lopez Gil","description":"Dermat\u00f3logo Barcelona","potentialAction":[{"@type":"SearchAction","target":{"@type":"EntryPoint","urlTemplate":"https:\/\/www.lopezgil.com\/ca\/?s={search_term_string}"},"query-input":"required name=search_term_string"}],"inLanguage":"ca"}]}},"_links":{"self":[{"href":"https:\/\/www.lopezgil.com\/ca\/wp-json\/wp\/v2\/pages\/1305","targetHints":{"allow":["GET"]}}],"collection":[{"href":"https:\/\/www.lopezgil.com\/ca\/wp-json\/wp\/v2\/pages"}],"about":[{"href":"https:\/\/www.lopezgil.com\/ca\/wp-json\/wp\/v2\/types\/page"}],"author":[{"embeddable":true,"href":"https:\/\/www.lopezgil.com\/ca\/wp-json\/wp\/v2\/users\/5"}],"replies":[{"embeddable":true,"href":"https:\/\/www.lopezgil.com\/ca\/wp-json\/wp\/v2\/comments?post=1305"}],"version-history":[{"count":6,"href":"https:\/\/www.lopezgil.com\/ca\/wp-json\/wp\/v2\/pages\/1305\/revisions"}],"predecessor-version":[{"id":4782,"href":"https:\/\/www.lopezgil.com\/ca\/wp-json\/wp\/v2\/pages\/1305\/revisions\/4782"}],"up":[{"embeddable":true,"href":"https:\/\/www.lopezgil.com\/ca\/wp-json\/wp\/v2\/pages\/1136"}],"wp:attachment":[{"href":"https:\/\/www.lopezgil.com\/ca\/wp-json\/wp\/v2\/media?parent=1305"}],"curies":[{"name":"wp","href":"https:\/\/api.w.org\/{rel}","templated":true}]}}