{"id":1144,"date":"2016-12-19T13:45:33","date_gmt":"2016-12-19T13:45:33","guid":{"rendered":"http:\/\/lopezgil.com\/enconstruccion\/?page_id=1144"},"modified":"2019-06-11T10:16:29","modified_gmt":"2019-06-11T10:16:29","slug":"alopecia-areata","status":"publish","type":"page","link":"https:\/\/www.lopezgil.com\/ca\/caiguda-del-cabell\/alopecia-areata\/","title":{"rendered":"Alop\u00e8cia areata"},"content":{"rendered":"<div id=\"fb-root\"><\/div>\n<p style=\"text-align: justify;\">[vc_row][vc_column][vc_row_inner][vc_column_inner]<script type=\"text\/javascript\">jQuery(function() { _initLayerSlider( '#layerslider_51_vdgv48e80a8x', {sliderVersion: '', responsiveUnder: 0, layersContainer: 0, hideUnder: 0, hideOver: 100000, pauseOnHover: 1, skin: 'v5', sliderFadeInDuration: 350, useSrcset: true, skinsPath: 'https:\/\/www.lopezgil.com\/wp-content\/plugins\/LayerSlider\/assets\/static\/layerslider\/skins\/', type: 'responsive', showCircleTimer: false, performanceMode: true}); });<\/script><div id=\"layerslider_51_vdgv48e80a8x\" class=\"ls-wp-container fitvidsignore\" style=\"width:600px;height:200px;margin:0 auto;margin-bottom: 0px;\"><div class=\"ls-slide\" data-ls=\"duration:4000;\"><img loading=\"lazy\" decoding=\"async\" width=\"600\" height=\"200\" src=\"https:\/\/www.lopezgil.com\/wp-content\/uploads\/drlopezgil_dermatologia_barcelona_600x200_alopecia_areata.jpg\" class=\"ls-bg\" alt=\"drlopezgil_dermatologia_barcelona_600x200_alopecia_areata\" srcset=\"https:\/\/www.lopezgil.com\/wp-content\/uploads\/drlopezgil_dermatologia_barcelona_600x200_alopecia_areata.jpg 600w, https:\/\/www.lopezgil.com\/wp-content\/uploads\/drlopezgil_dermatologia_barcelona_600x200_alopecia_areata-300x100.jpg 300w\" sizes=\"auto, (max-width: 600px) 100vw, 600px\" \/><\/div><\/div>[\/vc_column_inner][\/vc_row_inner][\/vc_column][\/vc_row][vc_row][vc_column width=&#8221;3\/4&#8243; css=&#8221;.vc_custom_1473066092346{margin-top: 0px !important;}&#8221;][vc_column_text css=&#8221;.vc_custom_1473066053815{margin-top: 0px !important;}&#8221;]\n<h2 style=\"text-align: justify;\"><span style=\"color: #75c9d3;\">Qu\u00e8 es <\/span><span style=\"color: #75c9d3;\">alopecia areata<\/span><span style=\"color: #75c9d3;\">?<br \/>\n<\/span><\/h2>\n<p style=\"text-align: justify;\">L\u2019alop\u00e8cia areata \u00e9s una malaltia que consisteix en la p\u00e8rdua de cabell en una zona localitzada del cos i normalment en \u00e0rees rodones i de mida petita. Freq\u00fcentment, es diferencia d\u2019altres tipus de caiguda de cabell per la rapidesa en la seva actuaci\u00f3. La seva evoluci\u00f3 \u00e9s molt imprevisibles i molt variable.<\/p>\n<h2 style=\"text-align: justify;\"><span style=\"color: #75c9d3;\">A qui afecta?<\/span><\/h2>\n<p style=\"text-align: justify;\">\u00c9s una malaltia freq\u00fcent que afecta tant a dones com a homes i pot apar\u00e8ixer en qualsevol \u00e8poca de la vida.<\/p>\n<p style=\"text-align: justify;\">Est\u00e0 molt relacionada amb persones amb antecedents personals o familiars d\u2019hipotiro\u00efdisme, un trastorn de la gl\u00e0ndula tiroides que fa que funcioni m\u00e9s lentament i que sol ser d\u2019origen autoimmune.<\/p>\n<p style=\"text-align: justify;\">Una curiositat de l\u2019alop\u00e8cia areata es que sol manifestar-se en nens i\/o joves amb un elevat grau d\u2019auto exig\u00e8ncia, molt competitius, brillants des del punt de vista acad\u00e8mic. Solen ser superdotats o amb un coeficient d\u2019intel\u00b7lig\u00e8ncia molt elevat.<\/p>\n<h2 style=\"text-align: justify;\"><span style=\"color: #75c9d3;\">Tipus<\/span><\/h2>\n<ul style=\"text-align: justify;\">\n<li>Existeixen diferents tipus d\u2019alop\u00e8cia areata:<\/li>\n<li><em>Alop\u00e8cia areata en placa \u00fanica<\/em>: es sol presentar en una \u00fanica zona y de mida petita. \u00c9s la presentaci\u00f3 m\u00e9s habitual.<\/li>\n<li><em>Alop\u00e8cia areata total<\/em>: afecta a la totalitat del cuir cabellut. La p\u00e8rdua de tot el cabell sol ser al cap de 6 mesos de comen\u00e7ar amb la simptomatologia.<\/li>\n<li>Alop\u00e8cia areata universal: afecta a la totalitat del p\u00e8l del cos (aixelles, pubis, celles i pestanyes)<\/li>\n<\/ul>\n<h2 style=\"text-align: justify;\"><span style=\"color: #75c9d3;\">Simptomatologia<\/span><\/h2>\n<p style=\"text-align: justify;\">La caiguda de cabell sol ser la \u00fanica simptomatologia. La zona de la pell afectada t\u00e9 un aspecte normal, no existeix inflamaci\u00f3, vermellor, descamaci\u00f3 ni cap altre tipus d\u2019anomalia.<\/p>\n<h2 style=\"text-align: justify;\"><span style=\"color: #75c9d3;\">Causes<\/span><\/h2>\n<p style=\"text-align: justify;\">Es una malaltia considerada d\u2019origen multifactorial, ja que existeixen diferents motius que poden influir en la seva aparici\u00f3:<\/p>\n<ul style=\"text-align: justify;\">\n<li><em>Factors gen\u00e8tics<\/em>: antecedents familiars amb alop\u00e8cia (20% casos)<\/li>\n<li><em>Malaltia autoimmune<\/em>: \u00e9s un atac del nostre propi sistema immunitari al fol\u00b7licle pil\u00f3s. Es produeix una acumulaci\u00f3 de limf\u00f2cits al voltant del fol\u00b7licle pil\u00f3s que paralitza el desenvolupament del p\u00e8l i provoca la seva posterior caiguda. El motiu pel qual es desencadena \u00e9s desconegut, per\u00f2 habitualment sol estar vinculat a moments d\u2019estr\u00e8s o trastorns emocionals.<\/li>\n<li><em>Malalties associades<\/em>: asma, rinitis al\u00b7l\u00e8rgica, dermatitis at\u00f2pica, malalties tiro\u00efdees, diabetis, vitiligen&#8230;)<\/li>\n<\/ul>\n<h2 style=\"text-align: justify;\"><span style=\"color: #75c9d3;\">Tractament <\/span><span style=\"color: #75c9d3;\">alopecia areata<\/span><\/h2>\n<p style=\"text-align: justify;\">Si la p\u00e8rdua de cabell no \u00e9s generalitzada, amb freq\u00fc\u00e8ncia el cabell torna a cr\u00e9ixer en uns mesos sense tractament. Tot i aix\u00ed recomanem tractar-la el m\u00e9s r\u00e0pid possible, ja que malauradament l\u2019alop\u00e8cia va m\u00e9s r\u00e0pid que els propis medicaments.<\/p>\n<p style=\"text-align: justify;\">El tractament de xoc de l\u2019alop\u00e8cia areata es realitza amb corticoides, ja sigui en forma de locions per aplicar, en forma de cremes, injeccions o en ocasions tamb\u00e9 per via oral. Tot dependr\u00e0 de l\u2019extensi\u00f3 i de la for\u00e7a amb la que es presenta.<\/p>\n<p style=\"text-align: justify;\">La resposta als tractaments \u00e9s molt variable. La majoria dels pacients responen satisfact\u00f2riament als tractaments amb cortisona, especialment si aquests s\u2019estableixen molt r\u00e0pidament en l\u2019inici de l\u2019alop\u00e8cia. En casos cr\u00f2nics en els quals la persona t\u00e9 grans \u00e0rees de calv\u00edcie en que han fracassat tots els tractaments habituals, un dels tractaments m\u00e9s favorables i en menys risc per la salut de la persona \u00e9s la PUVAter\u00e0pia que consisteix en rebre radiaci\u00f3 ultraviolada A en combinaci\u00f3 amb una medicaci\u00f3 que potencia l\u2019efecte de la radiaci\u00f3.<\/p>\n<h2 style=\"text-align: justify;\"><span style=\"color: #75c9d3;\">Conseq\u00fc\u00e8ncies<\/span><\/h2>\n<p style=\"text-align: justify;\">En els casos d\u2019alop\u00e8cia areata universal o total, en certs casos, pot provocar problemes psicol\u00f2gics i d\u2019autoestima, especialment quan la persona \u00e9s molt jove.<\/p>\n","protected":false},"excerpt":{"rendered":"<p>[vc_row][vc_column][vc_row_inner][vc_column_inner][\/vc_column_inner][\/vc_row_inner][\/vc_column][\/vc_row][vc_row][vc_column width=&#8221;3\/4&#8243; css=&#8221;.vc_custom_1473066092346{margin-top: 0px !important;}&#8221;][vc_column_text css=&#8221;.vc_custom_1473066053815{margin-top: 0px !important;}&#8221;] Qu\u00e8 es alopecia areata? L\u2019alop\u00e8cia areata \u00e9s una malaltia que consisteix en la p\u00e8rdua de cabell en una zona localitzada del cos i normalment en \u00e0rees rodones i de mida petita. Freq\u00fcentment, es diferencia d\u2019altres tipus de caiguda de cabell per la rapidesa en la seva actuaci\u00f3. [&hellip;]<\/p>\n","protected":false},"author":5,"featured_media":0,"parent":1524,"menu_order":0,"comment_status":"closed","ping_status":"closed","template":"soulmedic\/tpl-feature.php","meta":{"footnotes":""},"class_list":["post-1144","page","type-page","status-publish","hentry"],"yoast_head":"<!-- This site is optimized with the Yoast SEO plugin v19.12 - https:\/\/yoast.com\/wordpress\/plugins\/seo\/ -->\n<title>Alop\u00e8cia areata | Dr. Lopez Gil<\/title>\n<meta name=\"description\" content=\"Alop\u00e8cia areata, els tractaments m\u00e9s efica\u00e7os pel nostre equip de dermat\u00f2legs especialitzats en caiguda del cabell a la nostra cl\u00ednica a Barcelona Teknon\" \/>\n<meta name=\"robots\" content=\"index, follow, max-snippet:-1, max-image-preview:large, max-video-preview:-1\" \/>\n<link rel=\"canonical\" href=\"https:\/\/www.lopezgil.com\/ca\/caiguda-del-cabell\/alopecia-areata\/\" \/>\n<meta property=\"og:locale\" content=\"ca_ES\" \/>\n<meta property=\"og:type\" content=\"article\" \/>\n<meta property=\"og:title\" content=\"Alop\u00e8cia areata | Dr. Lopez Gil\" \/>\n<meta property=\"og:description\" content=\"Alop\u00e8cia areata, els tractaments m\u00e9s efica\u00e7os pel nostre equip de dermat\u00f2legs especialitzats en caiguda del cabell a la nostra cl\u00ednica a Barcelona Teknon\" \/>\n<meta property=\"og:url\" content=\"https:\/\/www.lopezgil.com\/ca\/caiguda-del-cabell\/alopecia-areata\/\" \/>\n<meta property=\"og:site_name\" content=\"Dr. Lopez Gil\" \/>\n<meta property=\"article:modified_time\" content=\"2019-06-11T10:16:29+00:00\" \/>\n<meta name=\"twitter:card\" content=\"summary_large_image\" \/>\n<meta name=\"twitter:label1\" content=\"Est. reading time\" \/>\n\t<meta name=\"twitter:data1\" content=\"3 minutes\" \/>\n<script type=\"application\/ld+json\" class=\"yoast-schema-graph\">{\"@context\":\"https:\/\/schema.org\",\"@graph\":[{\"@type\":\"WebPage\",\"@id\":\"https:\/\/www.lopezgil.com\/ca\/caiguda-del-cabell\/alopecia-areata\/\",\"url\":\"https:\/\/www.lopezgil.com\/ca\/caiguda-del-cabell\/alopecia-areata\/\",\"name\":\"Alop\u00e8cia areata | Dr. Lopez Gil\",\"isPartOf\":{\"@id\":\"https:\/\/www.lopezgil.com\/ca\/#website\"},\"datePublished\":\"2016-12-19T13:45:33+00:00\",\"dateModified\":\"2019-06-11T10:16:29+00:00\",\"description\":\"Alop\u00e8cia areata, els tractaments m\u00e9s efica\u00e7os pel nostre equip de dermat\u00f2legs especialitzats en caiguda del cabell a la nostra cl\u00ednica a Barcelona Teknon\",\"breadcrumb\":{\"@id\":\"https:\/\/www.lopezgil.com\/ca\/caiguda-del-cabell\/alopecia-areata\/#breadcrumb\"},\"inLanguage\":\"ca\",\"potentialAction\":[{\"@type\":\"ReadAction\",\"target\":[\"https:\/\/www.lopezgil.com\/ca\/caiguda-del-cabell\/alopecia-areata\/\"]}]},{\"@type\":\"BreadcrumbList\",\"@id\":\"https:\/\/www.lopezgil.com\/ca\/caiguda-del-cabell\/alopecia-areata\/#breadcrumb\",\"itemListElement\":[{\"@type\":\"ListItem\",\"position\":1,\"name\":\"Portada\",\"item\":\"https:\/\/www.lopezgil.com\/ca\/\"},{\"@type\":\"ListItem\",\"position\":2,\"name\":\"Caiguda del cabell\",\"item\":\"https:\/\/www.lopezgil.com\/ca\/caiguda-del-cabell\/\"},{\"@type\":\"ListItem\",\"position\":3,\"name\":\"Alop\u00e8cia areata\"}]},{\"@type\":\"WebSite\",\"@id\":\"https:\/\/www.lopezgil.com\/ca\/#website\",\"url\":\"https:\/\/www.lopezgil.com\/ca\/\",\"name\":\"Dr. Lopez Gil\",\"description\":\"Dermat\u00f3logo Barcelona\",\"potentialAction\":[{\"@type\":\"SearchAction\",\"target\":{\"@type\":\"EntryPoint\",\"urlTemplate\":\"https:\/\/www.lopezgil.com\/ca\/?s={search_term_string}\"},\"query-input\":\"required name=search_term_string\"}],\"inLanguage\":\"ca\"}]}<\/script>\n<!-- \/ Yoast SEO plugin. -->","yoast_head_json":{"title":"Alop\u00e8cia areata | Dr. Lopez Gil","description":"Alop\u00e8cia areata, els tractaments m\u00e9s efica\u00e7os pel nostre equip de dermat\u00f2legs especialitzats en caiguda del cabell a la nostra cl\u00ednica a Barcelona Teknon","robots":{"index":"index","follow":"follow","max-snippet":"max-snippet:-1","max-image-preview":"max-image-preview:large","max-video-preview":"max-video-preview:-1"},"canonical":"https:\/\/www.lopezgil.com\/ca\/caiguda-del-cabell\/alopecia-areata\/","og_locale":"ca_ES","og_type":"article","og_title":"Alop\u00e8cia areata | Dr. Lopez Gil","og_description":"Alop\u00e8cia areata, els tractaments m\u00e9s efica\u00e7os pel nostre equip de dermat\u00f2legs especialitzats en caiguda del cabell a la nostra cl\u00ednica a Barcelona Teknon","og_url":"https:\/\/www.lopezgil.com\/ca\/caiguda-del-cabell\/alopecia-areata\/","og_site_name":"Dr. Lopez Gil","article_modified_time":"2019-06-11T10:16:29+00:00","twitter_card":"summary_large_image","twitter_misc":{"Est. reading time":"3 minutes"},"schema":{"@context":"https:\/\/schema.org","@graph":[{"@type":"WebPage","@id":"https:\/\/www.lopezgil.com\/ca\/caiguda-del-cabell\/alopecia-areata\/","url":"https:\/\/www.lopezgil.com\/ca\/caiguda-del-cabell\/alopecia-areata\/","name":"Alop\u00e8cia areata | Dr. Lopez Gil","isPartOf":{"@id":"https:\/\/www.lopezgil.com\/ca\/#website"},"datePublished":"2016-12-19T13:45:33+00:00","dateModified":"2019-06-11T10:16:29+00:00","description":"Alop\u00e8cia areata, els tractaments m\u00e9s efica\u00e7os pel nostre equip de dermat\u00f2legs especialitzats en caiguda del cabell a la nostra cl\u00ednica a Barcelona Teknon","breadcrumb":{"@id":"https:\/\/www.lopezgil.com\/ca\/caiguda-del-cabell\/alopecia-areata\/#breadcrumb"},"inLanguage":"ca","potentialAction":[{"@type":"ReadAction","target":["https:\/\/www.lopezgil.com\/ca\/caiguda-del-cabell\/alopecia-areata\/"]}]},{"@type":"BreadcrumbList","@id":"https:\/\/www.lopezgil.com\/ca\/caiguda-del-cabell\/alopecia-areata\/#breadcrumb","itemListElement":[{"@type":"ListItem","position":1,"name":"Portada","item":"https:\/\/www.lopezgil.com\/ca\/"},{"@type":"ListItem","position":2,"name":"Caiguda del cabell","item":"https:\/\/www.lopezgil.com\/ca\/caiguda-del-cabell\/"},{"@type":"ListItem","position":3,"name":"Alop\u00e8cia areata"}]},{"@type":"WebSite","@id":"https:\/\/www.lopezgil.com\/ca\/#website","url":"https:\/\/www.lopezgil.com\/ca\/","name":"Dr. Lopez Gil","description":"Dermat\u00f3logo Barcelona","potentialAction":[{"@type":"SearchAction","target":{"@type":"EntryPoint","urlTemplate":"https:\/\/www.lopezgil.com\/ca\/?s={search_term_string}"},"query-input":"required name=search_term_string"}],"inLanguage":"ca"}]}},"_links":{"self":[{"href":"https:\/\/www.lopezgil.com\/ca\/wp-json\/wp\/v2\/pages\/1144","targetHints":{"allow":["GET"]}}],"collection":[{"href":"https:\/\/www.lopezgil.com\/ca\/wp-json\/wp\/v2\/pages"}],"about":[{"href":"https:\/\/www.lopezgil.com\/ca\/wp-json\/wp\/v2\/types\/page"}],"author":[{"embeddable":true,"href":"https:\/\/www.lopezgil.com\/ca\/wp-json\/wp\/v2\/users\/5"}],"replies":[{"embeddable":true,"href":"https:\/\/www.lopezgil.com\/ca\/wp-json\/wp\/v2\/comments?post=1144"}],"version-history":[{"count":10,"href":"https:\/\/www.lopezgil.com\/ca\/wp-json\/wp\/v2\/pages\/1144\/revisions"}],"predecessor-version":[{"id":4364,"href":"https:\/\/www.lopezgil.com\/ca\/wp-json\/wp\/v2\/pages\/1144\/revisions\/4364"}],"up":[{"embeddable":true,"href":"https:\/\/www.lopezgil.com\/ca\/wp-json\/wp\/v2\/pages\/1524"}],"wp:attachment":[{"href":"https:\/\/www.lopezgil.com\/ca\/wp-json\/wp\/v2\/media?parent=1144"}],"curies":[{"name":"wp","href":"https:\/\/api.w.org\/{rel}","templated":true}]}}